{"id":108,"date":"2014-12-26T20:50:49","date_gmt":"2014-12-26T19:50:49","guid":{"rendered":"http:\/\/telleymenuiserie.ch\/wordpress\/?page_id=108"},"modified":"2015-01-03T23:20:52","modified_gmt":"2015-01-03T22:20:52","slug":"agencement-interieur","status":"publish","type":"page","link":"https:\/\/telleymenuiserie.ch\/wordpress\/agencement-interieur\/","title":{"rendered":"Agencement"},"content":{"rendered":"<p>Cliquez sur les photos ci-dessous pour en voir d\u2019avantage.<\/p>\n<figure id=\"attachment_1129\" aria-describedby=\"caption-attachment-1129\" style=\"width: 150px\" class=\"wp-caption alignleft\"><a href=\"http:\/\/telleymenuiserie.ch\/?page_id=187\"><img loading=\"lazy\" decoding=\"async\" class=\"wp-image-1129 size-thumbnail\" src=\"http:\/\/telleymenuiserie.ch\/wordpress\/wp-content\/uploads\/2014\/12\/Agencement-int\u00e9rieure-Armoire-Dressing-sur-mesure-TELLEY-80-150x150.jpg\" alt=\"Agencement int\u00e9rieure  Armoire Dressing  sur mesure TELLEY  (80)\" width=\"150\" height=\"150\" \/><\/a><figcaption id=\"caption-attachment-1129\" class=\"wp-caption-text\">Armoires<\/figcaption><\/figure>\n<figure id=\"attachment_2555\" aria-describedby=\"caption-attachment-2555\" style=\"width: 150px\" class=\"wp-caption alignleft\"><a href=\"http:\/\/telleymenuiserie.ch\/?page_id=444\"><img loading=\"lazy\" decoding=\"async\" class=\"wp-image-2555 size-thumbnail\" src=\"http:\/\/telleymenuiserie.ch\/wordpress\/wp-content\/uploads\/2014\/12\/Agencement-int\u00e9rieure-Armoire-Electrique-ANTI-FEU-sur-mesure-TELLEY-7-150x150.jpg\" alt=\"Agencement int\u00e9rieure  Armoire Electrique ANTI FEU   sur mesure TELLEY (7)\" width=\"150\" height=\"150\" \/><\/a><figcaption id=\"caption-attachment-2555\" class=\"wp-caption-text\">Armoires \u00e9lectriques<\/figcaption><\/figure>\n<figure id=\"attachment_1663\" aria-describedby=\"caption-attachment-1663\" style=\"width: 150px\" class=\"wp-caption alignleft\"><a href=\"http:\/\/telleymenuiserie.ch\/?page_id=118\"><img loading=\"lazy\" decoding=\"async\" class=\"wp-image-1663 size-thumbnail\" src=\"http:\/\/telleymenuiserie.ch\/wordpress\/wp-content\/uploads\/2014\/12\/DRESSING-TIRROIRES-SUR-MESURE-TELLEY-7-150x150.jpg\" alt=\"DRESSING TIRROIRES SUR MESURE TELLEY  (7)\" width=\"150\" height=\"150\" \/><\/a><figcaption id=\"caption-attachment-1663\" class=\"wp-caption-text\">Dressing \/ Penderie<\/figcaption><\/figure>\n<figure id=\"attachment_1401\" aria-describedby=\"caption-attachment-1401\" style=\"width: 150px\" class=\"wp-caption alignleft\"><a href=\"http:\/\/telleymenuiserie.ch\/?page_id=454\"><img loading=\"lazy\" decoding=\"async\" class=\"wp-image-1401 size-thumbnail\" src=\"http:\/\/telleymenuiserie.ch\/wordpress\/wp-content\/uploads\/2014\/12\/Boiserie-en-ch\u00eane-massif-cir\u00e9e-et-c\u00e9rus\u00e9e-\u00e0-l\u2019ancienne-39-150x150.jpg\" alt=\"Boiserie en ch\u00eane massif, cir\u00e9e et c\u00e9rus\u00e9e \u00e0 l\u2019ancienne  (39)\" width=\"150\" height=\"150\" \/><\/a><figcaption id=\"caption-attachment-1401\" class=\"wp-caption-text\">Boiserie ch\u00eane<\/figcaption><\/figure>\n<figure id=\"attachment_1452\" aria-describedby=\"caption-attachment-1452\" style=\"width: 150px\" class=\"wp-caption alignleft\"><a href=\"http:\/\/telleymenuiserie.ch\/?page_id=450\"><img loading=\"lazy\" decoding=\"async\" class=\"wp-image-1452 size-thumbnail\" src=\"http:\/\/telleymenuiserie.ch\/wordpress\/wp-content\/uploads\/2014\/12\/Boiserie-Sapin-Salle-\u00e0-manger-TELLEY-20-150x150.jpg\" alt=\"Boiserie Sapin Salle \u00e0 manger TELLEY  (20)\" width=\"150\" height=\"150\" \/><\/a><figcaption id=\"caption-attachment-1452\" class=\"wp-caption-text\">Boiserie sapin<\/figcaption><\/figure>\n<figure id=\"attachment_1357\" aria-describedby=\"caption-attachment-1357\" style=\"width: 150px\" class=\"wp-caption alignleft\"><a href=\"http:\/\/telleymenuiserie.ch\/?page_id=122\"><img loading=\"lazy\" decoding=\"async\" class=\"wp-image-1357 size-thumbnail\" src=\"http:\/\/telleymenuiserie.ch\/wordpress\/wp-content\/uploads\/2014\/12\/BIBLIOTHEQUES-TELLEY-10-150x150.jpg\" alt=\"BIBLIOTHEQUES TELLEY  (10)\" width=\"150\" height=\"150\" \/><\/a><figcaption id=\"caption-attachment-1357\" class=\"wp-caption-text\">Biblioth\u00e8que<\/figcaption><\/figure>\n<p>&nbsp;<\/p>\n<p>&nbsp;<\/p>\n<p>&nbsp;<\/p>\n<p>&nbsp;<\/p>\n<p>&nbsp;<\/p>\n<p>&nbsp;<\/p>\n<figure id=\"attachment_1257\" aria-describedby=\"caption-attachment-1257\" style=\"width: 150px\" class=\"wp-caption alignleft\"><a href=\"http:\/\/telleymenuiserie.ch\/?page_id=134\"><img loading=\"lazy\" decoding=\"async\" class=\"wp-image-1257 size-thumbnail\" src=\"http:\/\/telleymenuiserie.ch\/wordpress\/wp-content\/uploads\/2014\/12\/Meuble-de-salle-de-bain-TELLEY-35-150x150.jpg\" alt=\"Meuble de salle de bain TELLEY  (35)\" width=\"150\" height=\"150\" \/><\/a><figcaption id=\"caption-attachment-1257\" class=\"wp-caption-text\">Meubles salle de bain<\/figcaption><\/figure>\n<figure id=\"attachment_1455\" aria-describedby=\"caption-attachment-1455\" style=\"width: 150px\" class=\"wp-caption alignleft\"><a href=\"http:\/\/telleymenuiserie.ch\/?page_id=142\"><img loading=\"lazy\" decoding=\"async\" class=\"wp-image-1455 size-thumbnail\" src=\"http:\/\/telleymenuiserie.ch\/wordpress\/wp-content\/uploads\/2014\/12\/Boutiller-Sapin-TELLEY-2-150x150.jpg\" alt=\"Boutiller Sapin  TELLEY (2)\" width=\"150\" height=\"150\" \/><\/a><figcaption id=\"caption-attachment-1455\" class=\"wp-caption-text\">Cave, bouteiller<\/figcaption><\/figure>\n<p>&nbsp;<\/p>\n<p>&nbsp;<\/p>\n<p>&nbsp;<\/p>\n<figure id=\"attachment_1645\" aria-describedby=\"caption-attachment-1645\" style=\"width: 150px\" class=\"wp-caption alignleft\"><a href=\"http:\/\/telleymenuiserie.ch\/?page_id=458\"><img loading=\"lazy\" decoding=\"async\" class=\"wp-image-1645 size-thumbnail\" src=\"http:\/\/telleymenuiserie.ch\/wordpress\/wp-content\/uploads\/2014\/12\/CUISINE-TELLEY-4-150x150.jpg\" alt=\"CUISINE TELLEY  (4)\" width=\"150\" height=\"150\" \/><\/a><figcaption id=\"caption-attachment-1645\" class=\"wp-caption-text\">Cuisines<\/figcaption><\/figure>\n<figure id=\"attachment_1331\" aria-describedby=\"caption-attachment-1331\" style=\"width: 150px\" class=\"wp-caption alignleft\"><a href=\"http:\/\/telleymenuiserie.ch\/?page_id=138\"><img loading=\"lazy\" decoding=\"async\" class=\"wp-image-1331 size-thumbnail\" src=\"http:\/\/telleymenuiserie.ch\/wordpress\/wp-content\/uploads\/2014\/12\/SAUNA-TELLEY-26-150x150.jpg\" alt=\"SAUNA TELLEY  (26)\" width=\"150\" height=\"150\" \/><\/a><figcaption id=\"caption-attachment-1331\" class=\"wp-caption-text\">Saunas<\/figcaption><\/figure>\n<figure id=\"attachment_2265\" aria-describedby=\"caption-attachment-2265\" style=\"width: 150px\" class=\"wp-caption alignleft\"><a href=\"http:\/\/telleymenuiserie.ch\/?page_id=462\"><img loading=\"lazy\" decoding=\"async\" class=\"wp-image-2265 size-thumbnail\" src=\"http:\/\/telleymenuiserie.ch\/wordpress\/wp-content\/uploads\/2014\/12\/Agencement-sur-mersure-special-Menuiserie-int.-TELLEY-42-150x150.jpg\" alt=\"Agencement sur mersure special Menuiserie int. TELLEY  (42)\" width=\"150\" height=\"150\" \/><\/a><figcaption id=\"caption-attachment-2265\" class=\"wp-caption-text\">Agencements sp\u00e9ciaux<\/figcaption><\/figure>\n<p>&nbsp;<\/p>\n<p>&nbsp;<\/p>\n<p>&nbsp;<\/p>\n<p>&nbsp;<\/p>\n<p>&nbsp;<\/p>\n<p>&nbsp;<\/p>\n<p>&nbsp;<\/p>\n<p>&nbsp;<\/p>\n<h3><\/h3>\n<h3><\/h3>\n<p>&nbsp;<\/p>\n<p>&nbsp;<\/p>\n<p>&nbsp;<\/p>\n<p>&nbsp;<\/p>\n<p>&nbsp;<\/p>\n<p>&nbsp;<\/p>\n<p>&nbsp;<\/p>\n<p>&nbsp;<\/p>\n<p>&nbsp;<\/p>\n<p>&nbsp;<\/p>\n<p>&nbsp;<\/p>\n<p>&nbsp;<\/p>\n<hr \/>\n<p>Nous nous tenons \u00e0 votre disposition pour tout renseignement compl\u00e9mentaire. <a href=\"http:\/\/telleymenuiserie.ch\/?page_id=22\" target=\"_blank\">Contactez-nous.<\/a><\/p>\n","protected":false},"excerpt":{"rendered":"<p>Cliquez sur les photos ci-dessous pour en voir d\u2019avantage. &nbsp; &nbsp; &nbsp; &nbsp; &nbsp; &nbsp; &nbsp; &nbsp; &nbsp; &nbsp; &nbsp; &nbsp; &nbsp; &nbsp; &nbsp; &nbsp;<span class=\"more-button\"><a href=\"https:\/\/telleymenuiserie.ch\/wordpress\/agencement-interieur\/\" class=\"more-link\">Continue reading<span class=\"screen-reader-text\">Agencement<\/span><\/a><\/span><\/p>\n","protected":false},"author":1,"featured_media":0,"parent":0,"menu_order":0,"comment_status":"closed","ping_status":"closed","template":"","meta":{"_monsterinsights_skip_tracking":false,"_monsterinsights_sitenote_active":false,"_monsterinsights_sitenote_note":"","_monsterinsights_sitenote_category":0,"footnotes":""},"class_list":["post-108","page","type-page","status-publish","hentry"],"_links":{"self":[{"href":"https:\/\/telleymenuiserie.ch\/wordpress\/wp-json\/wp\/v2\/pages\/108","targetHints":{"allow":["GET"]}}],"collection":[{"href":"https:\/\/telleymenuiserie.ch\/wordpress\/wp-json\/wp\/v2\/pages"}],"about":[{"href":"https:\/\/telleymenuiserie.ch\/wordpress\/wp-json\/wp\/v2\/types\/page"}],"author":[{"embeddable":true,"href":"https:\/\/telleymenuiserie.ch\/wordpress\/wp-json\/wp\/v2\/users\/1"}],"replies":[{"embeddable":true,"href":"https:\/\/telleymenuiserie.ch\/wordpress\/wp-json\/wp\/v2\/comments?post=108"}],"version-history":[{"count":13,"href":"https:\/\/telleymenuiserie.ch\/wordpress\/wp-json\/wp\/v2\/pages\/108\/revisions"}],"predecessor-version":[{"id":2613,"href":"https:\/\/telleymenuiserie.ch\/wordpress\/wp-json\/wp\/v2\/pages\/108\/revisions\/2613"}],"wp:attachment":[{"href":"https:\/\/telleymenuiserie.ch\/wordpress\/wp-json\/wp\/v2\/media?parent=108"}],"curies":[{"name":"wp","href":"https:\/\/api.w.org\/{rel}","templated":true}]}}