{"id":18,"date":"2014-12-26T14:29:23","date_gmt":"2014-12-26T12:29:23","guid":{"rendered":"http:\/\/telleymenuiserie.ch\/wordpress\/?page_id=18"},"modified":"2015-08-15T08:50:55","modified_gmt":"2015-08-15T07:50:55","slug":"entreprise","status":"publish","type":"page","link":"https:\/\/telleymenuiserie.ch\/wordpress\/entreprise\/","title":{"rendered":"Entreprise"},"content":{"rendered":"<p>Nous sommes une entreprise artisanale familiale\u00a0 cr\u00e9\u00e9e par Monsieur Beat Telley en 1982 (enregistr\u00e9e au registre du commerce en 1984).<\/p>\n<p>Avec maintenant plus de 30 ann\u00e9es d&rsquo;exp\u00e9rience, nous mettons nos comp\u00e9tences et notre savoir-faire aux services des particuliers et professionnels.<\/p>\n<p>Notre \u00e9quipe et notre atelier bas\u00e9 \u00e0 Romanel-sur-Morges enti\u00e8rement \u00e9quip\u00e9 avec des machines traditionnelles et sp\u00e9cialis\u00e9es nous permettent de r\u00e9pondre \u00e0 tous les d\u00e9fis .<\/p>\n<p>Nous sommes sp\u00e9cialis\u00e9s dans la fabrication et la pose de tout type de menuiserie sur mesure: toute sorte de porte, fen\u00eatre, portes-fen\u00eatre, fen\u00eatre coulissantes en bois, bois-m\u00e9tal et PVC, ainsi que l&rsquo;agencement int\u00e9rieur tel que armoire, dressing, boiserie, meuble de cuisine,et salle de bain, etc..<\/p>\n<p>Mais aussi tout type de charpente pour vos projets et am\u00e9nagements ext\u00e9rieurs comme vos terrasses pergolas cabane de jardin..<\/p>\n<p>Pour vos donner quelques id\u00e9es, veuillez visiter la galerie photo <span style=\"color: #ff6600;\"><a style=\"color: #ff6600;\" href=\"http:\/\/telleymenuiserie.ch\/?page_id=20http:\/\/\">de nos r\u00e9alisations<\/a><\/span>.<\/p>\n<p>Nous avons l&rsquo;habitude de travailler pratiquement toutes les essences de bois courant\u00a0: Sapin, M\u00e9l\u00e8ze, Merisier, Cerisier, Noyer, H\u00eatre, Acajou-Sipo, Weng\u00e9, Teck, mais principalement le Ch\u00eane pour ses nombreuses qualit\u00e9s.<\/p>\n<p>Nous vous offrons un travail de qualit\u00e9\/prix sans \u00e9gale dans le respect des r\u00e8gles de l&rsquo;art, des normes de s\u00e9curit\u00e9, et environnementale.<\/p>\n<p>Pour toute question, nous nous tenons \u00e0 votre disposition pour tout renseignement compl\u00e9mentaire. <span style=\"color: #ff6600;\"><a style=\"color: #ff6600;\" href=\"http:\/\/telleymenuiserie.ch\/?page_id=22\">Contactez-nous.<\/a><\/span><\/p>\n<p><span style=\"color: #ff6600;\"><a href=\"http:\/\/telleymenuiserie.ch\/wordpress\/wp-content\/uploads\/2015\/03\/Atelier-Telley-sa-5.jpg\"><img loading=\"lazy\" decoding=\"async\" class=\"alignleft size-thumbnail wp-image-2796\" src=\"http:\/\/telleymenuiserie.ch\/wordpress\/wp-content\/uploads\/2015\/03\/Atelier-Telley-sa-5-150x150.jpg\" alt=\"Atelier Telley  sa (5)\" width=\"150\" height=\"150\" \/><\/a><\/span><span style=\"color: #ff6600;\"><a href=\"http:\/\/telleymenuiserie.ch\/wordpress\/wp-content\/uploads\/2015\/03\/Atelier-Telley-sa-4.jpg\"><img loading=\"lazy\" decoding=\"async\" class=\"alignleft size-thumbnail wp-image-2795\" src=\"http:\/\/telleymenuiserie.ch\/wordpress\/wp-content\/uploads\/2015\/03\/Atelier-Telley-sa-4-150x150.jpg\" alt=\"Atelier Telley  sa (4)\" width=\"150\" height=\"150\" \/><\/a><\/span><span style=\"color: #ff6600;\"><a href=\"http:\/\/telleymenuiserie.ch\/wordpress\/wp-content\/uploads\/2015\/03\/Atelier-Telley-sa-3.jpg\"><img loading=\"lazy\" decoding=\"async\" class=\"alignleft size-thumbnail wp-image-2794\" src=\"http:\/\/telleymenuiserie.ch\/wordpress\/wp-content\/uploads\/2015\/03\/Atelier-Telley-sa-3-150x150.jpg\" alt=\"Atelier Telley  sa (3)\" width=\"150\" height=\"150\" \/><\/a><\/span><a href=\"http:\/\/telleymenuiserie.ch\/wordpress\/wp-content\/uploads\/2015\/03\/20150318_170029_Burst03.jpg\"><img loading=\"lazy\" decoding=\"async\" class=\"alignleft size-thumbnail wp-image-2811\" src=\"http:\/\/telleymenuiserie.ch\/wordpress\/wp-content\/uploads\/2015\/03\/20150318_170029_Burst03-150x150.jpg\" alt=\"20150318_170029_Burst03\" width=\"150\" height=\"150\" \/><\/a><a href=\"http:\/\/telleymenuiserie.ch\/wordpress\/wp-content\/uploads\/2015\/03\/20150313_222354.jpg\"><img loading=\"lazy\" decoding=\"async\" class=\"alignleft size-thumbnail wp-image-2810\" src=\"http:\/\/telleymenuiserie.ch\/wordpress\/wp-content\/uploads\/2015\/03\/20150313_222354-150x150.jpg\" alt=\"20150313_222354\" width=\"150\" height=\"150\" \/><\/a><span style=\"color: #ff6600;\"><a href=\"http:\/\/telleymenuiserie.ch\/wordpress\/wp-content\/uploads\/2015\/03\/Atelier-Telley-15.jpg\"><img loading=\"lazy\" decoding=\"async\" class=\"alignleft size-thumbnail wp-image-2778\" src=\"http:\/\/telleymenuiserie.ch\/wordpress\/wp-content\/uploads\/2015\/03\/Atelier-Telley-15-150x150.jpg\" alt=\"Atelier Telley   (1)\" width=\"150\" height=\"150\" \/><\/a><\/span><a href=\"http:\/\/telleymenuiserie.ch\/wordpress\/wp-content\/uploads\/2015\/03\/20150318_170114.jpg\"><img loading=\"lazy\" decoding=\"async\" class=\"alignleft size-thumbnail wp-image-2812\" src=\"http:\/\/telleymenuiserie.ch\/wordpress\/wp-content\/uploads\/2015\/03\/20150318_170114-150x150.jpg\" alt=\"20150318_170114\" width=\"150\" height=\"150\" \/><\/a><span style=\"color: #ff6600;\"><a href=\"http:\/\/telleymenuiserie.ch\/wordpress\/wp-content\/uploads\/2015\/03\/Atelier-Telley-sa-6.jpg\"><img loading=\"lazy\" decoding=\"async\" class=\"alignleft size-thumbnail wp-image-2797\" src=\"http:\/\/telleymenuiserie.ch\/wordpress\/wp-content\/uploads\/2015\/03\/Atelier-Telley-sa-6-150x150.jpg\" alt=\"Camera\" width=\"150\" height=\"150\" \/><\/a><\/span><span style=\"color: #ff6600;\"><a href=\"http:\/\/telleymenuiserie.ch\/wordpress\/wp-content\/uploads\/2015\/03\/Atelier-Telley-81.jpg\"><img loading=\"lazy\" decoding=\"async\" class=\"alignleft size-thumbnail wp-image-2785\" src=\"http:\/\/telleymenuiserie.ch\/wordpress\/wp-content\/uploads\/2015\/03\/Atelier-Telley-81-150x150.jpg\" alt=\"Atelier Telley   (8)\" width=\"150\" height=\"150\" \/><\/a><\/span><span style=\"color: #ff6600;\"><a href=\"http:\/\/telleymenuiserie.ch\/wordpress\/wp-content\/uploads\/2015\/03\/Atelier-Telley-sa-2.jpg\"><img loading=\"lazy\" decoding=\"async\" class=\"alignleft size-thumbnail wp-image-2793\" src=\"http:\/\/telleymenuiserie.ch\/wordpress\/wp-content\/uploads\/2015\/03\/Atelier-Telley-sa-2-150x150.jpg\" alt=\"Atelier Telley  sa (2)\" width=\"150\" height=\"150\" \/><\/a><\/span><span style=\"color: #ff6600;\"><a href=\"http:\/\/telleymenuiserie.ch\/wordpress\/wp-content\/uploads\/2015\/03\/Atelier-Telley-151.jpg\"><img loading=\"lazy\" decoding=\"async\" class=\"alignleft size-thumbnail wp-image-2791\" src=\"http:\/\/telleymenuiserie.ch\/wordpress\/wp-content\/uploads\/2015\/03\/Atelier-Telley-151-150x150.jpg\" alt=\"Atelier Telley   (15)\" width=\"150\" height=\"150\" \/><\/a><\/span><span style=\"color: #ff6600;\"><a href=\"http:\/\/telleymenuiserie.ch\/wordpress\/wp-content\/uploads\/2015\/03\/Atelier-Telley-71.jpg\"><img loading=\"lazy\" decoding=\"async\" class=\"alignleft size-thumbnail wp-image-2784\" src=\"http:\/\/telleymenuiserie.ch\/wordpress\/wp-content\/uploads\/2015\/03\/Atelier-Telley-71-150x150.jpg\" alt=\"Atelier Telley   (7)\" width=\"150\" height=\"150\" \/><\/a><\/span><span style=\"color: #ff6600;\"><a href=\"http:\/\/telleymenuiserie.ch\/wordpress\/wp-content\/uploads\/2015\/03\/Atelier-Telley-sa-8.jpg\"><img loading=\"lazy\" decoding=\"async\" class=\"alignleft size-thumbnail wp-image-2799\" src=\"http:\/\/telleymenuiserie.ch\/wordpress\/wp-content\/uploads\/2015\/03\/Atelier-Telley-sa-8-150x150.jpg\" alt=\"Atelier Telley  sa (8)\" width=\"150\" height=\"150\" \/><\/a><\/span><span style=\"color: #ff6600;\"><a href=\"http:\/\/telleymenuiserie.ch\/wordpress\/wp-content\/uploads\/2015\/03\/Atelier-Telley-121.jpg\"><img loading=\"lazy\" decoding=\"async\" class=\"alignleft size-thumbnail wp-image-2789\" src=\"http:\/\/telleymenuiserie.ch\/wordpress\/wp-content\/uploads\/2015\/03\/Atelier-Telley-121-150x150.jpg\" alt=\"Atelier Telley   (12)\" width=\"150\" height=\"150\" \/><\/a><\/span><a href=\"http:\/\/telleymenuiserie.ch\/wordpress\/wp-content\/uploads\/2015\/03\/20150318_170518.jpg\"><img loading=\"lazy\" decoding=\"async\" class=\"alignleft size-thumbnail wp-image-2813\" src=\"http:\/\/telleymenuiserie.ch\/wordpress\/wp-content\/uploads\/2015\/03\/20150318_170518-150x150.jpg\" alt=\"20150318_170518\" width=\"150\" height=\"150\" \/><\/a><span style=\"color: #ff6600;\"><a href=\"http:\/\/telleymenuiserie.ch\/wordpress\/wp-content\/uploads\/2015\/03\/Atelier-Telley-61.jpg\"><img loading=\"lazy\" decoding=\"async\" class=\"alignleft size-thumbnail wp-image-2783\" src=\"http:\/\/telleymenuiserie.ch\/wordpress\/wp-content\/uploads\/2015\/03\/Atelier-Telley-61-150x150.jpg\" alt=\"Atelier Telley   (6)\" width=\"150\" height=\"150\" \/><\/a><\/span><a href=\"http:\/\/telleymenuiserie.ch\/wordpress\/wp-content\/uploads\/2014\/12\/Atelier-Telley-41.jpg\"><img loading=\"lazy\" decoding=\"async\" class=\"alignleft size-thumbnail wp-image-2802\" src=\"http:\/\/telleymenuiserie.ch\/wordpress\/wp-content\/uploads\/2014\/12\/Atelier-Telley-41-150x150.jpg\" alt=\"Atelier Telley   (4)\" width=\"150\" height=\"150\" \/><\/a><span style=\"color: #ff6600;\"><a href=\"http:\/\/telleymenuiserie.ch\/wordpress\/wp-content\/uploads\/2015\/03\/Atelier-Telley-21.jpg\"><img loading=\"lazy\" decoding=\"async\" class=\"alignleft size-thumbnail wp-image-2779\" src=\"http:\/\/telleymenuiserie.ch\/wordpress\/wp-content\/uploads\/2015\/03\/Atelier-Telley-21-150x150.jpg\" alt=\"Atelier Telley   (2)\" width=\"150\" height=\"150\" \/><\/a><\/span><span style=\"color: #ff6600;\"><a href=\"http:\/\/telleymenuiserie.ch\/wordpress\/wp-content\/uploads\/2015\/03\/Atelier-Telley-131.jpg\"><img loading=\"lazy\" decoding=\"async\" class=\"alignleft size-thumbnail wp-image-2790\" src=\"http:\/\/telleymenuiserie.ch\/wordpress\/wp-content\/uploads\/2015\/03\/Atelier-Telley-131-150x150.jpg\" alt=\"Atelier Telley   (13)\" width=\"150\" height=\"150\" \/><\/a><\/span><span style=\"color: #ff6600;\"><a href=\"http:\/\/telleymenuiserie.ch\/wordpress\/wp-content\/uploads\/2015\/03\/Atelier-Telley-91.jpg\"><img loading=\"lazy\" decoding=\"async\" class=\"alignleft size-thumbnail wp-image-2786\" src=\"http:\/\/telleymenuiserie.ch\/wordpress\/wp-content\/uploads\/2015\/03\/Atelier-Telley-91-150x150.jpg\" alt=\"Atelier Telley   (9)\" width=\"150\" height=\"150\" \/><\/a><\/span><span style=\"color: #ff6600;\"><a href=\"http:\/\/telleymenuiserie.ch\/wordpress\/wp-content\/uploads\/2015\/03\/Atelier-Telley-31.jpg\"><img loading=\"lazy\" decoding=\"async\" class=\"alignleft size-thumbnail wp-image-2780\" src=\"http:\/\/telleymenuiserie.ch\/wordpress\/wp-content\/uploads\/2015\/03\/Atelier-Telley-31-150x150.jpg\" alt=\"Atelier Telley   (3)\" width=\"150\" height=\"150\" \/><\/a><\/span><span style=\"color: #ff6600;\"><a href=\"http:\/\/telleymenuiserie.ch\/wordpress\/wp-content\/uploads\/2015\/03\/Atelier-Telley-101.jpg\"><img loading=\"lazy\" decoding=\"async\" class=\"alignleft size-thumbnail wp-image-2787\" src=\"http:\/\/telleymenuiserie.ch\/wordpress\/wp-content\/uploads\/2015\/03\/Atelier-Telley-101-150x150.jpg\" alt=\"Atelier Telley   (10)\" width=\"150\" height=\"150\" \/><\/a><\/span><span style=\"color: #ff6600;\"><a href=\"http:\/\/telleymenuiserie.ch\/wordpress\/wp-content\/uploads\/2015\/03\/Atelier-Telley-111.jpg\"><img loading=\"lazy\" decoding=\"async\" class=\"alignleft size-thumbnail wp-image-2788\" src=\"http:\/\/telleymenuiserie.ch\/wordpress\/wp-content\/uploads\/2015\/03\/Atelier-Telley-111-150x150.jpg\" alt=\"Atelier Telley   (11)\" width=\"150\" height=\"150\" \/><\/a><\/span><span style=\"color: #ff6600;\"><a href=\"http:\/\/telleymenuiserie.ch\/wordpress\/wp-content\/uploads\/2015\/03\/Atelier-Telley-sa-7.jpg\"><img loading=\"lazy\" decoding=\"async\" class=\"alignleft size-thumbnail wp-image-2798\" src=\"http:\/\/telleymenuiserie.ch\/wordpress\/wp-content\/uploads\/2015\/03\/Atelier-Telley-sa-7-150x150.jpg\" alt=\"Atelier Telley  sa (7)\" width=\"150\" height=\"150\" \/><\/a><\/span><\/p>\n<p>&nbsp;<\/p>\n<p><span style=\"color: #ff6600;\"><a href=\"http:\/\/telleymenuiserie.ch\/wordpress\/wp-content\/uploads\/2015\/03\/Atelier-Telley-sa-1.jpg\"><img loading=\"lazy\" decoding=\"async\" class=\"alignleft size-thumbnail wp-image-2792\" src=\"http:\/\/telleymenuiserie.ch\/wordpress\/wp-content\/uploads\/2015\/03\/Atelier-Telley-sa-1-150x147.jpg\" alt=\"Atelier Telley  sa (1)\" width=\"150\" height=\"147\" \/><\/a><\/span><\/p>\n","protected":false},"excerpt":{"rendered":"<p>Nous sommes une entreprise artisanale familiale\u00a0 cr\u00e9\u00e9e par Monsieur Beat Telley en 1982 (enregistr\u00e9e au registre du commerce en 1984). Avec maintenant plus de 30<span class=\"more-button\"><a href=\"https:\/\/telleymenuiserie.ch\/wordpress\/entreprise\/\" class=\"more-link\">Continue reading<span class=\"screen-reader-text\">Entreprise<\/span><\/a><\/span><\/p>\n","protected":false},"author":1,"featured_media":0,"parent":0,"menu_order":0,"comment_status":"closed","ping_status":"closed","template":"","meta":{"_monsterinsights_skip_tracking":false,"_monsterinsights_sitenote_active":false,"_monsterinsights_sitenote_note":"","_monsterinsights_sitenote_category":0,"footnotes":""},"class_list":["post-18","page","type-page","status-publish","hentry"],"_links":{"self":[{"href":"https:\/\/telleymenuiserie.ch\/wordpress\/wp-json\/wp\/v2\/pages\/18","targetHints":{"allow":["GET"]}}],"collection":[{"href":"https:\/\/telleymenuiserie.ch\/wordpress\/wp-json\/wp\/v2\/pages"}],"about":[{"href":"https:\/\/telleymenuiserie.ch\/wordpress\/wp-json\/wp\/v2\/types\/page"}],"author":[{"embeddable":true,"href":"https:\/\/telleymenuiserie.ch\/wordpress\/wp-json\/wp\/v2\/users\/1"}],"replies":[{"embeddable":true,"href":"https:\/\/telleymenuiserie.ch\/wordpress\/wp-json\/wp\/v2\/comments?post=18"}],"version-history":[{"count":25,"href":"https:\/\/telleymenuiserie.ch\/wordpress\/wp-json\/wp\/v2\/pages\/18\/revisions"}],"predecessor-version":[{"id":2859,"href":"https:\/\/telleymenuiserie.ch\/wordpress\/wp-json\/wp\/v2\/pages\/18\/revisions\/2859"}],"wp:attachment":[{"href":"https:\/\/telleymenuiserie.ch\/wordpress\/wp-json\/wp\/v2\/media?parent=18"}],"curies":[{"name":"wp","href":"https:\/\/api.w.org\/{rel}","templated":true}]}}