{"id":20,"date":"2014-12-26T14:30:26","date_gmt":"2014-12-26T12:30:26","guid":{"rendered":"http:\/\/telleymenuiserie.ch\/wordpress\/?page_id=20"},"modified":"2014-12-30T23:42:44","modified_gmt":"2014-12-30T22:42:44","slug":"produits","status":"publish","type":"page","link":"https:\/\/telleymenuiserie.ch\/wordpress\/produits\/","title":{"rendered":"Nos r\u00e9alisations"},"content":{"rendered":"<p>Cliquez sur les photos ci-dessous pour en voir d&rsquo;avantage.<\/p>\n<p>&nbsp;<\/p>\n<h3><a class=\"sf-with-ul\" href=\"http:\/\/telleymenuiserie.ch\/?page_id=67\">Portes<\/a><\/h3>\n<figure id=\"attachment_625\" aria-describedby=\"caption-attachment-625\" style=\"width: 150px\" class=\"wp-caption alignleft\"><a href=\"http:\/\/telleymenuiserie.ch\/?page_id=193\"><img loading=\"lazy\" decoding=\"async\" class=\"wp-image-625 size-thumbnail\" src=\"http:\/\/telleymenuiserie.ch\/wordpress\/wp-content\/uploads\/2014\/12\/PORTE-ENTREE-EN-CHENE-SUR-MESURE-TELLEY-82-150x150.jpg\" alt=\"PORTE ENTREE EN CHENE SUR MESURE TELLEY  (82)\" width=\"150\" height=\"150\" \/><\/a><figcaption id=\"caption-attachment-625\" class=\"wp-caption-text\">Portes d&rsquo;entr\u00e9e<\/figcaption><\/figure>\n<figure id=\"attachment_1041\" aria-describedby=\"caption-attachment-1041\" style=\"width: 150px\" class=\"wp-caption alignleft\"><a href=\"http:\/\/telleymenuiserie.ch\/?page_id=286\"><img loading=\"lazy\" decoding=\"async\" class=\"wp-image-1041 size-thumbnail\" src=\"http:\/\/telleymenuiserie.ch\/wordpress\/wp-content\/uploads\/2014\/12\/PORTE-PALLIERE-EI30-COUPE-FEU-SUR-MESURE-TELLEY-37-150x150.jpg\" alt=\"PORTE PALLIERE EI30 COUPE FEU SUR MESURE TELLEY  (37)\" width=\"150\" height=\"150\" \/><\/a><figcaption id=\"caption-attachment-1041\" class=\"wp-caption-text\">Portes pali\u00e8re (Ei:30)<\/figcaption><\/figure>\n<figure id=\"attachment_915\" aria-describedby=\"caption-attachment-915\" style=\"width: 150px\" class=\"wp-caption alignleft\"><a href=\"http:\/\/telleymenuiserie.ch\/?page_id=398\"><img loading=\"lazy\" decoding=\"async\" class=\"wp-image-915 size-thumbnail\" src=\"http:\/\/telleymenuiserie.ch\/wordpress\/wp-content\/uploads\/2014\/12\/Porte-int\u00e9rieure-de-communication-MDF-MASSIF-CHENE-SAPIN-sur-mesure-Moulur\u00e9e-Vit\u00e9e-plaqu\u00e9e-TELLEY-188-150x150.jpg\" alt=\"Porte-int\u00e9rieure-de-communication-MDF-MASSIF-CHENE-SAPIN-sur-mesure-Moulur\u00e9e-Vit\u00e9e-plaqu\u00e9e-TELLEY-188\" width=\"150\" height=\"150\" \/><\/a><figcaption id=\"caption-attachment-915\" class=\"wp-caption-text\">Portes int\u00e9rieur<\/figcaption><\/figure>\n<figure id=\"attachment_992\" aria-describedby=\"caption-attachment-992\" style=\"width: 150px\" class=\"wp-caption alignleft\"><a href=\"http:\/\/telleymenuiserie.ch\/?page_id=402\"><img loading=\"lazy\" decoding=\"async\" class=\"wp-image-992 size-thumbnail\" src=\"http:\/\/telleymenuiserie.ch\/wordpress\/wp-content\/uploads\/2014\/12\/Porte-coulissante-Vitre-MDR-MASSIF-CHENE-sur-mesure-TELLEY-18-150x150.jpg\" alt=\"Porte coulissante Vitre MDR MASSIF CHENE sur mesure TELLEY  (18)\" width=\"150\" height=\"150\" \/><\/a><figcaption id=\"caption-attachment-992\" class=\"wp-caption-text\">Portes coulissantes<\/figcaption><\/figure>\n<figure id=\"attachment_658\" aria-describedby=\"caption-attachment-658\" style=\"width: 150px\" class=\"wp-caption alignleft\"><a href=\"http:\/\/telleymenuiserie.ch\/?page_id=406\"><img loading=\"lazy\" decoding=\"async\" class=\"wp-image-658 size-thumbnail\" src=\"http:\/\/telleymenuiserie.ch\/wordpress\/wp-content\/uploads\/2014\/12\/PORTE-FENETRE-EN-CHENE-SUR-MESURE-TELLEY-32-150x150.jpg\" alt=\"PORTE-FENETRE-EN-CHENE-SUR-MESURE-TELLEY-32\" width=\"150\" height=\"150\" \/><\/a><figcaption id=\"caption-attachment-658\" class=\"wp-caption-text\">Portes-fen\u00eatres<\/figcaption><\/figure>\n<figure id=\"attachment_662\" aria-describedby=\"caption-attachment-662\" style=\"width: 150px\" class=\"wp-caption alignleft\"><a href=\"http:\/\/telleymenuiserie.ch\/?page_id=410\"><img loading=\"lazy\" decoding=\"async\" class=\"wp-image-662 size-thumbnail\" src=\"http:\/\/telleymenuiserie.ch\/wordpress\/wp-content\/uploads\/2014\/12\/Porte-Fen\u00eatre-coulissante-en-ch\u00eane-sur-mesure-TELLEY-1-150x150.jpg\" alt=\"Porte Fen\u00eatre coulissante en ch\u00eane sur mesure TELLEY  (1)\" width=\"150\" height=\"150\" \/><\/a><figcaption id=\"caption-attachment-662\" class=\"wp-caption-text\">Portes-fen\u00eatres coulissantes<\/figcaption><\/figure>\n<figure id=\"attachment_520\" aria-describedby=\"caption-attachment-520\" style=\"width: 150px\" class=\"wp-caption alignleft\"><a href=\"http:\/\/telleymenuiserie.ch\/?page_id=414\"><img loading=\"lazy\" decoding=\"async\" class=\"wp-image-520 size-thumbnail\" src=\"http:\/\/telleymenuiserie.ch\/wordpress\/wp-content\/uploads\/2014\/12\/Porte-COUPE-FEU-EI30-Sur-Mesure-TELLEY-24-150x150.jpg\" alt=\"Porte-COUPE-FEU-EI30-Sur-Mesure-TELLEY-23.jpg\" width=\"150\" height=\"150\" \/><\/a><figcaption id=\"caption-attachment-520\" class=\"wp-caption-text\">Portes coupe feu Ei:30<\/figcaption><\/figure>\n<figure id=\"attachment_725\" aria-describedby=\"caption-attachment-725\" style=\"width: 150px\" class=\"wp-caption alignleft\"><a href=\"http:\/\/telleymenuiserie.ch\/?page_id=418\"><img loading=\"lazy\" decoding=\"async\" class=\"wp-image-725 size-thumbnail\" src=\"http:\/\/telleymenuiserie.ch\/wordpress\/wp-content\/uploads\/2014\/12\/Porte-Vitr\u00e9e-Croissillons-CHENE-MASSIF-sur-mesure-TELLEY-54-150x150.jpg\" alt=\"Porte Vitr\u00e9e Croissillons CHENE MASSIF sur mesure   TELLEY  (54)\" width=\"150\" height=\"150\" \/><\/a><figcaption id=\"caption-attachment-725\" class=\"wp-caption-text\">Portes vitr\u00e9es \/ en verre<\/figcaption><\/figure>\n<figure id=\"attachment_682\" aria-describedby=\"caption-attachment-682\" style=\"width: 150px\" class=\"wp-caption alignleft\"><a href=\"http:\/\/telleymenuiserie.ch\/?page_id=423\"><img loading=\"lazy\" decoding=\"async\" class=\"wp-image-682 size-thumbnail\" src=\"http:\/\/telleymenuiserie.ch\/wordpress\/wp-content\/uploads\/2014\/12\/Porte-Vitr\u00e9e-Croissillons-CHENE-MASSIF-sur-mesure-TELLEY-11-150x150.jpg\" alt=\"Porte Vitr\u00e9e Croissillons CHENE MASSIF sur mesure   TELLEY  (11)\" width=\"150\" height=\"150\" \/><\/a><figcaption id=\"caption-attachment-682\" class=\"wp-caption-text\">Portes vout\u00e9es<\/figcaption><\/figure>\n<p>&nbsp;<\/p>\n<p>&nbsp;<\/p>\n<p>&nbsp;<\/p>\n<p>&nbsp;<\/p>\n<p>&nbsp;<\/p>\n<p>&nbsp;<\/p>\n<p>&nbsp;<\/p>\n<p>&nbsp;<\/p>\n<p>&nbsp;<\/p>\n<p>&nbsp;<\/p>\n<p>&nbsp;<\/p>\n<p>&nbsp;<\/p>\n<p>&nbsp;<\/p>\n<p>&nbsp;<\/p>\n<p>&nbsp;<\/p>\n<p>&nbsp;<\/p>\n<p>&nbsp;<\/p>\n<p>&nbsp;<\/p>\n<p>&nbsp;<\/p>\n<p>&nbsp;<\/p>\n<p>&nbsp;<\/p>\n<p>&nbsp;<\/p>\n<hr \/>\n<p>&nbsp;<\/p>\n<h3><a class=\"sf-with-ul\" href=\"http:\/\/telleymenuiserie.ch\/?page_id=70\">Fen\u00eatres <\/a><a class=\"sf-with-ul\" href=\"http:\/\/telleymenuiserie.ch\/?page_id=70\">\u2013 Vitrages \u2013 Miroirs<\/a><\/h3>\n<figure id=\"attachment_1892\" aria-describedby=\"caption-attachment-1892\" style=\"width: 150px\" class=\"wp-caption alignleft\"><a href=\"http:\/\/telleymenuiserie.ch\/?page_id=291\"><img loading=\"lazy\" decoding=\"async\" class=\"wp-image-1892 size-thumbnail\" src=\"http:\/\/telleymenuiserie.ch\/wordpress\/wp-content\/uploads\/2014\/12\/FENETRE-BOIS-BOIS-METAL-CHENE-MASSIF-SUR-MESURE-TELLEY-129-150x150.jpg\" alt=\"FENETRE  BOIS BOIS METAL CHENE  MASSIF SUR MESURE  TELLEY    (129)\" width=\"150\" height=\"150\" \/><\/a><figcaption id=\"caption-attachment-1892\" class=\"wp-caption-text\">Fen\u00eatres<\/figcaption><\/figure>\n<figure id=\"attachment_2028\" aria-describedby=\"caption-attachment-2028\" style=\"width: 150px\" class=\"wp-caption alignleft\"><a href=\"http:\/\/telleymenuiserie.ch\/?page_id=427\"><img loading=\"lazy\" decoding=\"async\" class=\"wp-image-2028 size-thumbnail\" src=\"http:\/\/telleymenuiserie.ch\/wordpress\/wp-content\/uploads\/2014\/12\/Fen\u00eatre-de-toit-Velux-sur-mesure-TELLEY-1-150x150.jpg\" alt=\"Fen\u00eatre de toit Velux  sur mesure TELLEY  (1)\" width=\"150\" height=\"150\" \/><\/a><figcaption id=\"caption-attachment-2028\" class=\"wp-caption-text\">Fen\u00eatres de toit<\/figcaption><\/figure>\n<figure id=\"attachment_2069\" aria-describedby=\"caption-attachment-2069\" style=\"width: 150px\" class=\"wp-caption alignleft\"><a href=\"http:\/\/telleymenuiserie.ch\/?page_id=431\"><img loading=\"lazy\" decoding=\"async\" class=\"wp-image-2069 size-thumbnail\" src=\"http:\/\/telleymenuiserie.ch\/wordpress\/wp-content\/uploads\/2014\/12\/GRAND-VITRAGE-BAIE-VITREE-BOIS-CHENE-MASSIF-sur-mesure-TELLEY-16-150x150.jpg\" alt=\"GRAND-VITRAGE-BAIE-VITREE-BOIS-CHENE-MASSIF-sur-mesure-TELLEY-16.jpg\" width=\"150\" height=\"150\" \/><\/a><figcaption id=\"caption-attachment-2069\" class=\"wp-caption-text\">Vitrage \/ Baie vitr\u00e9e<\/figcaption><\/figure>\n<figure id=\"attachment_2047\" aria-describedby=\"caption-attachment-2047\" style=\"width: 150px\" class=\"wp-caption alignleft\"><a href=\"http:\/\/telleymenuiserie.ch\/?page_id=437\"><img loading=\"lazy\" decoding=\"async\" class=\"wp-image-2047 size-thumbnail\" src=\"http:\/\/telleymenuiserie.ch\/wordpress\/wp-content\/uploads\/2014\/12\/Verre-Miroir-parrois-douche-sur-mesure-TELLEY-12-150x150.jpg\" alt=\"Verre-Miroir-parrois-douche-sur-mesure-TELLEY-12.jpg\" width=\"150\" height=\"150\" \/><\/a><figcaption id=\"caption-attachment-2047\" class=\"wp-caption-text\">Verres \/ Miroirs<\/figcaption><\/figure>\n<p>&nbsp;<\/p>\n<p>&nbsp;<\/p>\n<p>&nbsp;<\/p>\n<p>&nbsp;<\/p>\n<p>&nbsp;<\/p>\n<p>&nbsp;<\/p>\n<p>&nbsp;<\/p>\n<p>&nbsp;<\/p>\n<p>&nbsp;<\/p>\n<p>&nbsp;<\/p>\n<p>&nbsp;<\/p>\n<p>&nbsp;<\/p>\n<p>&nbsp;<\/p>\n<p>&nbsp;<\/p>\n<hr \/>\n<p>&nbsp;<\/p>\n<h3><a class=\"sf-with-ul\" href=\"http:\/\/telleymenuiserie.ch\/?page_id=108\">Agenceme<\/a><a class=\"sf-with-ul\" href=\"http:\/\/telleymenuiserie.ch\/?page_id=108\">nt<\/a><\/h3>\n<figure id=\"attachment_1129\" aria-describedby=\"caption-attachment-1129\" style=\"width: 150px\" class=\"wp-caption alignleft\"><a href=\"http:\/\/telleymenuiserie.ch\/?page_id=187\"><img loading=\"lazy\" decoding=\"async\" class=\"wp-image-1129 size-thumbnail\" src=\"http:\/\/telleymenuiserie.ch\/wordpress\/wp-content\/uploads\/2014\/12\/Agencement-int\u00e9rieure-Armoire-Dressing-sur-mesure-TELLEY-80-150x150.jpg\" alt=\"Agencement int\u00e9rieure  Armoire Dressing  sur mesure TELLEY  (80)\" width=\"150\" height=\"150\" \/><\/a><figcaption id=\"caption-attachment-1129\" class=\"wp-caption-text\">Armoires<\/figcaption><\/figure>\n<figure id=\"attachment_2555\" aria-describedby=\"caption-attachment-2555\" style=\"width: 150px\" class=\"wp-caption alignleft\"><a href=\"http:\/\/telleymenuiserie.ch\/?page_id=444\"><img loading=\"lazy\" decoding=\"async\" class=\"wp-image-2555 size-thumbnail\" src=\"http:\/\/telleymenuiserie.ch\/wordpress\/wp-content\/uploads\/2014\/12\/Agencement-int\u00e9rieure-Armoire-Electrique-ANTI-FEU-sur-mesure-TELLEY-7-150x150.jpg\" alt=\"Agencement int\u00e9rieure  Armoire Electrique ANTI FEU   sur mesure TELLEY (7)\" width=\"150\" height=\"150\" \/><\/a><figcaption id=\"caption-attachment-2555\" class=\"wp-caption-text\">Armoires \u00e9lectriques<\/figcaption><\/figure>\n<figure id=\"attachment_1663\" aria-describedby=\"caption-attachment-1663\" style=\"width: 150px\" class=\"wp-caption alignleft\"><a href=\"http:\/\/telleymenuiserie.ch\/?page_id=118\"><img loading=\"lazy\" decoding=\"async\" class=\"wp-image-1663 size-thumbnail\" src=\"http:\/\/telleymenuiserie.ch\/wordpress\/wp-content\/uploads\/2014\/12\/DRESSING-TIRROIRES-SUR-MESURE-TELLEY-7-150x150.jpg\" alt=\"DRESSING TIRROIRES SUR MESURE TELLEY  (7)\" width=\"150\" height=\"150\" \/><\/a><figcaption id=\"caption-attachment-1663\" class=\"wp-caption-text\">Dressing \/ Penderie<\/figcaption><\/figure>\n<figure id=\"attachment_1401\" aria-describedby=\"caption-attachment-1401\" style=\"width: 150px\" class=\"wp-caption alignleft\"><a href=\"http:\/\/telleymenuiserie.ch\/?page_id=454\"><img loading=\"lazy\" decoding=\"async\" class=\"wp-image-1401 size-thumbnail\" src=\"http:\/\/telleymenuiserie.ch\/wordpress\/wp-content\/uploads\/2014\/12\/Boiserie-en-ch\u00eane-massif-cir\u00e9e-et-c\u00e9rus\u00e9e-\u00e0-l\u2019ancienne-39-150x150.jpg\" alt=\"Boiserie en ch\u00eane massif, cir\u00e9e et c\u00e9rus\u00e9e \u00e0 l\u2019ancienne  (39)\" width=\"150\" height=\"150\" \/><\/a><figcaption id=\"caption-attachment-1401\" class=\"wp-caption-text\">Boiserie ch\u00eane<\/figcaption><\/figure>\n<figure id=\"attachment_1452\" aria-describedby=\"caption-attachment-1452\" style=\"width: 150px\" class=\"wp-caption alignleft\"><a href=\"http:\/\/telleymenuiserie.ch\/?page_id=450\"><img loading=\"lazy\" decoding=\"async\" class=\"wp-image-1452 size-thumbnail\" src=\"http:\/\/telleymenuiserie.ch\/wordpress\/wp-content\/uploads\/2014\/12\/Boiserie-Sapin-Salle-\u00e0-manger-TELLEY-20-150x150.jpg\" alt=\"Boiserie Sapin Salle \u00e0 manger TELLEY  (20)\" width=\"150\" height=\"150\" \/><\/a><figcaption id=\"caption-attachment-1452\" class=\"wp-caption-text\">Boiserie sapin<\/figcaption><\/figure>\n<figure id=\"attachment_1357\" aria-describedby=\"caption-attachment-1357\" style=\"width: 150px\" class=\"wp-caption alignleft\"><a href=\"http:\/\/telleymenuiserie.ch\/?page_id=122\"><img loading=\"lazy\" decoding=\"async\" class=\"wp-image-1357 size-thumbnail\" src=\"http:\/\/telleymenuiserie.ch\/wordpress\/wp-content\/uploads\/2014\/12\/BIBLIOTHEQUES-TELLEY-10-150x150.jpg\" alt=\"BIBLIOTHEQUES TELLEY  (10)\" width=\"150\" height=\"150\" \/><\/a><figcaption id=\"caption-attachment-1357\" class=\"wp-caption-text\">Biblioth\u00e8que<\/figcaption><\/figure>\n<p>&nbsp;<\/p>\n<p>&nbsp;<\/p>\n<p>&nbsp;<\/p>\n<p>&nbsp;<\/p>\n<p>&nbsp;<\/p>\n<figure id=\"attachment_1257\" aria-describedby=\"caption-attachment-1257\" style=\"width: 150px\" class=\"wp-caption alignleft\"><a href=\"http:\/\/telleymenuiserie.ch\/?page_id=134\"><img loading=\"lazy\" decoding=\"async\" class=\"wp-image-1257 size-thumbnail\" src=\"http:\/\/telleymenuiserie.ch\/wordpress\/wp-content\/uploads\/2014\/12\/Meuble-de-salle-de-bain-TELLEY-35-150x150.jpg\" alt=\"Meuble de salle de bain TELLEY  (35)\" width=\"150\" height=\"150\" \/><\/a><figcaption id=\"caption-attachment-1257\" class=\"wp-caption-text\">Meubles salle de bain<\/figcaption><\/figure>\n<figure id=\"attachment_1455\" aria-describedby=\"caption-attachment-1455\" style=\"width: 150px\" class=\"wp-caption alignleft\"><a href=\"http:\/\/telleymenuiserie.ch\/?page_id=142\"><img loading=\"lazy\" decoding=\"async\" class=\"wp-image-1455 size-thumbnail\" src=\"http:\/\/telleymenuiserie.ch\/wordpress\/wp-content\/uploads\/2014\/12\/Boutiller-Sapin-TELLEY-2-150x150.jpg\" alt=\"Boutiller Sapin  TELLEY (2)\" width=\"150\" height=\"150\" \/><\/a><figcaption id=\"caption-attachment-1455\" class=\"wp-caption-text\">Cave, bouteiller<\/figcaption><\/figure>\n<p>&nbsp;<\/p>\n<p>&nbsp;<\/p>\n<p>&nbsp;<\/p>\n<figure id=\"attachment_1645\" aria-describedby=\"caption-attachment-1645\" style=\"width: 150px\" class=\"wp-caption alignleft\"><a href=\"http:\/\/telleymenuiserie.ch\/?page_id=458\"><img loading=\"lazy\" decoding=\"async\" class=\"wp-image-1645 size-thumbnail\" src=\"http:\/\/telleymenuiserie.ch\/wordpress\/wp-content\/uploads\/2014\/12\/CUISINE-TELLEY-4-150x150.jpg\" alt=\"CUISINE TELLEY  (4)\" width=\"150\" height=\"150\" \/><\/a><figcaption id=\"caption-attachment-1645\" class=\"wp-caption-text\">Cuisines<\/figcaption><\/figure>\n<figure id=\"attachment_1331\" aria-describedby=\"caption-attachment-1331\" style=\"width: 150px\" class=\"wp-caption alignleft\"><a href=\"http:\/\/telleymenuiserie.ch\/?page_id=138\"><img loading=\"lazy\" decoding=\"async\" class=\"wp-image-1331 size-thumbnail\" src=\"http:\/\/telleymenuiserie.ch\/wordpress\/wp-content\/uploads\/2014\/12\/SAUNA-TELLEY-26-150x150.jpg\" alt=\"SAUNA TELLEY  (26)\" width=\"150\" height=\"150\" \/><\/a><figcaption id=\"caption-attachment-1331\" class=\"wp-caption-text\">Saunas<\/figcaption><\/figure>\n<figure id=\"attachment_2265\" aria-describedby=\"caption-attachment-2265\" style=\"width: 150px\" class=\"wp-caption alignleft\"><a href=\"http:\/\/telleymenuiserie.ch\/?page_id=462\"><img loading=\"lazy\" decoding=\"async\" class=\"wp-image-2265 size-thumbnail\" src=\"http:\/\/telleymenuiserie.ch\/wordpress\/wp-content\/uploads\/2014\/12\/Agencement-sur-mersure-special-Menuiserie-int.-TELLEY-42-150x150.jpg\" alt=\"Agencement sur mersure special Menuiserie int. TELLEY  (42)\" width=\"150\" height=\"150\" \/><\/a><figcaption id=\"caption-attachment-2265\" class=\"wp-caption-text\">Agencements sp\u00e9ciaux<\/figcaption><\/figure>\n<p><a href=\"http:\/\/telleymenuiserie.ch\/?page_id=471\"><br \/>\n<\/a><\/p>\n<p>&nbsp;<\/p>\n<p>&nbsp;<\/p>\n<p>&nbsp;<\/p>\n<p>&nbsp;<\/p>\n<p>&nbsp;<\/p>\n<p>&nbsp;<\/p>\n<p>&nbsp;<\/p>\n<p>&nbsp;<\/p>\n<h3><\/h3>\n<h3><\/h3>\n<p>&nbsp;<\/p>\n<p>&nbsp;<\/p>\n<p>&nbsp;<\/p>\n<p>&nbsp;<\/p>\n<p>&nbsp;<\/p>\n<p>&nbsp;<\/p>\n<p>&nbsp;<\/p>\n<p>&nbsp;<\/p>\n<p>&nbsp;<\/p>\n<p>&nbsp;<\/p>\n<p>&nbsp;<\/p>\n<hr \/>\n<h3><\/h3>\n<h3><a href=\"http:\/\/telleymenuiserie.ch\/?page_id=471\">Plancher \/ Terrasse \u2013 am\u00e9nagement ext\u00e9rieur<\/a><\/h3>\n<figure id=\"attachment_1932\" aria-describedby=\"caption-attachment-1932\" style=\"width: 150px\" class=\"wp-caption alignleft\"><a href=\"http:\/\/telleymenuiserie.ch\/?page_id=471\"><img loading=\"lazy\" decoding=\"async\" class=\"wp-image-1932 size-thumbnail\" src=\"http:\/\/telleymenuiserie.ch\/wordpress\/wp-content\/uploads\/2014\/12\/PLANCHER-TERRASSE-WPC-sur-mesure-TELLEY-5-150x150.jpg\" alt=\"PLANCHER TERRASSE WPC sur mesure TELLEY  (5)\" width=\"150\" height=\"150\" \/><\/a><figcaption id=\"caption-attachment-1932\" class=\"wp-caption-text\">Terrasse<\/figcaption><\/figure>\n<figure id=\"attachment_1925\" aria-describedby=\"caption-attachment-1925\" style=\"width: 150px\" class=\"wp-caption alignleft\"><a href=\"http:\/\/telleymenuiserie.ch\/?page_id=471\"><img loading=\"lazy\" decoding=\"async\" class=\"wp-image-1925 size-thumbnail\" src=\"http:\/\/telleymenuiserie.ch\/wordpress\/wp-content\/uploads\/2014\/12\/PLANCHER-TECK-MASSIF-TELLEY-1-150x150.jpg\" alt=\"PLANCHER TECK MASSIF  TELLEY   (1)\" width=\"150\" height=\"150\" \/><\/a><figcaption id=\"caption-attachment-1925\" class=\"wp-caption-text\">Plancher<\/figcaption><\/figure>\n<figure id=\"attachment_1600\" aria-describedby=\"caption-attachment-1600\" style=\"width: 150px\" class=\"wp-caption alignleft\"><a href=\"http:\/\/telleymenuiserie.ch\/?page_id=471\"><img loading=\"lazy\" decoding=\"async\" class=\"wp-image-1600 size-thumbnail\" src=\"http:\/\/telleymenuiserie.ch\/wordpress\/wp-content\/uploads\/2014\/12\/Travaux-de-Charpente-Transformation-TELLEY-127-150x150.jpg\" alt=\"Travaux de Charpente  Transformation TELLEY  (127)\" width=\"150\" height=\"150\" \/><\/a><figcaption id=\"caption-attachment-1600\" class=\"wp-caption-text\">Am\u00e9nagement ext\u00e9rieur<\/figcaption><\/figure>\n<p>&nbsp;<\/p>\n<p>&nbsp;<\/p>\n<p>&nbsp;<\/p>\n<p>&nbsp;<\/p>\n<p>&nbsp;<\/p>\n<p>&nbsp;<\/p>\n<p>&nbsp;<\/p>\n<hr \/>\n<h3>\u00a0<a href=\"http:\/\/telleymenuiserie.ch\/?page_id=476\">Galerie \u00e0 rideaux<\/a><\/h3>\n<p><a href=\"http:\/\/telleymenuiserie.ch\/?page_id=476\"><img loading=\"lazy\" decoding=\"async\" class=\"alignleft size-thumbnail wp-image-1915\" src=\"http:\/\/telleymenuiserie.ch\/wordpress\/wp-content\/uploads\/2014\/12\/GALERIE-DE-RIDEAUX-SUR-MESIRE-TELLEY-7-150x150.jpg\" alt=\"GALERIE-DE-RIDEAUX-SUR-MESIRE-TELLEY-7.jpg\" width=\"150\" height=\"150\" \/><\/a> <a href=\"http:\/\/telleymenuiserie.ch\/?page_id=476\"><img loading=\"lazy\" decoding=\"async\" class=\"alignleft size-thumbnail wp-image-1910\" src=\"http:\/\/telleymenuiserie.ch\/wordpress\/wp-content\/uploads\/2014\/12\/GALERIE-DE-RIDEAUX-SUR-MESIRE-TELLEY-2-150x150.jpg\" alt=\"GALERIE-DE-RIDEAUX-SUR-MESIRE-TELLEY-2.jpg\" width=\"150\" height=\"150\" \/><\/a> <a href=\"http:\/\/telleymenuiserie.ch\/?page_id=476\"><img loading=\"lazy\" decoding=\"async\" class=\"alignleft size-thumbnail wp-image-1913\" src=\"http:\/\/telleymenuiserie.ch\/wordpress\/wp-content\/uploads\/2014\/12\/GALERIE-DE-RIDEAUX-SUR-MESIRE-TELLEY-5-150x150.jpg\" alt=\"GALERIE-DE-RIDEAUX-SUR-MESIRE-TELLEY-5.jpg\" width=\"150\" height=\"150\" \/><\/a><\/p>\n<p>&nbsp;<\/p>\n<p>&nbsp;<\/p>\n<p>&nbsp;<\/p>\n<p>&nbsp;<\/p>\n<p>&nbsp;<\/p>\n<p>&nbsp;<\/p>\n<p>&nbsp;<\/p>\n<hr \/>\n<h3>\u00a0<a href=\"http:\/\/telleymenuiserie.ch\/?page_id=154\">Charpente<\/a><\/h3>\n<h3><a href=\"http:\/\/telleymenuiserie.ch\/?page_id=154\"><img loading=\"lazy\" decoding=\"async\" class=\"alignleft size-thumbnail wp-image-1494\" src=\"http:\/\/telleymenuiserie.ch\/wordpress\/wp-content\/uploads\/2014\/12\/Travaux-de-Charpente-Transformation-TELLEY-16-150x150.jpg\" alt=\"Travaux de Charpente  Transformation TELLEY  (16)\" width=\"150\" height=\"150\" \/><\/a> <a href=\"http:\/\/telleymenuiserie.ch\/?page_id=154\"><img loading=\"lazy\" decoding=\"async\" class=\"alignleft size-thumbnail wp-image-1483\" src=\"http:\/\/telleymenuiserie.ch\/wordpress\/wp-content\/uploads\/2014\/12\/Travaux-de-Charpente-Transformation-TELLEY-5-150x150.jpg\" alt=\"Travaux de Charpente  Transformation TELLEY  (5)\" width=\"150\" height=\"150\" \/><\/a> <a href=\"http:\/\/telleymenuiserie.ch\/?page_id=154\"><img loading=\"lazy\" decoding=\"async\" class=\"alignleft size-thumbnail wp-image-1608\" src=\"http:\/\/telleymenuiserie.ch\/wordpress\/wp-content\/uploads\/2014\/12\/Travaux-de-Charpente-Transformation-TELLEY-135-150x150.jpg\" alt=\"Travaux de Charpente  Transformation TELLEY  (135)\" width=\"150\" height=\"150\" \/><\/a><\/h3>\n<p>&nbsp;<\/p>\n<p>&nbsp;<\/p>\n<p>&nbsp;<\/p>\n<p>&nbsp;<\/p>\n<p>&nbsp;<\/p>\n<p>&nbsp;<\/p>\n<p>&nbsp;<\/p>\n<hr \/>\n<p>&nbsp;<\/p>\n<h3><a href=\"http:\/\/telleymenuiserie.ch\/?page_id=146\">Escaliers<\/a><\/h3>\n<p><a href=\"http:\/\/telleymenuiserie.ch\/?page_id=146\"><img loading=\"lazy\" decoding=\"async\" class=\"alignleft size-thumbnail wp-image-2370\" src=\"http:\/\/telleymenuiserie.ch\/wordpress\/wp-content\/uploads\/2014\/12\/Agencement-sur-mersure-special-Menuiserie-int.-TELLEY-145-150x150.jpg\" alt=\"Camera\" width=\"150\" height=\"150\" \/><\/a> <a href=\"http:\/\/telleymenuiserie.ch\/?page_id=146\"><img loading=\"lazy\" decoding=\"async\" class=\"alignleft size-thumbnail wp-image-2359\" src=\"http:\/\/telleymenuiserie.ch\/wordpress\/wp-content\/uploads\/2014\/12\/Agencement-sur-mersure-special-Menuiserie-int.-TELLEY-133-150x150.jpg\" alt=\"Camera\" width=\"150\" height=\"150\" \/><\/a><a href=\"http:\/\/telleymenuiserie.ch\/?page_id=146\"><img loading=\"lazy\" decoding=\"async\" class=\"alignleft size-thumbnail wp-image-1728\" src=\"http:\/\/telleymenuiserie.ch\/wordpress\/wp-content\/uploads\/2014\/12\/Escalier-sur-mesure-Massif-TELLEY-36-150x150.jpg\" alt=\"Escalier  sur mesure Massif TELLEY  (36)\" width=\"150\" height=\"150\" \/><\/a><\/p>\n<p>&nbsp;<\/p>\n<p>&nbsp;<\/p>\n<p>&nbsp;<\/p>\n<p>&nbsp;<\/p>\n<p>&nbsp;<\/p>\n<p>&nbsp;<\/p>\n<p>&nbsp;<\/p>\n<hr \/>\n<p>&nbsp;<\/p>\n<h3><a href=\"http:\/\/telleymenuiserie.ch\/?page_id=467\">Stand Habitat et Jardin<\/a><\/h3>\n<h3><a href=\"http:\/\/telleymenuiserie.ch\/?page_id=467\"><img loading=\"lazy\" decoding=\"async\" class=\"alignleft size-thumbnail wp-image-1978\" src=\"http:\/\/telleymenuiserie.ch\/wordpress\/wp-content\/uploads\/2014\/12\/Habitat-Jardin-TELLEY-46-150x150.jpg\" alt=\"Habitat &amp; Jardin TELLEY  (46)\" width=\"150\" height=\"150\" \/><\/a> <a href=\"http:\/\/telleymenuiserie.ch\/?page_id=467\"><img loading=\"lazy\" decoding=\"async\" class=\"alignleft size-thumbnail wp-image-1947\" src=\"http:\/\/telleymenuiserie.ch\/wordpress\/wp-content\/uploads\/2014\/12\/Habitat-Jardin-TELLEY-15-150x150.jpg\" alt=\"Habitat &amp; Jardin TELLEY  (15)\" width=\"150\" height=\"150\" \/><\/a> <a href=\"http:\/\/telleymenuiserie.ch\/?page_id=467\"><img loading=\"lazy\" decoding=\"async\" class=\"alignleft size-thumbnail wp-image-1973\" src=\"http:\/\/telleymenuiserie.ch\/wordpress\/wp-content\/uploads\/2014\/12\/Habitat-Jardin-TELLEY-41-150x150.jpg\" alt=\"Habitat &amp; Jardin TELLEY  (41)\" width=\"150\" height=\"150\" \/><\/a><\/h3>\n<p>&nbsp;<\/p>\n<p>&nbsp;<\/p>\n<p>&nbsp;<\/p>\n<p>&nbsp;<\/p>\n<p>&nbsp;<\/p>\n<p>&nbsp;<\/p>\n<p>&nbsp;<\/p>\n<hr \/>\n<p>&nbsp;<\/p>\n","protected":false},"excerpt":{"rendered":"<p>Cliquez sur les photos ci-dessous pour en voir d&rsquo;avantage. &nbsp; Portes &nbsp; &nbsp; &nbsp; &nbsp; &nbsp; &nbsp; &nbsp; &nbsp; &nbsp; &nbsp; &nbsp; &nbsp; &nbsp; &nbsp;<span class=\"more-button\"><a href=\"https:\/\/telleymenuiserie.ch\/wordpress\/produits\/\" class=\"more-link\">Continue reading<span class=\"screen-reader-text\">Nos r\u00e9alisations<\/span><\/a><\/span><\/p>\n","protected":false},"author":1,"featured_media":0,"parent":0,"menu_order":0,"comment_status":"closed","ping_status":"closed","template":"","meta":{"_monsterinsights_skip_tracking":false,"_monsterinsights_sitenote_active":false,"_monsterinsights_sitenote_note":"","_monsterinsights_sitenote_category":0,"footnotes":""},"class_list":["post-20","page","type-page","status-publish","hentry"],"_links":{"self":[{"href":"https:\/\/telleymenuiserie.ch\/wordpress\/wp-json\/wp\/v2\/pages\/20","targetHints":{"allow":["GET"]}}],"collection":[{"href":"https:\/\/telleymenuiserie.ch\/wordpress\/wp-json\/wp\/v2\/pages"}],"about":[{"href":"https:\/\/telleymenuiserie.ch\/wordpress\/wp-json\/wp\/v2\/types\/page"}],"author":[{"embeddable":true,"href":"https:\/\/telleymenuiserie.ch\/wordpress\/wp-json\/wp\/v2\/users\/1"}],"replies":[{"embeddable":true,"href":"https:\/\/telleymenuiserie.ch\/wordpress\/wp-json\/wp\/v2\/comments?post=20"}],"version-history":[{"count":68,"href":"https:\/\/telleymenuiserie.ch\/wordpress\/wp-json\/wp\/v2\/pages\/20\/revisions"}],"predecessor-version":[{"id":2605,"href":"https:\/\/telleymenuiserie.ch\/wordpress\/wp-json\/wp\/v2\/pages\/20\/revisions\/2605"}],"wp:attachment":[{"href":"https:\/\/telleymenuiserie.ch\/wordpress\/wp-json\/wp\/v2\/media?parent=20"}],"curies":[{"name":"wp","href":"https:\/\/api.w.org\/{rel}","templated":true}]}}