{"id":398,"date":"2014-12-28T22:40:08","date_gmt":"2014-12-28T21:40:08","guid":{"rendered":"http:\/\/telleymenuiserie.ch\/wordpress\/?page_id=398"},"modified":"2014-12-30T19:18:04","modified_gmt":"2014-12-30T18:18:04","slug":"portes-interieur","status":"publish","type":"page","link":"https:\/\/telleymenuiserie.ch\/wordpress\/portes-interieur\/","title":{"rendered":"Portes int\u00e9rieures"},"content":{"rendered":"<p><a href=\"http:\/\/telleymenuiserie.ch\/wordpress\/wp-content\/uploads\/2014\/12\/Porte-int\u00e9rieure-de-communication-MDF-MASSIF-CHENE-SAPIN-sur-mesure-Moulur\u00e9e-Vit\u00e9e-plaqu\u00e9e-TELLEY-230.jpg\"><img loading=\"lazy\" decoding=\"async\" class=\"alignleft size-thumbnail wp-image-957\" src=\"http:\/\/telleymenuiserie.ch\/wordpress\/wp-content\/uploads\/2014\/12\/Porte-int\u00e9rieure-de-communication-MDF-MASSIF-CHENE-SAPIN-sur-mesure-Moulur\u00e9e-Vit\u00e9e-plaqu\u00e9e-TELLEY-230-150x150.jpg\" alt=\"Camera\" width=\"150\" height=\"150\" \/><\/a><a href=\"http:\/\/telleymenuiserie.ch\/wordpress\/wp-content\/uploads\/2014\/12\/Porte-int\u00e9rieure-de-communication-MDF-MASSIF-CHENE-SAPIN-sur-mesure-Moulur\u00e9e-Vit\u00e9e-plaqu\u00e9e-TELLEY-229.jpg\"><img loading=\"lazy\" decoding=\"async\" class=\"alignleft size-thumbnail wp-image-956\" src=\"http:\/\/telleymenuiserie.ch\/wordpress\/wp-content\/uploads\/2014\/12\/Porte-int\u00e9rieure-de-communication-MDF-MASSIF-CHENE-SAPIN-sur-mesure-Moulur\u00e9e-Vit\u00e9e-plaqu\u00e9e-TELLEY-229-150x150.jpg\" alt=\"Camera\" width=\"150\" height=\"150\" \/><\/a><a href=\"http:\/\/telleymenuiserie.ch\/wordpress\/wp-content\/uploads\/2014\/12\/Porte-int\u00e9rieure-de-communication-MDF-MASSIF-CHENE-SAPIN-sur-mesure-Moulur\u00e9e-Vit\u00e9e-plaqu\u00e9e-TELLEY-228.jpg\"><img loading=\"lazy\" decoding=\"async\" class=\"alignleft size-thumbnail wp-image-955\" src=\"http:\/\/telleymenuiserie.ch\/wordpress\/wp-content\/uploads\/2014\/12\/Porte-int\u00e9rieure-de-communication-MDF-MASSIF-CHENE-SAPIN-sur-mesure-Moulur\u00e9e-Vit\u00e9e-plaqu\u00e9e-TELLEY-228-150x150.jpg\" alt=\"Camera\" width=\"150\" height=\"150\" \/><\/a><a href=\"http:\/\/telleymenuiserie.ch\/wordpress\/wp-content\/uploads\/2014\/12\/Porte-int\u00e9rieure-de-communication-MDF-MASSIF-CHENE-SAPIN-sur-mesure-Moulur\u00e9e-Vit\u00e9e-plaqu\u00e9e-TELLEY-211.jpg\"><img loading=\"lazy\" decoding=\"async\" class=\"alignleft size-thumbnail wp-image-938\" src=\"http:\/\/telleymenuiserie.ch\/wordpress\/wp-content\/uploads\/2014\/12\/Porte-int\u00e9rieure-de-communication-MDF-MASSIF-CHENE-SAPIN-sur-mesure-Moulur\u00e9e-Vit\u00e9e-plaqu\u00e9e-TELLEY-211-150x150.jpg\" alt=\"Camera\" width=\"150\" height=\"150\" \/><\/a><a href=\"http:\/\/telleymenuiserie.ch\/wordpress\/wp-content\/uploads\/2014\/12\/Porte-int\u00e9rieure-de-communication-MDF-MASSIF-CHENE-SAPIN-sur-mesure-Moulur\u00e9e-Vit\u00e9e-plaqu\u00e9e-TELLEY-210.jpg\"><img loading=\"lazy\" decoding=\"async\" class=\"alignleft size-thumbnail wp-image-937\" src=\"http:\/\/telleymenuiserie.ch\/wordpress\/wp-content\/uploads\/2014\/12\/Porte-int\u00e9rieure-de-communication-MDF-MASSIF-CHENE-SAPIN-sur-mesure-Moulur\u00e9e-Vit\u00e9e-plaqu\u00e9e-TELLEY-210-150x150.jpg\" alt=\"Camera\" width=\"150\" height=\"150\" \/><\/a><a href=\"http:\/\/telleymenuiserie.ch\/wordpress\/wp-content\/uploads\/2014\/12\/Porte-int\u00e9rieure-de-communication-MDF-MASSIF-CHENE-SAPIN-sur-mesure-Moulur\u00e9e-Vit\u00e9e-plaqu\u00e9e-TELLEY-209.jpg\"><img loading=\"lazy\" decoding=\"async\" class=\"alignleft size-thumbnail wp-image-936\" src=\"http:\/\/telleymenuiserie.ch\/wordpress\/wp-content\/uploads\/2014\/12\/Porte-int\u00e9rieure-de-communication-MDF-MASSIF-CHENE-SAPIN-sur-mesure-Moulur\u00e9e-Vit\u00e9e-plaqu\u00e9e-TELLEY-209-150x150.jpg\" alt=\"Camera\" width=\"150\" height=\"150\" \/><\/a><a href=\"http:\/\/telleymenuiserie.ch\/wordpress\/wp-content\/uploads\/2014\/12\/Porte-int\u00e9rieure-de-communication-MDF-MASSIF-CHENE-SAPIN-sur-mesure-Moulur\u00e9e-Vit\u00e9e-plaqu\u00e9e-TELLEY-208.jpg\"><img loading=\"lazy\" decoding=\"async\" class=\"alignleft size-thumbnail wp-image-935\" src=\"http:\/\/telleymenuiserie.ch\/wordpress\/wp-content\/uploads\/2014\/12\/Porte-int\u00e9rieure-de-communication-MDF-MASSIF-CHENE-SAPIN-sur-mesure-Moulur\u00e9e-Vit\u00e9e-plaqu\u00e9e-TELLEY-208-150x150.jpg\" alt=\"Camera\" width=\"150\" height=\"150\" \/><\/a><a href=\"http:\/\/telleymenuiserie.ch\/wordpress\/wp-content\/uploads\/2014\/12\/Porte-int\u00e9rieure-de-communication-MDF-MASSIF-CHENE-SAPIN-sur-mesure-Moulur\u00e9e-Vit\u00e9e-plaqu\u00e9e-TELLEY-207.jpg\"><img loading=\"lazy\" decoding=\"async\" class=\"alignleft size-thumbnail wp-image-934\" src=\"http:\/\/telleymenuiserie.ch\/wordpress\/wp-content\/uploads\/2014\/12\/Porte-int\u00e9rieure-de-communication-MDF-MASSIF-CHENE-SAPIN-sur-mesure-Moulur\u00e9e-Vit\u00e9e-plaqu\u00e9e-TELLEY-207-150x150.jpg\" alt=\"Camera\" width=\"150\" height=\"150\" \/><\/a><a href=\"http:\/\/telleymenuiserie.ch\/wordpress\/wp-content\/uploads\/2014\/12\/Porte-int\u00e9rieure-de-communication-MDF-MASSIF-CHENE-SAPIN-sur-mesure-Moulur\u00e9e-Vit\u00e9e-plaqu\u00e9e-TELLEY-206.jpg\"><img loading=\"lazy\" decoding=\"async\" class=\"alignleft size-thumbnail wp-image-933\" src=\"http:\/\/telleymenuiserie.ch\/wordpress\/wp-content\/uploads\/2014\/12\/Porte-int\u00e9rieure-de-communication-MDF-MASSIF-CHENE-SAPIN-sur-mesure-Moulur\u00e9e-Vit\u00e9e-plaqu\u00e9e-TELLEY-206-150x150.jpg\" alt=\"Camera\" width=\"150\" height=\"150\" \/><\/a><a href=\"http:\/\/telleymenuiserie.ch\/wordpress\/wp-content\/uploads\/2014\/12\/Porte-int\u00e9rieure-de-communication-MDF-MASSIF-CHENE-SAPIN-sur-mesure-Moulur\u00e9e-Vit\u00e9e-plaqu\u00e9e-TELLEY-205.jpg\"><img loading=\"lazy\" decoding=\"async\" class=\"alignleft size-thumbnail wp-image-932\" src=\"http:\/\/telleymenuiserie.ch\/wordpress\/wp-content\/uploads\/2014\/12\/Porte-int\u00e9rieure-de-communication-MDF-MASSIF-CHENE-SAPIN-sur-mesure-Moulur\u00e9e-Vit\u00e9e-plaqu\u00e9e-TELLEY-205-150x150.jpg\" alt=\"Camera\" width=\"150\" height=\"150\" \/><\/a><a href=\"http:\/\/telleymenuiserie.ch\/wordpress\/wp-content\/uploads\/2014\/12\/Porte-int\u00e9rieure-de-communication-MDF-MASSIF-CHENE-SAPIN-sur-mesure-Moulur\u00e9e-Vit\u00e9e-plaqu\u00e9e-TELLEY-204.jpg\"><img loading=\"lazy\" decoding=\"async\" class=\"alignleft size-thumbnail wp-image-931\" src=\"http:\/\/telleymenuiserie.ch\/wordpress\/wp-content\/uploads\/2014\/12\/Porte-int\u00e9rieure-de-communication-MDF-MASSIF-CHENE-SAPIN-sur-mesure-Moulur\u00e9e-Vit\u00e9e-plaqu\u00e9e-TELLEY-204-150x150.jpg\" alt=\"Camera\" width=\"150\" height=\"150\" \/><\/a><a href=\"http:\/\/telleymenuiserie.ch\/wordpress\/wp-content\/uploads\/2014\/12\/Porte-int\u00e9rieure-de-communication-MDF-MASSIF-CHENE-SAPIN-sur-mesure-Moulur\u00e9e-Vit\u00e9e-plaqu\u00e9e-TELLEY-203.jpg\"><img loading=\"lazy\" decoding=\"async\" class=\"alignleft size-thumbnail wp-image-930\" src=\"http:\/\/telleymenuiserie.ch\/wordpress\/wp-content\/uploads\/2014\/12\/Porte-int\u00e9rieure-de-communication-MDF-MASSIF-CHENE-SAPIN-sur-mesure-Moulur\u00e9e-Vit\u00e9e-plaqu\u00e9e-TELLEY-203-150x150.jpg\" alt=\"Camera\" width=\"150\" height=\"150\" \/><\/a><a href=\"http:\/\/telleymenuiserie.ch\/wordpress\/wp-content\/uploads\/2014\/12\/Porte-int\u00e9rieure-de-communication-MDF-MASSIF-CHENE-SAPIN-sur-mesure-Moulur\u00e9e-Vit\u00e9e-plaqu\u00e9e-TELLEY-202.jpg\"><img loading=\"lazy\" decoding=\"async\" class=\"alignleft size-thumbnail wp-image-929\" src=\"http:\/\/telleymenuiserie.ch\/wordpress\/wp-content\/uploads\/2014\/12\/Porte-int\u00e9rieure-de-communication-MDF-MASSIF-CHENE-SAPIN-sur-mesure-Moulur\u00e9e-Vit\u00e9e-plaqu\u00e9e-TELLEY-202-150x150.jpg\" alt=\"Camera\" width=\"150\" height=\"150\" \/><\/a><a href=\"http:\/\/telleymenuiserie.ch\/wordpress\/wp-content\/uploads\/2014\/12\/Porte-int\u00e9rieure-de-communication-MDF-MASSIF-CHENE-SAPIN-sur-mesure-Moulur\u00e9e-Vit\u00e9e-plaqu\u00e9e-TELLEY-201.jpg\"><img loading=\"lazy\" decoding=\"async\" class=\"alignleft size-thumbnail wp-image-928\" src=\"http:\/\/telleymenuiserie.ch\/wordpress\/wp-content\/uploads\/2014\/12\/Porte-int\u00e9rieure-de-communication-MDF-MASSIF-CHENE-SAPIN-sur-mesure-Moulur\u00e9e-Vit\u00e9e-plaqu\u00e9e-TELLEY-201-150x150.jpg\" alt=\"Camera\" width=\"150\" height=\"150\" \/><\/a><a href=\"http:\/\/telleymenuiserie.ch\/wordpress\/wp-content\/uploads\/2014\/12\/Porte-int\u00e9rieure-de-communication-MDF-MASSIF-CHENE-SAPIN-sur-mesure-Moulur\u00e9e-Vit\u00e9e-plaqu\u00e9e-TELLEY-200.jpg\"><img loading=\"lazy\" decoding=\"async\" class=\"alignleft size-thumbnail wp-image-927\" src=\"http:\/\/telleymenuiserie.ch\/wordpress\/wp-content\/uploads\/2014\/12\/Porte-int\u00e9rieure-de-communication-MDF-MASSIF-CHENE-SAPIN-sur-mesure-Moulur\u00e9e-Vit\u00e9e-plaqu\u00e9e-TELLEY-200-150x150.jpg\" alt=\"Camera\" width=\"150\" height=\"150\" \/><\/a><a href=\"http:\/\/telleymenuiserie.ch\/wordpress\/wp-content\/uploads\/2014\/12\/Porte-int\u00e9rieure-de-communication-MDF-MASSIF-CHENE-SAPIN-sur-mesure-Moulur\u00e9e-Vit\u00e9e-plaqu\u00e9e-TELLEY-199.jpg\"><img loading=\"lazy\" decoding=\"async\" class=\"alignleft size-thumbnail wp-image-926\" src=\"http:\/\/telleymenuiserie.ch\/wordpress\/wp-content\/uploads\/2014\/12\/Porte-int\u00e9rieure-de-communication-MDF-MASSIF-CHENE-SAPIN-sur-mesure-Moulur\u00e9e-Vit\u00e9e-plaqu\u00e9e-TELLEY-199-150x150.jpg\" alt=\"Camera\" width=\"150\" height=\"150\" \/><\/a><a href=\"http:\/\/telleymenuiserie.ch\/wordpress\/wp-content\/uploads\/2014\/12\/Porte-int\u00e9rieure-de-communication-MDF-MASSIF-CHENE-SAPIN-sur-mesure-Moulur\u00e9e-Vit\u00e9e-plaqu\u00e9e-TELLEY-198.jpg\"><img loading=\"lazy\" decoding=\"async\" class=\"alignleft size-thumbnail wp-image-925\" src=\"http:\/\/telleymenuiserie.ch\/wordpress\/wp-content\/uploads\/2014\/12\/Porte-int\u00e9rieure-de-communication-MDF-MASSIF-CHENE-SAPIN-sur-mesure-Moulur\u00e9e-Vit\u00e9e-plaqu\u00e9e-TELLEY-198-150x150.jpg\" alt=\"Camera\" width=\"150\" height=\"150\" \/><\/a><a href=\"http:\/\/telleymenuiserie.ch\/wordpress\/wp-content\/uploads\/2014\/12\/Porte-int\u00e9rieure-de-communication-MDF-MASSIF-CHENE-SAPIN-sur-mesure-Moulur\u00e9e-Vit\u00e9e-plaqu\u00e9e-TELLEY-197.jpg\"><img loading=\"lazy\" decoding=\"async\" class=\"alignleft size-thumbnail wp-image-924\" src=\"http:\/\/telleymenuiserie.ch\/wordpress\/wp-content\/uploads\/2014\/12\/Porte-int\u00e9rieure-de-communication-MDF-MASSIF-CHENE-SAPIN-sur-mesure-Moulur\u00e9e-Vit\u00e9e-plaqu\u00e9e-TELLEY-197-150x150.jpg\" alt=\"Camera\" width=\"150\" height=\"150\" \/><\/a><a href=\"http:\/\/telleymenuiserie.ch\/wordpress\/wp-content\/uploads\/2014\/12\/Porte-int\u00e9rieure-de-communication-MDF-MASSIF-CHENE-SAPIN-sur-mesure-Moulur\u00e9e-Vit\u00e9e-plaqu\u00e9e-TELLEY-196.jpg\"><img loading=\"lazy\" decoding=\"async\" class=\"alignleft size-thumbnail wp-image-923\" src=\"http:\/\/telleymenuiserie.ch\/wordpress\/wp-content\/uploads\/2014\/12\/Porte-int\u00e9rieure-de-communication-MDF-MASSIF-CHENE-SAPIN-sur-mesure-Moulur\u00e9e-Vit\u00e9e-plaqu\u00e9e-TELLEY-196-150x150.jpg\" alt=\"Camera\" width=\"150\" height=\"150\" \/><\/a><a href=\"http:\/\/telleymenuiserie.ch\/wordpress\/wp-content\/uploads\/2014\/12\/Porte-int\u00e9rieure-de-communication-MDF-MASSIF-CHENE-SAPIN-sur-mesure-Moulur\u00e9e-Vit\u00e9e-plaqu\u00e9e-TELLEY-195.jpg\"><img loading=\"lazy\" decoding=\"async\" class=\"alignleft size-thumbnail wp-image-922\" src=\"http:\/\/telleymenuiserie.ch\/wordpress\/wp-content\/uploads\/2014\/12\/Porte-int\u00e9rieure-de-communication-MDF-MASSIF-CHENE-SAPIN-sur-mesure-Moulur\u00e9e-Vit\u00e9e-plaqu\u00e9e-TELLEY-195-150x150.jpg\" alt=\"Camera\" width=\"150\" height=\"150\" \/><\/a><a href=\"http:\/\/telleymenuiserie.ch\/wordpress\/wp-content\/uploads\/2014\/12\/Porte-int\u00e9rieure-de-communication-MDF-MASSIF-CHENE-SAPIN-sur-mesure-Moulur\u00e9e-Vit\u00e9e-plaqu\u00e9e-TELLEY-194.jpg\"><img loading=\"lazy\" decoding=\"async\" class=\"alignleft size-thumbnail wp-image-921\" src=\"http:\/\/telleymenuiserie.ch\/wordpress\/wp-content\/uploads\/2014\/12\/Porte-int\u00e9rieure-de-communication-MDF-MASSIF-CHENE-SAPIN-sur-mesure-Moulur\u00e9e-Vit\u00e9e-plaqu\u00e9e-TELLEY-194-150x150.jpg\" alt=\"Camera\" width=\"150\" height=\"150\" \/><\/a><a href=\"http:\/\/telleymenuiserie.ch\/wordpress\/wp-content\/uploads\/2014\/12\/Porte-int\u00e9rieure-de-communication-MDF-MASSIF-CHENE-SAPIN-sur-mesure-Moulur\u00e9e-Vit\u00e9e-plaqu\u00e9e-TELLEY-193.jpg\"><img loading=\"lazy\" decoding=\"async\" class=\"alignleft size-thumbnail wp-image-920\" src=\"http:\/\/telleymenuiserie.ch\/wordpress\/wp-content\/uploads\/2014\/12\/Porte-int\u00e9rieure-de-communication-MDF-MASSIF-CHENE-SAPIN-sur-mesure-Moulur\u00e9e-Vit\u00e9e-plaqu\u00e9e-TELLEY-193-150x150.jpg\" alt=\"Camera\" width=\"150\" height=\"150\" \/><\/a><a href=\"http:\/\/telleymenuiserie.ch\/wordpress\/wp-content\/uploads\/2014\/12\/Porte-int\u00e9rieure-de-communication-MDF-MASSIF-CHENE-SAPIN-sur-mesure-Moulur\u00e9e-Vit\u00e9e-plaqu\u00e9e-TELLEY-192.jpg\"><img loading=\"lazy\" decoding=\"async\" class=\"alignleft size-thumbnail wp-image-919\" src=\"http:\/\/telleymenuiserie.ch\/wordpress\/wp-content\/uploads\/2014\/12\/Porte-int\u00e9rieure-de-communication-MDF-MASSIF-CHENE-SAPIN-sur-mesure-Moulur\u00e9e-Vit\u00e9e-plaqu\u00e9e-TELLEY-192-150x150.jpg\" alt=\"Camera\" width=\"150\" height=\"150\" \/><\/a><a href=\"http:\/\/telleymenuiserie.ch\/wordpress\/wp-content\/uploads\/2014\/12\/Porte-int\u00e9rieure-de-communication-MDF-MASSIF-CHENE-SAPIN-sur-mesure-Moulur\u00e9e-Vit\u00e9e-plaqu\u00e9e-TELLEY-247.jpg\"><img loading=\"lazy\" decoding=\"async\" class=\"alignleft size-thumbnail wp-image-974\" src=\"http:\/\/telleymenuiserie.ch\/wordpress\/wp-content\/uploads\/2014\/12\/Porte-int\u00e9rieure-de-communication-MDF-MASSIF-CHENE-SAPIN-sur-mesure-Moulur\u00e9e-Vit\u00e9e-plaqu\u00e9e-TELLEY-247-150x150.jpg\" alt=\"Porte int\u00e9rieure de communication MDF MASSIF  CHENE  SAPIN sur mesure Moulur\u00e9e Vit\u00e9e plaqu\u00e9e  TELLEY   (247)\" width=\"150\" height=\"150\" \/><\/a> <a href=\"http:\/\/telleymenuiserie.ch\/wordpress\/wp-content\/uploads\/2014\/12\/Porte-int\u00e9rieure-de-communication-MDF-MASSIF-CHENE-SAPIN-sur-mesure-Moulur\u00e9e-Vit\u00e9e-plaqu\u00e9e-TELLEY-246.jpg\"><img loading=\"lazy\" decoding=\"async\" class=\"alignleft size-thumbnail wp-image-973\" src=\"http:\/\/telleymenuiserie.ch\/wordpress\/wp-content\/uploads\/2014\/12\/Porte-int\u00e9rieure-de-communication-MDF-MASSIF-CHENE-SAPIN-sur-mesure-Moulur\u00e9e-Vit\u00e9e-plaqu\u00e9e-TELLEY-246-150x150.jpg\" alt=\"Porte int\u00e9rieure de communication MDF MASSIF  CHENE  SAPIN sur mesure Moulur\u00e9e Vit\u00e9e plaqu\u00e9e  TELLEY   (246)\" width=\"150\" height=\"150\" \/><\/a> <a href=\"http:\/\/telleymenuiserie.ch\/wordpress\/wp-content\/uploads\/2014\/12\/Porte-int\u00e9rieure-de-communication-MDF-MASSIF-CHENE-SAPIN-sur-mesure-Moulur\u00e9e-Vit\u00e9e-plaqu\u00e9e-TELLEY-245.jpg\"><img loading=\"lazy\" decoding=\"async\" class=\"alignleft size-thumbnail wp-image-972\" src=\"http:\/\/telleymenuiserie.ch\/wordpress\/wp-content\/uploads\/2014\/12\/Porte-int\u00e9rieure-de-communication-MDF-MASSIF-CHENE-SAPIN-sur-mesure-Moulur\u00e9e-Vit\u00e9e-plaqu\u00e9e-TELLEY-245-150x150.jpg\" alt=\"Porte int\u00e9rieure de communication MDF MASSIF  CHENE  SAPIN sur mesure Moulur\u00e9e Vit\u00e9e plaqu\u00e9e  TELLEY   (245)\" width=\"150\" height=\"150\" \/><\/a> <a href=\"http:\/\/telleymenuiserie.ch\/wordpress\/wp-content\/uploads\/2014\/12\/Porte-int\u00e9rieure-de-communication-MDF-MASSIF-CHENE-SAPIN-sur-mesure-Moulur\u00e9e-Vit\u00e9e-plaqu\u00e9e-TELLEY-244.jpg\"><img loading=\"lazy\" decoding=\"async\" class=\"alignleft size-thumbnail wp-image-971\" src=\"http:\/\/telleymenuiserie.ch\/wordpress\/wp-content\/uploads\/2014\/12\/Porte-int\u00e9rieure-de-communication-MDF-MASSIF-CHENE-SAPIN-sur-mesure-Moulur\u00e9e-Vit\u00e9e-plaqu\u00e9e-TELLEY-244-150x150.jpg\" alt=\"Porte int\u00e9rieure de communication MDF MASSIF  CHENE  SAPIN sur mesure Moulur\u00e9e Vit\u00e9e plaqu\u00e9e  TELLEY   (244)\" width=\"150\" height=\"150\" \/><\/a> <a href=\"http:\/\/telleymenuiserie.ch\/wordpress\/wp-content\/uploads\/2014\/12\/Porte-int\u00e9rieure-de-communication-MDF-MASSIF-CHENE-SAPIN-sur-mesure-Moulur\u00e9e-Vit\u00e9e-plaqu\u00e9e-TELLEY-243.jpg\"><img loading=\"lazy\" decoding=\"async\" class=\"alignleft size-thumbnail wp-image-970\" src=\"http:\/\/telleymenuiserie.ch\/wordpress\/wp-content\/uploads\/2014\/12\/Porte-int\u00e9rieure-de-communication-MDF-MASSIF-CHENE-SAPIN-sur-mesure-Moulur\u00e9e-Vit\u00e9e-plaqu\u00e9e-TELLEY-243-150x150.jpg\" alt=\"Porte int\u00e9rieure de communication MDF MASSIF  CHENE  SAPIN sur mesure Moulur\u00e9e Vit\u00e9e plaqu\u00e9e  TELLEY   (243)\" width=\"150\" height=\"150\" \/><\/a> <a href=\"http:\/\/telleymenuiserie.ch\/wordpress\/wp-content\/uploads\/2014\/12\/Porte-int\u00e9rieure-de-communication-MDF-MASSIF-CHENE-SAPIN-sur-mesure-Moulur\u00e9e-Vit\u00e9e-plaqu\u00e9e-TELLEY-242.jpg\"><img loading=\"lazy\" decoding=\"async\" class=\"alignleft size-thumbnail wp-image-969\" src=\"http:\/\/telleymenuiserie.ch\/wordpress\/wp-content\/uploads\/2014\/12\/Porte-int\u00e9rieure-de-communication-MDF-MASSIF-CHENE-SAPIN-sur-mesure-Moulur\u00e9e-Vit\u00e9e-plaqu\u00e9e-TELLEY-242-150x150.jpg\" alt=\"Porte int\u00e9rieure de communication MDF MASSIF  CHENE  SAPIN sur mesure Moulur\u00e9e Vit\u00e9e plaqu\u00e9e  TELLEY   (242)\" width=\"150\" height=\"150\" \/><\/a> <a href=\"http:\/\/telleymenuiserie.ch\/wordpress\/wp-content\/uploads\/2014\/12\/Porte-int\u00e9rieure-de-communication-MDF-MASSIF-CHENE-SAPIN-sur-mesure-Moulur\u00e9e-Vit\u00e9e-plaqu\u00e9e-TELLEY-241.jpg\"><img loading=\"lazy\" decoding=\"async\" class=\"alignleft size-thumbnail wp-image-968\" src=\"http:\/\/telleymenuiserie.ch\/wordpress\/wp-content\/uploads\/2014\/12\/Porte-int\u00e9rieure-de-communication-MDF-MASSIF-CHENE-SAPIN-sur-mesure-Moulur\u00e9e-Vit\u00e9e-plaqu\u00e9e-TELLEY-241-150x150.jpg\" alt=\"Porte int\u00e9rieure de communication MDF MASSIF  CHENE  SAPIN sur mesure Moulur\u00e9e Vit\u00e9e plaqu\u00e9e  TELLEY   (241)\" width=\"150\" height=\"150\" \/><\/a> <a href=\"http:\/\/telleymenuiserie.ch\/wordpress\/wp-content\/uploads\/2014\/12\/Porte-int\u00e9rieure-de-communication-MDF-MASSIF-CHENE-SAPIN-sur-mesure-Moulur\u00e9e-Vit\u00e9e-plaqu\u00e9e-TELLEY-240.jpg\"><img loading=\"lazy\" decoding=\"async\" class=\"alignleft size-thumbnail wp-image-967\" src=\"http:\/\/telleymenuiserie.ch\/wordpress\/wp-content\/uploads\/2014\/12\/Porte-int\u00e9rieure-de-communication-MDF-MASSIF-CHENE-SAPIN-sur-mesure-Moulur\u00e9e-Vit\u00e9e-plaqu\u00e9e-TELLEY-240-150x150.jpg\" alt=\"Porte int\u00e9rieure de communication MDF MASSIF  CHENE  SAPIN sur mesure Moulur\u00e9e Vit\u00e9e plaqu\u00e9e  TELLEY   (240)\" width=\"150\" height=\"150\" \/><\/a> <a href=\"http:\/\/telleymenuiserie.ch\/wordpress\/wp-content\/uploads\/2014\/12\/Porte-int\u00e9rieure-de-communication-MDF-MASSIF-CHENE-SAPIN-sur-mesure-Moulur\u00e9e-Vit\u00e9e-plaqu\u00e9e-TELLEY-239.jpg\"><img loading=\"lazy\" decoding=\"async\" class=\"alignleft size-thumbnail wp-image-966\" src=\"http:\/\/telleymenuiserie.ch\/wordpress\/wp-content\/uploads\/2014\/12\/Porte-int\u00e9rieure-de-communication-MDF-MASSIF-CHENE-SAPIN-sur-mesure-Moulur\u00e9e-Vit\u00e9e-plaqu\u00e9e-TELLEY-239-150x150.jpg\" alt=\"Porte int\u00e9rieure de communication MDF MASSIF  CHENE  SAPIN sur mesure Moulur\u00e9e Vit\u00e9e plaqu\u00e9e  TELLEY   (239)\" width=\"150\" height=\"150\" \/><\/a> <a href=\"http:\/\/telleymenuiserie.ch\/wordpress\/wp-content\/uploads\/2014\/12\/Porte-int\u00e9rieure-de-communication-MDF-MASSIF-CHENE-SAPIN-sur-mesure-Moulur\u00e9e-Vit\u00e9e-plaqu\u00e9e-TELLEY-238.jpg\"><img loading=\"lazy\" decoding=\"async\" class=\"alignleft size-thumbnail wp-image-965\" src=\"http:\/\/telleymenuiserie.ch\/wordpress\/wp-content\/uploads\/2014\/12\/Porte-int\u00e9rieure-de-communication-MDF-MASSIF-CHENE-SAPIN-sur-mesure-Moulur\u00e9e-Vit\u00e9e-plaqu\u00e9e-TELLEY-238-150x150.jpg\" alt=\"Porte int\u00e9rieure de communication MDF MASSIF  CHENE  SAPIN sur mesure Moulur\u00e9e Vit\u00e9e plaqu\u00e9e  TELLEY   (238)\" width=\"150\" height=\"150\" \/><\/a> <a href=\"http:\/\/telleymenuiserie.ch\/wordpress\/wp-content\/uploads\/2014\/12\/Porte-int\u00e9rieure-de-communication-MDF-MASSIF-CHENE-SAPIN-sur-mesure-Moulur\u00e9e-Vit\u00e9e-plaqu\u00e9e-TELLEY-237.jpg\"><img loading=\"lazy\" decoding=\"async\" class=\"alignleft size-thumbnail wp-image-964\" src=\"http:\/\/telleymenuiserie.ch\/wordpress\/wp-content\/uploads\/2014\/12\/Porte-int\u00e9rieure-de-communication-MDF-MASSIF-CHENE-SAPIN-sur-mesure-Moulur\u00e9e-Vit\u00e9e-plaqu\u00e9e-TELLEY-237-150x150.jpg\" alt=\"Porte int\u00e9rieure de communication MDF MASSIF  CHENE  SAPIN sur mesure Moulur\u00e9e Vit\u00e9e plaqu\u00e9e  TELLEY   (237)\" width=\"150\" height=\"150\" \/><\/a> <a href=\"http:\/\/telleymenuiserie.ch\/wordpress\/wp-content\/uploads\/2014\/12\/Porte-int\u00e9rieure-de-communication-MDF-MASSIF-CHENE-SAPIN-sur-mesure-Moulur\u00e9e-Vit\u00e9e-plaqu\u00e9e-TELLEY-236.jpg\"><img loading=\"lazy\" decoding=\"async\" class=\"alignleft size-thumbnail wp-image-963\" src=\"http:\/\/telleymenuiserie.ch\/wordpress\/wp-content\/uploads\/2014\/12\/Porte-int\u00e9rieure-de-communication-MDF-MASSIF-CHENE-SAPIN-sur-mesure-Moulur\u00e9e-Vit\u00e9e-plaqu\u00e9e-TELLEY-236-150x150.jpg\" alt=\"Porte int\u00e9rieure de communication MDF MASSIF  CHENE  SAPIN sur mesure Moulur\u00e9e Vit\u00e9e plaqu\u00e9e  TELLEY   (236)\" width=\"150\" height=\"150\" \/><\/a> <a href=\"http:\/\/telleymenuiserie.ch\/wordpress\/wp-content\/uploads\/2014\/12\/Porte-int\u00e9rieure-de-communication-MDF-MASSIF-CHENE-SAPIN-sur-mesure-Moulur\u00e9e-Vit\u00e9e-plaqu\u00e9e-TELLEY-235.jpg\"><img loading=\"lazy\" decoding=\"async\" class=\"alignleft size-thumbnail wp-image-962\" src=\"http:\/\/telleymenuiserie.ch\/wordpress\/wp-content\/uploads\/2014\/12\/Porte-int\u00e9rieure-de-communication-MDF-MASSIF-CHENE-SAPIN-sur-mesure-Moulur\u00e9e-Vit\u00e9e-plaqu\u00e9e-TELLEY-235-150x150.jpg\" alt=\"Porte int\u00e9rieure de communication MDF MASSIF  CHENE  SAPIN sur mesure Moulur\u00e9e Vit\u00e9e plaqu\u00e9e  TELLEY   (235)\" width=\"150\" height=\"150\" \/><\/a> <a href=\"http:\/\/telleymenuiserie.ch\/wordpress\/wp-content\/uploads\/2014\/12\/Porte-int\u00e9rieure-de-communication-MDF-MASSIF-CHENE-SAPIN-sur-mesure-Moulur\u00e9e-Vit\u00e9e-plaqu\u00e9e-TELLEY-234.jpg\"><img loading=\"lazy\" decoding=\"async\" class=\"alignleft size-thumbnail wp-image-961\" src=\"http:\/\/telleymenuiserie.ch\/wordpress\/wp-content\/uploads\/2014\/12\/Porte-int\u00e9rieure-de-communication-MDF-MASSIF-CHENE-SAPIN-sur-mesure-Moulur\u00e9e-Vit\u00e9e-plaqu\u00e9e-TELLEY-234-150x150.jpg\" alt=\"Porte int\u00e9rieure de communication MDF MASSIF  CHENE  SAPIN sur mesure Moulur\u00e9e Vit\u00e9e plaqu\u00e9e  TELLEY   (234)\" width=\"150\" height=\"150\" \/><\/a> <a href=\"http:\/\/telleymenuiserie.ch\/wordpress\/wp-content\/uploads\/2014\/12\/Porte-int\u00e9rieure-de-communication-MDF-MASSIF-CHENE-SAPIN-sur-mesure-Moulur\u00e9e-Vit\u00e9e-plaqu\u00e9e-TELLEY-233.jpg\"><img loading=\"lazy\" decoding=\"async\" class=\"alignleft size-thumbnail wp-image-960\" src=\"http:\/\/telleymenuiserie.ch\/wordpress\/wp-content\/uploads\/2014\/12\/Porte-int\u00e9rieure-de-communication-MDF-MASSIF-CHENE-SAPIN-sur-mesure-Moulur\u00e9e-Vit\u00e9e-plaqu\u00e9e-TELLEY-233-150x150.jpg\" alt=\"Porte int\u00e9rieure de communication MDF MASSIF  CHENE  SAPIN sur mesure Moulur\u00e9e Vit\u00e9e plaqu\u00e9e  TELLEY   (233)\" width=\"150\" height=\"150\" \/><\/a> <a href=\"http:\/\/telleymenuiserie.ch\/wordpress\/wp-content\/uploads\/2014\/12\/Porte-int\u00e9rieure-de-communication-MDF-MASSIF-CHENE-SAPIN-sur-mesure-Moulur\u00e9e-Vit\u00e9e-plaqu\u00e9e-TELLEY-232.jpg\"><img loading=\"lazy\" decoding=\"async\" class=\"alignleft size-thumbnail wp-image-959\" src=\"http:\/\/telleymenuiserie.ch\/wordpress\/wp-content\/uploads\/2014\/12\/Porte-int\u00e9rieure-de-communication-MDF-MASSIF-CHENE-SAPIN-sur-mesure-Moulur\u00e9e-Vit\u00e9e-plaqu\u00e9e-TELLEY-232-150x150.jpg\" alt=\"Porte int\u00e9rieure de communication MDF MASSIF  CHENE  SAPIN sur mesure Moulur\u00e9e Vit\u00e9e plaqu\u00e9e  TELLEY   (232)\" width=\"150\" height=\"150\" \/><\/a> <a href=\"http:\/\/telleymenuiserie.ch\/wordpress\/wp-content\/uploads\/2014\/12\/Porte-int\u00e9rieure-de-communication-MDF-MASSIF-CHENE-SAPIN-sur-mesure-Moulur\u00e9e-Vit\u00e9e-plaqu\u00e9e-TELLEY-231.jpg\"><img loading=\"lazy\" decoding=\"async\" class=\"alignleft size-thumbnail wp-image-958\" src=\"http:\/\/telleymenuiserie.ch\/wordpress\/wp-content\/uploads\/2014\/12\/Porte-int\u00e9rieure-de-communication-MDF-MASSIF-CHENE-SAPIN-sur-mesure-Moulur\u00e9e-Vit\u00e9e-plaqu\u00e9e-TELLEY-231-150x150.jpg\" alt=\"Porte int\u00e9rieure de communication MDF MASSIF  CHENE  SAPIN sur mesure Moulur\u00e9e Vit\u00e9e plaqu\u00e9e  TELLEY   (231)\" width=\"150\" height=\"150\" \/><\/a> <a href=\"http:\/\/telleymenuiserie.ch\/wordpress\/wp-content\/uploads\/2014\/12\/Porte-int\u00e9rieure-de-communication-MDF-MASSIF-CHENE-SAPIN-sur-mesure-Moulur\u00e9e-Vit\u00e9e-plaqu\u00e9e-TELLEY-227.jpg\"><img loading=\"lazy\" decoding=\"async\" class=\"alignleft size-thumbnail wp-image-954\" src=\"http:\/\/telleymenuiserie.ch\/wordpress\/wp-content\/uploads\/2014\/12\/Porte-int\u00e9rieure-de-communication-MDF-MASSIF-CHENE-SAPIN-sur-mesure-Moulur\u00e9e-Vit\u00e9e-plaqu\u00e9e-TELLEY-227-150x150.jpg\" alt=\"Porte-int\u00e9rieure-de-communication-MDF-MASSIF-CHENE-SAPIN-sur-mesure-Moulur\u00e9e-Vit\u00e9e-plaqu\u00e9e-TELLEY-227\" width=\"150\" height=\"150\" \/><\/a> <a href=\"http:\/\/telleymenuiserie.ch\/wordpress\/wp-content\/uploads\/2014\/12\/Porte-int\u00e9rieure-de-communication-MDF-MASSIF-CHENE-SAPIN-sur-mesure-Moulur\u00e9e-Vit\u00e9e-plaqu\u00e9e-TELLEY-226.jpg\"><img loading=\"lazy\" decoding=\"async\" class=\"alignleft size-thumbnail wp-image-953\" src=\"http:\/\/telleymenuiserie.ch\/wordpress\/wp-content\/uploads\/2014\/12\/Porte-int\u00e9rieure-de-communication-MDF-MASSIF-CHENE-SAPIN-sur-mesure-Moulur\u00e9e-Vit\u00e9e-plaqu\u00e9e-TELLEY-226-150x150.jpg\" alt=\"Porte-int\u00e9rieure-de-communication-MDF-MASSIF-CHENE-SAPIN-sur-mesure-Moulur\u00e9e-Vit\u00e9e-plaqu\u00e9e-TELLEY-226\" width=\"150\" height=\"150\" \/><\/a> <a href=\"http:\/\/telleymenuiserie.ch\/wordpress\/wp-content\/uploads\/2014\/12\/Porte-int\u00e9rieure-de-communication-MDF-MASSIF-CHENE-SAPIN-sur-mesure-Moulur\u00e9e-Vit\u00e9e-plaqu\u00e9e-TELLEY-225.jpg\"><img loading=\"lazy\" decoding=\"async\" class=\"alignleft size-thumbnail wp-image-952\" src=\"http:\/\/telleymenuiserie.ch\/wordpress\/wp-content\/uploads\/2014\/12\/Porte-int\u00e9rieure-de-communication-MDF-MASSIF-CHENE-SAPIN-sur-mesure-Moulur\u00e9e-Vit\u00e9e-plaqu\u00e9e-TELLEY-225-150x150.jpg\" alt=\"Porte-int\u00e9rieure-de-communication-MDF-MASSIF-CHENE-SAPIN-sur-mesure-Moulur\u00e9e-Vit\u00e9e-plaqu\u00e9e-TELLEY-225\" width=\"150\" height=\"150\" \/><\/a> <a href=\"http:\/\/telleymenuiserie.ch\/wordpress\/wp-content\/uploads\/2014\/12\/Porte-int\u00e9rieure-de-communication-MDF-MASSIF-CHENE-SAPIN-sur-mesure-Moulur\u00e9e-Vit\u00e9e-plaqu\u00e9e-TELLEY-224.jpg\"><img loading=\"lazy\" decoding=\"async\" class=\"alignleft size-thumbnail wp-image-951\" src=\"http:\/\/telleymenuiserie.ch\/wordpress\/wp-content\/uploads\/2014\/12\/Porte-int\u00e9rieure-de-communication-MDF-MASSIF-CHENE-SAPIN-sur-mesure-Moulur\u00e9e-Vit\u00e9e-plaqu\u00e9e-TELLEY-224-150x150.jpg\" alt=\"Porte-int\u00e9rieure-de-communication-MDF-MASSIF-CHENE-SAPIN-sur-mesure-Moulur\u00e9e-Vit\u00e9e-plaqu\u00e9e-TELLEY-224\" width=\"150\" height=\"150\" \/><\/a> <a href=\"http:\/\/telleymenuiserie.ch\/wordpress\/wp-content\/uploads\/2014\/12\/Porte-int\u00e9rieure-de-communication-MDF-MASSIF-CHENE-SAPIN-sur-mesure-Moulur\u00e9e-Vit\u00e9e-plaqu\u00e9e-TELLEY-223.jpg\"><img loading=\"lazy\" decoding=\"async\" class=\"alignleft size-thumbnail wp-image-950\" src=\"http:\/\/telleymenuiserie.ch\/wordpress\/wp-content\/uploads\/2014\/12\/Porte-int\u00e9rieure-de-communication-MDF-MASSIF-CHENE-SAPIN-sur-mesure-Moulur\u00e9e-Vit\u00e9e-plaqu\u00e9e-TELLEY-223-150x150.jpg\" alt=\"Porte-int\u00e9rieure-de-communication-MDF-MASSIF-CHENE-SAPIN-sur-mesure-Moulur\u00e9e-Vit\u00e9e-plaqu\u00e9e-TELLEY-223\" width=\"150\" height=\"150\" \/><\/a> <a href=\"http:\/\/telleymenuiserie.ch\/wordpress\/wp-content\/uploads\/2014\/12\/Porte-int\u00e9rieure-de-communication-MDF-MASSIF-CHENE-SAPIN-sur-mesure-Moulur\u00e9e-Vit\u00e9e-plaqu\u00e9e-TELLEY-222.jpg\"><img loading=\"lazy\" decoding=\"async\" class=\"alignleft size-thumbnail wp-image-949\" src=\"http:\/\/telleymenuiserie.ch\/wordpress\/wp-content\/uploads\/2014\/12\/Porte-int\u00e9rieure-de-communication-MDF-MASSIF-CHENE-SAPIN-sur-mesure-Moulur\u00e9e-Vit\u00e9e-plaqu\u00e9e-TELLEY-222-150x150.jpg\" alt=\"Porte-int\u00e9rieure-de-communication-MDF-MASSIF-CHENE-SAPIN-sur-mesure-Moulur\u00e9e-Vit\u00e9e-plaqu\u00e9e-TELLEY-222\" width=\"150\" height=\"150\" \/><\/a> <a href=\"http:\/\/telleymenuiserie.ch\/wordpress\/wp-content\/uploads\/2014\/12\/Porte-int\u00e9rieure-de-communication-MDF-MASSIF-CHENE-SAPIN-sur-mesure-Moulur\u00e9e-Vit\u00e9e-plaqu\u00e9e-TELLEY-221.jpg\"><img loading=\"lazy\" decoding=\"async\" class=\"alignleft size-thumbnail wp-image-948\" src=\"http:\/\/telleymenuiserie.ch\/wordpress\/wp-content\/uploads\/2014\/12\/Porte-int\u00e9rieure-de-communication-MDF-MASSIF-CHENE-SAPIN-sur-mesure-Moulur\u00e9e-Vit\u00e9e-plaqu\u00e9e-TELLEY-221-150x150.jpg\" alt=\"Porte-int\u00e9rieure-de-communication-MDF-MASSIF-CHENE-SAPIN-sur-mesure-Moulur\u00e9e-Vit\u00e9e-plaqu\u00e9e-TELLEY-221\" width=\"150\" height=\"150\" \/><\/a> <a href=\"http:\/\/telleymenuiserie.ch\/wordpress\/wp-content\/uploads\/2014\/12\/Porte-int\u00e9rieure-de-communication-MDF-MASSIF-CHENE-SAPIN-sur-mesure-Moulur\u00e9e-Vit\u00e9e-plaqu\u00e9e-TELLEY-220.jpg\"><img loading=\"lazy\" decoding=\"async\" class=\"alignleft size-thumbnail wp-image-947\" src=\"http:\/\/telleymenuiserie.ch\/wordpress\/wp-content\/uploads\/2014\/12\/Porte-int\u00e9rieure-de-communication-MDF-MASSIF-CHENE-SAPIN-sur-mesure-Moulur\u00e9e-Vit\u00e9e-plaqu\u00e9e-TELLEY-220-150x150.jpg\" alt=\"Porte-int\u00e9rieure-de-communication-MDF-MASSIF-CHENE-SAPIN-sur-mesure-Moulur\u00e9e-Vit\u00e9e-plaqu\u00e9e-TELLEY-220\" width=\"150\" height=\"150\" \/><\/a> <a href=\"http:\/\/telleymenuiserie.ch\/wordpress\/wp-content\/uploads\/2014\/12\/Porte-int\u00e9rieure-de-communication-MDF-MASSIF-CHENE-SAPIN-sur-mesure-Moulur\u00e9e-Vit\u00e9e-plaqu\u00e9e-TELLEY-219.jpg\"><img loading=\"lazy\" decoding=\"async\" class=\"alignleft size-thumbnail wp-image-946\" src=\"http:\/\/telleymenuiserie.ch\/wordpress\/wp-content\/uploads\/2014\/12\/Porte-int\u00e9rieure-de-communication-MDF-MASSIF-CHENE-SAPIN-sur-mesure-Moulur\u00e9e-Vit\u00e9e-plaqu\u00e9e-TELLEY-219-150x150.jpg\" alt=\"Porte-int\u00e9rieure-de-communication-MDF-MASSIF-CHENE-SAPIN-sur-mesure-Moulur\u00e9e-Vit\u00e9e-plaqu\u00e9e-TELLEY-219\" width=\"150\" height=\"150\" \/><\/a> <a href=\"http:\/\/telleymenuiserie.ch\/wordpress\/wp-content\/uploads\/2014\/12\/Porte-int\u00e9rieure-de-communication-MDF-MASSIF-CHENE-SAPIN-sur-mesure-Moulur\u00e9e-Vit\u00e9e-plaqu\u00e9e-TELLEY-218.jpg\"><img loading=\"lazy\" decoding=\"async\" class=\"alignleft size-thumbnail wp-image-945\" src=\"http:\/\/telleymenuiserie.ch\/wordpress\/wp-content\/uploads\/2014\/12\/Porte-int\u00e9rieure-de-communication-MDF-MASSIF-CHENE-SAPIN-sur-mesure-Moulur\u00e9e-Vit\u00e9e-plaqu\u00e9e-TELLEY-218-150x150.jpg\" alt=\"Porte-int\u00e9rieure-de-communication-MDF-MASSIF-CHENE-SAPIN-sur-mesure-Moulur\u00e9e-Vit\u00e9e-plaqu\u00e9e-TELLEY-218\" width=\"150\" height=\"150\" \/><\/a> <a href=\"http:\/\/telleymenuiserie.ch\/wordpress\/wp-content\/uploads\/2014\/12\/Porte-int\u00e9rieure-de-communication-MDF-MASSIF-CHENE-SAPIN-sur-mesure-Moulur\u00e9e-Vit\u00e9e-plaqu\u00e9e-TELLEY-217.jpg\"><img loading=\"lazy\" decoding=\"async\" class=\"alignleft size-thumbnail wp-image-944\" src=\"http:\/\/telleymenuiserie.ch\/wordpress\/wp-content\/uploads\/2014\/12\/Porte-int\u00e9rieure-de-communication-MDF-MASSIF-CHENE-SAPIN-sur-mesure-Moulur\u00e9e-Vit\u00e9e-plaqu\u00e9e-TELLEY-217-150x150.jpg\" alt=\"Porte-int\u00e9rieure-de-communication-MDF-MASSIF-CHENE-SAPIN-sur-mesure-Moulur\u00e9e-Vit\u00e9e-plaqu\u00e9e-TELLEY-217\" width=\"150\" height=\"150\" \/><\/a> <a href=\"http:\/\/telleymenuiserie.ch\/wordpress\/wp-content\/uploads\/2014\/12\/Porte-int\u00e9rieure-de-communication-MDF-MASSIF-CHENE-SAPIN-sur-mesure-Moulur\u00e9e-Vit\u00e9e-plaqu\u00e9e-TELLEY-216.jpg\"><img loading=\"lazy\" decoding=\"async\" class=\"alignleft size-thumbnail wp-image-943\" src=\"http:\/\/telleymenuiserie.ch\/wordpress\/wp-content\/uploads\/2014\/12\/Porte-int\u00e9rieure-de-communication-MDF-MASSIF-CHENE-SAPIN-sur-mesure-Moulur\u00e9e-Vit\u00e9e-plaqu\u00e9e-TELLEY-216-150x150.jpg\" alt=\"Porte-int\u00e9rieure-de-communication-MDF-MASSIF-CHENE-SAPIN-sur-mesure-Moulur\u00e9e-Vit\u00e9e-plaqu\u00e9e-TELLEY-216\" width=\"150\" height=\"150\" \/><\/a> <a href=\"http:\/\/telleymenuiserie.ch\/wordpress\/wp-content\/uploads\/2014\/12\/Porte-int\u00e9rieure-de-communication-MDF-MASSIF-CHENE-SAPIN-sur-mesure-Moulur\u00e9e-Vit\u00e9e-plaqu\u00e9e-TELLEY-215.jpg\"><img loading=\"lazy\" decoding=\"async\" class=\"alignleft size-thumbnail wp-image-942\" src=\"http:\/\/telleymenuiserie.ch\/wordpress\/wp-content\/uploads\/2014\/12\/Porte-int\u00e9rieure-de-communication-MDF-MASSIF-CHENE-SAPIN-sur-mesure-Moulur\u00e9e-Vit\u00e9e-plaqu\u00e9e-TELLEY-215-150x150.jpg\" alt=\"Porte-int\u00e9rieure-de-communication-MDF-MASSIF-CHENE-SAPIN-sur-mesure-Moulur\u00e9e-Vit\u00e9e-plaqu\u00e9e-TELLEY-215\" width=\"150\" height=\"150\" \/><\/a> <a href=\"http:\/\/telleymenuiserie.ch\/wordpress\/wp-content\/uploads\/2014\/12\/Porte-int\u00e9rieure-de-communication-MDF-MASSIF-CHENE-SAPIN-sur-mesure-Moulur\u00e9e-Vit\u00e9e-plaqu\u00e9e-TELLEY-214.jpg\"><img loading=\"lazy\" decoding=\"async\" class=\"alignleft size-thumbnail wp-image-941\" src=\"http:\/\/telleymenuiserie.ch\/wordpress\/wp-content\/uploads\/2014\/12\/Porte-int\u00e9rieure-de-communication-MDF-MASSIF-CHENE-SAPIN-sur-mesure-Moulur\u00e9e-Vit\u00e9e-plaqu\u00e9e-TELLEY-214-150x150.jpg\" alt=\"Porte-int\u00e9rieure-de-communication-MDF-MASSIF-CHENE-SAPIN-sur-mesure-Moulur\u00e9e-Vit\u00e9e-plaqu\u00e9e-TELLEY-214\" width=\"150\" height=\"150\" \/><\/a> <a href=\"http:\/\/telleymenuiserie.ch\/wordpress\/wp-content\/uploads\/2014\/12\/Porte-int\u00e9rieure-de-communication-MDF-MASSIF-CHENE-SAPIN-sur-mesure-Moulur\u00e9e-Vit\u00e9e-plaqu\u00e9e-TELLEY-213.jpg\"><img loading=\"lazy\" decoding=\"async\" class=\"alignleft size-thumbnail wp-image-940\" src=\"http:\/\/telleymenuiserie.ch\/wordpress\/wp-content\/uploads\/2014\/12\/Porte-int\u00e9rieure-de-communication-MDF-MASSIF-CHENE-SAPIN-sur-mesure-Moulur\u00e9e-Vit\u00e9e-plaqu\u00e9e-TELLEY-213-150x150.jpg\" alt=\"Porte-int\u00e9rieure-de-communication-MDF-MASSIF-CHENE-SAPIN-sur-mesure-Moulur\u00e9e-Vit\u00e9e-plaqu\u00e9e-TELLEY-213\" width=\"150\" height=\"150\" \/><\/a> <a href=\"http:\/\/telleymenuiserie.ch\/wordpress\/wp-content\/uploads\/2014\/12\/Porte-int\u00e9rieure-de-communication-MDF-MASSIF-CHENE-SAPIN-sur-mesure-Moulur\u00e9e-Vit\u00e9e-plaqu\u00e9e-TELLEY-212.jpg\"><img loading=\"lazy\" decoding=\"async\" class=\"alignleft size-thumbnail wp-image-939\" src=\"http:\/\/telleymenuiserie.ch\/wordpress\/wp-content\/uploads\/2014\/12\/Porte-int\u00e9rieure-de-communication-MDF-MASSIF-CHENE-SAPIN-sur-mesure-Moulur\u00e9e-Vit\u00e9e-plaqu\u00e9e-TELLEY-212-150x150.jpg\" alt=\"Porte-int\u00e9rieure-de-communication-MDF-MASSIF-CHENE-SAPIN-sur-mesure-Moulur\u00e9e-Vit\u00e9e-plaqu\u00e9e-TELLEY-212\" width=\"150\" height=\"150\" \/><\/a> <a href=\"http:\/\/telleymenuiserie.ch\/wordpress\/wp-content\/uploads\/2014\/12\/Porte-int\u00e9rieure-de-communication-MDF-MASSIF-CHENE-SAPIN-sur-mesure-Moulur\u00e9e-Vit\u00e9e-plaqu\u00e9e-TELLEY-191.jpg\"><img loading=\"lazy\" decoding=\"async\" class=\"alignleft size-thumbnail wp-image-918\" src=\"http:\/\/telleymenuiserie.ch\/wordpress\/wp-content\/uploads\/2014\/12\/Porte-int\u00e9rieure-de-communication-MDF-MASSIF-CHENE-SAPIN-sur-mesure-Moulur\u00e9e-Vit\u00e9e-plaqu\u00e9e-TELLEY-191-150x150.jpg\" alt=\"Porte-int\u00e9rieure-de-communication-MDF-MASSIF-CHENE-SAPIN-sur-mesure-Moulur\u00e9e-Vit\u00e9e-plaqu\u00e9e-TELLEY-191\" width=\"150\" height=\"150\" \/><\/a> <a href=\"http:\/\/telleymenuiserie.ch\/wordpress\/wp-content\/uploads\/2014\/12\/Porte-int\u00e9rieure-de-communication-MDF-MASSIF-CHENE-SAPIN-sur-mesure-Moulur\u00e9e-Vit\u00e9e-plaqu\u00e9e-TELLEY-190.jpg\"><img loading=\"lazy\" decoding=\"async\" class=\"alignleft size-thumbnail wp-image-917\" src=\"http:\/\/telleymenuiserie.ch\/wordpress\/wp-content\/uploads\/2014\/12\/Porte-int\u00e9rieure-de-communication-MDF-MASSIF-CHENE-SAPIN-sur-mesure-Moulur\u00e9e-Vit\u00e9e-plaqu\u00e9e-TELLEY-190-150x150.jpg\" alt=\"Porte-int\u00e9rieure-de-communication-MDF-MASSIF-CHENE-SAPIN-sur-mesure-Moulur\u00e9e-Vit\u00e9e-plaqu\u00e9e-TELLEY-190\" width=\"150\" height=\"150\" \/><\/a> <a href=\"http:\/\/telleymenuiserie.ch\/wordpress\/wp-content\/uploads\/2014\/12\/Porte-int\u00e9rieure-de-communication-MDF-MASSIF-CHENE-SAPIN-sur-mesure-Moulur\u00e9e-Vit\u00e9e-plaqu\u00e9e-TELLEY-189.jpg\"><img loading=\"lazy\" decoding=\"async\" class=\"alignleft size-thumbnail wp-image-916\" src=\"http:\/\/telleymenuiserie.ch\/wordpress\/wp-content\/uploads\/2014\/12\/Porte-int\u00e9rieure-de-communication-MDF-MASSIF-CHENE-SAPIN-sur-mesure-Moulur\u00e9e-Vit\u00e9e-plaqu\u00e9e-TELLEY-189-150x150.jpg\" alt=\"Porte-int\u00e9rieure-de-communication-MDF-MASSIF-CHENE-SAPIN-sur-mesure-Moulur\u00e9e-Vit\u00e9e-plaqu\u00e9e-TELLEY-189\" width=\"150\" height=\"150\" \/><\/a> <a href=\"http:\/\/telleymenuiserie.ch\/wordpress\/wp-content\/uploads\/2014\/12\/Porte-int\u00e9rieure-de-communication-MDF-MASSIF-CHENE-SAPIN-sur-mesure-Moulur\u00e9e-Vit\u00e9e-plaqu\u00e9e-TELLEY-188.jpg\"><img loading=\"lazy\" decoding=\"async\" class=\"alignleft size-thumbnail wp-image-915\" src=\"http:\/\/telleymenuiserie.ch\/wordpress\/wp-content\/uploads\/2014\/12\/Porte-int\u00e9rieure-de-communication-MDF-MASSIF-CHENE-SAPIN-sur-mesure-Moulur\u00e9e-Vit\u00e9e-plaqu\u00e9e-TELLEY-188-150x150.jpg\" alt=\"Porte-int\u00e9rieure-de-communication-MDF-MASSIF-CHENE-SAPIN-sur-mesure-Moulur\u00e9e-Vit\u00e9e-plaqu\u00e9e-TELLEY-188\" width=\"150\" height=\"150\" \/><\/a> <a href=\"http:\/\/telleymenuiserie.ch\/wordpress\/wp-content\/uploads\/2014\/12\/Porte-int\u00e9rieure-de-communication-MDF-MASSIF-CHENE-SAPIN-sur-mesure-Moulur\u00e9e-Vit\u00e9e-plaqu\u00e9e-TELLEY-187.jpg\"><img loading=\"lazy\" decoding=\"async\" class=\"alignleft size-thumbnail wp-image-914\" src=\"http:\/\/telleymenuiserie.ch\/wordpress\/wp-content\/uploads\/2014\/12\/Porte-int\u00e9rieure-de-communication-MDF-MASSIF-CHENE-SAPIN-sur-mesure-Moulur\u00e9e-Vit\u00e9e-plaqu\u00e9e-TELLEY-187-150x150.jpg\" alt=\"Porte-int\u00e9rieure-de-communication-MDF-MASSIF-CHENE-SAPIN-sur-mesure-Moulur\u00e9e-Vit\u00e9e-plaqu\u00e9e-TELLEY-187\" width=\"150\" height=\"150\" \/><\/a> <a href=\"http:\/\/telleymenuiserie.ch\/wordpress\/wp-content\/uploads\/2014\/12\/Porte-int\u00e9rieure-de-communication-MDF-MASSIF-CHENE-SAPIN-sur-mesure-Moulur\u00e9e-Vit\u00e9e-plaqu\u00e9e-TELLEY-186.jpg\"><img loading=\"lazy\" decoding=\"async\" class=\"alignleft size-thumbnail wp-image-913\" src=\"http:\/\/telleymenuiserie.ch\/wordpress\/wp-content\/uploads\/2014\/12\/Porte-int\u00e9rieure-de-communication-MDF-MASSIF-CHENE-SAPIN-sur-mesure-Moulur\u00e9e-Vit\u00e9e-plaqu\u00e9e-TELLEY-186-150x150.jpg\" alt=\"Porte-int\u00e9rieure-de-communication-MDF-MASSIF-CHENE-SAPIN-sur-mesure-Moulur\u00e9e-Vit\u00e9e-plaqu\u00e9e-TELLEY-186\" width=\"150\" height=\"150\" \/><\/a> <a href=\"http:\/\/telleymenuiserie.ch\/wordpress\/wp-content\/uploads\/2014\/12\/Porte-int\u00e9rieure-de-communication-MDF-MASSIF-CHENE-SAPIN-sur-mesure-Moulur\u00e9e-Vit\u00e9e-plaqu\u00e9e-TELLEY-185.jpg\"><img loading=\"lazy\" decoding=\"async\" class=\"alignleft size-thumbnail wp-image-912\" src=\"http:\/\/telleymenuiserie.ch\/wordpress\/wp-content\/uploads\/2014\/12\/Porte-int\u00e9rieure-de-communication-MDF-MASSIF-CHENE-SAPIN-sur-mesure-Moulur\u00e9e-Vit\u00e9e-plaqu\u00e9e-TELLEY-185-150x150.jpg\" alt=\"Porte-int\u00e9rieure-de-communication-MDF-MASSIF-CHENE-SAPIN-sur-mesure-Moulur\u00e9e-Vit\u00e9e-plaqu\u00e9e-TELLEY-185\" width=\"150\" height=\"150\" \/><\/a> <a href=\"http:\/\/telleymenuiserie.ch\/wordpress\/wp-content\/uploads\/2014\/12\/Porte-int\u00e9rieure-de-communication-MDF-MASSIF-CHENE-SAPIN-sur-mesure-Moulur\u00e9e-Vit\u00e9e-plaqu\u00e9e-TELLEY-184.jpg\"><img loading=\"lazy\" decoding=\"async\" class=\"alignleft size-thumbnail wp-image-911\" src=\"http:\/\/telleymenuiserie.ch\/wordpress\/wp-content\/uploads\/2014\/12\/Porte-int\u00e9rieure-de-communication-MDF-MASSIF-CHENE-SAPIN-sur-mesure-Moulur\u00e9e-Vit\u00e9e-plaqu\u00e9e-TELLEY-184-150x150.jpg\" alt=\"Porte-int\u00e9rieure-de-communication-MDF-MASSIF-CHENE-SAPIN-sur-mesure-Moulur\u00e9e-Vit\u00e9e-plaqu\u00e9e-TELLEY-184\" width=\"150\" height=\"150\" \/><\/a> <a href=\"http:\/\/telleymenuiserie.ch\/wordpress\/wp-content\/uploads\/2014\/12\/Porte-int\u00e9rieure-de-communication-MDF-MASSIF-CHENE-SAPIN-sur-mesure-Moulur\u00e9e-Vit\u00e9e-plaqu\u00e9e-TELLEY-183.jpg\"><img loading=\"lazy\" decoding=\"async\" class=\"alignleft size-thumbnail wp-image-910\" src=\"http:\/\/telleymenuiserie.ch\/wordpress\/wp-content\/uploads\/2014\/12\/Porte-int\u00e9rieure-de-communication-MDF-MASSIF-CHENE-SAPIN-sur-mesure-Moulur\u00e9e-Vit\u00e9e-plaqu\u00e9e-TELLEY-183-150x150.jpg\" alt=\"Porte-int\u00e9rieure-de-communication-MDF-MASSIF-CHENE-SAPIN-sur-mesure-Moulur\u00e9e-Vit\u00e9e-plaqu\u00e9e-TELLEY-183\" width=\"150\" height=\"150\" \/><\/a> <a href=\"http:\/\/telleymenuiserie.ch\/wordpress\/wp-content\/uploads\/2014\/12\/Porte-int\u00e9rieure-de-communication-MDF-MASSIF-CHENE-SAPIN-sur-mesure-Moulur\u00e9e-Vit\u00e9e-plaqu\u00e9e-TELLEY-182.jpg\"><img loading=\"lazy\" decoding=\"async\" class=\"alignleft size-thumbnail wp-image-909\" src=\"http:\/\/telleymenuiserie.ch\/wordpress\/wp-content\/uploads\/2014\/12\/Porte-int\u00e9rieure-de-communication-MDF-MASSIF-CHENE-SAPIN-sur-mesure-Moulur\u00e9e-Vit\u00e9e-plaqu\u00e9e-TELLEY-182-150x150.jpg\" alt=\"Porte-int\u00e9rieure-de-communication-MDF-MASSIF-CHENE-SAPIN-sur-mesure-Moulur\u00e9e-Vit\u00e9e-plaqu\u00e9e-TELLEY-182\" width=\"150\" height=\"150\" \/><\/a> <a href=\"http:\/\/telleymenuiserie.ch\/wordpress\/wp-content\/uploads\/2014\/12\/Porte-int\u00e9rieure-de-communication-MDF-MASSIF-CHENE-SAPIN-sur-mesure-Moulur\u00e9e-Vit\u00e9e-plaqu\u00e9e-TELLEY-181.jpg\"><img loading=\"lazy\" decoding=\"async\" class=\"alignleft size-thumbnail wp-image-908\" src=\"http:\/\/telleymenuiserie.ch\/wordpress\/wp-content\/uploads\/2014\/12\/Porte-int\u00e9rieure-de-communication-MDF-MASSIF-CHENE-SAPIN-sur-mesure-Moulur\u00e9e-Vit\u00e9e-plaqu\u00e9e-TELLEY-181-150x150.jpg\" alt=\"Porte-int\u00e9rieure-de-communication-MDF-MASSIF-CHENE-SAPIN-sur-mesure-Moulur\u00e9e-Vit\u00e9e-plaqu\u00e9e-TELLEY-181\" width=\"150\" height=\"150\" \/><\/a> <a href=\"http:\/\/telleymenuiserie.ch\/wordpress\/wp-content\/uploads\/2014\/12\/Porte-int\u00e9rieure-de-communication-MDF-MASSIF-CHENE-SAPIN-sur-mesure-Moulur\u00e9e-Vit\u00e9e-plaqu\u00e9e-TELLEY-180.jpg\"><img loading=\"lazy\" decoding=\"async\" class=\"alignleft size-thumbnail wp-image-907\" src=\"http:\/\/telleymenuiserie.ch\/wordpress\/wp-content\/uploads\/2014\/12\/Porte-int\u00e9rieure-de-communication-MDF-MASSIF-CHENE-SAPIN-sur-mesure-Moulur\u00e9e-Vit\u00e9e-plaqu\u00e9e-TELLEY-180-150x150.jpg\" alt=\"Porte-int\u00e9rieure-de-communication-MDF-MASSIF-CHENE-SAPIN-sur-mesure-Moulur\u00e9e-Vit\u00e9e-plaqu\u00e9e-TELLEY-180\" width=\"150\" height=\"150\" \/><\/a> <a href=\"http:\/\/telleymenuiserie.ch\/wordpress\/wp-content\/uploads\/2014\/12\/Porte-int\u00e9rieure-de-communication-MDF-MASSIF-CHENE-SAPIN-sur-mesure-Moulur\u00e9e-Vit\u00e9e-plaqu\u00e9e-TELLEY-179.jpg\"><img loading=\"lazy\" decoding=\"async\" class=\"alignleft size-thumbnail wp-image-906\" src=\"http:\/\/telleymenuiserie.ch\/wordpress\/wp-content\/uploads\/2014\/12\/Porte-int\u00e9rieure-de-communication-MDF-MASSIF-CHENE-SAPIN-sur-mesure-Moulur\u00e9e-Vit\u00e9e-plaqu\u00e9e-TELLEY-179-150x150.jpg\" alt=\"Porte-int\u00e9rieure-de-communication-MDF-MASSIF-CHENE-SAPIN-sur-mesure-Moulur\u00e9e-Vit\u00e9e-plaqu\u00e9e-TELLEY-179\" width=\"150\" height=\"150\" \/><\/a> <a href=\"http:\/\/telleymenuiserie.ch\/wordpress\/wp-content\/uploads\/2014\/12\/Porte-int\u00e9rieure-de-communication-MDF-MASSIF-CHENE-SAPIN-sur-mesure-Moulur\u00e9e-Vit\u00e9e-plaqu\u00e9e-TELLEY-178.jpg\"><img loading=\"lazy\" decoding=\"async\" class=\"alignleft size-thumbnail wp-image-905\" src=\"http:\/\/telleymenuiserie.ch\/wordpress\/wp-content\/uploads\/2014\/12\/Porte-int\u00e9rieure-de-communication-MDF-MASSIF-CHENE-SAPIN-sur-mesure-Moulur\u00e9e-Vit\u00e9e-plaqu\u00e9e-TELLEY-178-150x150.jpg\" alt=\"Porte-int\u00e9rieure-de-communication-MDF-MASSIF-CHENE-SAPIN-sur-mesure-Moulur\u00e9e-Vit\u00e9e-plaqu\u00e9e-TELLEY-178\" width=\"150\" height=\"150\" \/><\/a> <a href=\"http:\/\/telleymenuiserie.ch\/wordpress\/wp-content\/uploads\/2014\/12\/Porte-int\u00e9rieure-de-communication-MDF-MASSIF-CHENE-SAPIN-sur-mesure-Moulur\u00e9e-Vit\u00e9e-plaqu\u00e9e-TELLEY-177.jpg\"><img loading=\"lazy\" decoding=\"async\" class=\"alignleft size-thumbnail wp-image-904\" src=\"http:\/\/telleymenuiserie.ch\/wordpress\/wp-content\/uploads\/2014\/12\/Porte-int\u00e9rieure-de-communication-MDF-MASSIF-CHENE-SAPIN-sur-mesure-Moulur\u00e9e-Vit\u00e9e-plaqu\u00e9e-TELLEY-177-150x150.jpg\" alt=\"Porte-int\u00e9rieure-de-communication-MDF-MASSIF-CHENE-SAPIN-sur-mesure-Moulur\u00e9e-Vit\u00e9e-plaqu\u00e9e-TELLEY-177\" width=\"150\" height=\"150\" \/><\/a> <a href=\"http:\/\/telleymenuiserie.ch\/wordpress\/wp-content\/uploads\/2014\/12\/Porte-int\u00e9rieure-de-communication-MDF-MASSIF-CHENE-SAPIN-sur-mesure-Moulur\u00e9e-Vit\u00e9e-plaqu\u00e9e-TELLEY-176.jpg\"><img loading=\"lazy\" decoding=\"async\" class=\"alignleft size-thumbnail wp-image-903\" src=\"http:\/\/telleymenuiserie.ch\/wordpress\/wp-content\/uploads\/2014\/12\/Porte-int\u00e9rieure-de-communication-MDF-MASSIF-CHENE-SAPIN-sur-mesure-Moulur\u00e9e-Vit\u00e9e-plaqu\u00e9e-TELLEY-176-150x150.jpg\" alt=\"Porte-int\u00e9rieure-de-communication-MDF-MASSIF-CHENE-SAPIN-sur-mesure-Moulur\u00e9e-Vit\u00e9e-plaqu\u00e9e-TELLEY-176\" width=\"150\" height=\"150\" \/><\/a> <a href=\"http:\/\/telleymenuiserie.ch\/wordpress\/wp-content\/uploads\/2014\/12\/Porte-int\u00e9rieure-de-communication-MDF-MASSIF-CHENE-SAPIN-sur-mesure-Moulur\u00e9e-Vit\u00e9e-plaqu\u00e9e-TELLEY-175.jpg\"><img loading=\"lazy\" decoding=\"async\" class=\"alignleft size-thumbnail wp-image-902\" src=\"http:\/\/telleymenuiserie.ch\/wordpress\/wp-content\/uploads\/2014\/12\/Porte-int\u00e9rieure-de-communication-MDF-MASSIF-CHENE-SAPIN-sur-mesure-Moulur\u00e9e-Vit\u00e9e-plaqu\u00e9e-TELLEY-175-150x150.jpg\" alt=\"Porte-int\u00e9rieure-de-communication-MDF-MASSIF-CHENE-SAPIN-sur-mesure-Moulur\u00e9e-Vit\u00e9e-plaqu\u00e9e-TELLEY-175\" width=\"150\" height=\"150\" \/><\/a> <a href=\"http:\/\/telleymenuiserie.ch\/wordpress\/wp-content\/uploads\/2014\/12\/Porte-int\u00e9rieure-de-communication-MDF-MASSIF-CHENE-SAPIN-sur-mesure-Moulur\u00e9e-Vit\u00e9e-plaqu\u00e9e-TELLEY-174.jpg\"><img loading=\"lazy\" decoding=\"async\" class=\"alignleft size-thumbnail wp-image-901\" src=\"http:\/\/telleymenuiserie.ch\/wordpress\/wp-content\/uploads\/2014\/12\/Porte-int\u00e9rieure-de-communication-MDF-MASSIF-CHENE-SAPIN-sur-mesure-Moulur\u00e9e-Vit\u00e9e-plaqu\u00e9e-TELLEY-174-150x150.jpg\" alt=\"Porte-int\u00e9rieure-de-communication-MDF-MASSIF-CHENE-SAPIN-sur-mesure-Moulur\u00e9e-Vit\u00e9e-plaqu\u00e9e-TELLEY-174\" width=\"150\" height=\"150\" \/><\/a> <a href=\"http:\/\/telleymenuiserie.ch\/wordpress\/wp-content\/uploads\/2014\/12\/Porte-int\u00e9rieure-de-communication-MDF-MASSIF-CHENE-SAPIN-sur-mesure-Moulur\u00e9e-Vit\u00e9e-plaqu\u00e9e-TELLEY-173.jpg\"><img loading=\"lazy\" decoding=\"async\" class=\"alignleft size-thumbnail wp-image-900\" src=\"http:\/\/telleymenuiserie.ch\/wordpress\/wp-content\/uploads\/2014\/12\/Porte-int\u00e9rieure-de-communication-MDF-MASSIF-CHENE-SAPIN-sur-mesure-Moulur\u00e9e-Vit\u00e9e-plaqu\u00e9e-TELLEY-173-150x150.jpg\" alt=\"Porte-int\u00e9rieure-de-communication-MDF-MASSIF-CHENE-SAPIN-sur-mesure-Moulur\u00e9e-Vit\u00e9e-plaqu\u00e9e-TELLEY-173\" width=\"150\" height=\"150\" \/><\/a> <a href=\"http:\/\/telleymenuiserie.ch\/wordpress\/wp-content\/uploads\/2014\/12\/Porte-int\u00e9rieure-de-communication-MDF-MASSIF-CHENE-SAPIN-sur-mesure-Moulur\u00e9e-Vit\u00e9e-plaqu\u00e9e-TELLEY-172.jpg\"><img loading=\"lazy\" decoding=\"async\" class=\"alignleft size-thumbnail wp-image-899\" src=\"http:\/\/telleymenuiserie.ch\/wordpress\/wp-content\/uploads\/2014\/12\/Porte-int\u00e9rieure-de-communication-MDF-MASSIF-CHENE-SAPIN-sur-mesure-Moulur\u00e9e-Vit\u00e9e-plaqu\u00e9e-TELLEY-172-150x150.jpg\" alt=\"Porte-int\u00e9rieure-de-communication-MDF-MASSIF-CHENE-SAPIN-sur-mesure-Moulur\u00e9e-Vit\u00e9e-plaqu\u00e9e-TELLEY-172\" width=\"150\" height=\"150\" \/><\/a> <a href=\"http:\/\/telleymenuiserie.ch\/wordpress\/wp-content\/uploads\/2014\/12\/Porte-int\u00e9rieure-de-communication-MDF-MASSIF-CHENE-SAPIN-sur-mesure-Moulur\u00e9e-Vit\u00e9e-plaqu\u00e9e-TELLEY-171.jpg\"><img loading=\"lazy\" decoding=\"async\" class=\"alignleft size-thumbnail wp-image-898\" src=\"http:\/\/telleymenuiserie.ch\/wordpress\/wp-content\/uploads\/2014\/12\/Porte-int\u00e9rieure-de-communication-MDF-MASSIF-CHENE-SAPIN-sur-mesure-Moulur\u00e9e-Vit\u00e9e-plaqu\u00e9e-TELLEY-171-150x150.jpg\" alt=\"Porte-int\u00e9rieure-de-communication-MDF-MASSIF-CHENE-SAPIN-sur-mesure-Moulur\u00e9e-Vit\u00e9e-plaqu\u00e9e-TELLEY-171\" width=\"150\" height=\"150\" \/><\/a> <a href=\"http:\/\/telleymenuiserie.ch\/wordpress\/wp-content\/uploads\/2014\/12\/Porte-int\u00e9rieure-de-communication-MDF-MASSIF-CHENE-SAPIN-sur-mesure-Moulur\u00e9e-Vit\u00e9e-plaqu\u00e9e-TELLEY-170.jpg\"><img loading=\"lazy\" decoding=\"async\" class=\"alignleft size-thumbnail wp-image-897\" src=\"http:\/\/telleymenuiserie.ch\/wordpress\/wp-content\/uploads\/2014\/12\/Porte-int\u00e9rieure-de-communication-MDF-MASSIF-CHENE-SAPIN-sur-mesure-Moulur\u00e9e-Vit\u00e9e-plaqu\u00e9e-TELLEY-170-150x150.jpg\" alt=\"Porte-int\u00e9rieure-de-communication-MDF-MASSIF-CHENE-SAPIN-sur-mesure-Moulur\u00e9e-Vit\u00e9e-plaqu\u00e9e-TELLEY-170\" width=\"150\" height=\"150\" \/><\/a> <a href=\"http:\/\/telleymenuiserie.ch\/wordpress\/wp-content\/uploads\/2014\/12\/Porte-int\u00e9rieure-de-communication-MDF-MASSIF-CHENE-SAPIN-sur-mesure-Moulur\u00e9e-Vit\u00e9e-plaqu\u00e9e-TELLEY-169.jpg\"><img loading=\"lazy\" decoding=\"async\" class=\"alignleft size-thumbnail wp-image-896\" src=\"http:\/\/telleymenuiserie.ch\/wordpress\/wp-content\/uploads\/2014\/12\/Porte-int\u00e9rieure-de-communication-MDF-MASSIF-CHENE-SAPIN-sur-mesure-Moulur\u00e9e-Vit\u00e9e-plaqu\u00e9e-TELLEY-169-150x150.jpg\" alt=\"Porte int\u00e9rieure de communication MDF MASSIF  CHENE  SAPIN sur mesure Moulur\u00e9e Vit\u00e9e plaqu\u00e9e  TELLEY   (169)\" width=\"150\" height=\"150\" \/><\/a> <a href=\"http:\/\/telleymenuiserie.ch\/wordpress\/wp-content\/uploads\/2014\/12\/Porte-int\u00e9rieure-de-communication-MDF-MASSIF-CHENE-SAPIN-sur-mesure-Moulur\u00e9e-Vit\u00e9e-plaqu\u00e9e-TELLEY-168.jpg\"><img loading=\"lazy\" decoding=\"async\" class=\"alignleft size-thumbnail wp-image-895\" src=\"http:\/\/telleymenuiserie.ch\/wordpress\/wp-content\/uploads\/2014\/12\/Porte-int\u00e9rieure-de-communication-MDF-MASSIF-CHENE-SAPIN-sur-mesure-Moulur\u00e9e-Vit\u00e9e-plaqu\u00e9e-TELLEY-168-150x150.jpg\" alt=\"Porte-int\u00e9rieure-de-communication-MDF-MASSIF-CHENE-SAPIN-sur-mesure-Moulur\u00e9e-Vit\u00e9e-plaqu\u00e9e-TELLEY-168\" width=\"150\" height=\"150\" \/><\/a> <a href=\"http:\/\/telleymenuiserie.ch\/wordpress\/wp-content\/uploads\/2014\/12\/Porte-int\u00e9rieure-de-communication-MDF-MASSIF-CHENE-SAPIN-sur-mesure-Moulur\u00e9e-Vit\u00e9e-plaqu\u00e9e-TELLEY-167.jpg\"><img loading=\"lazy\" decoding=\"async\" class=\"alignleft size-thumbnail wp-image-894\" src=\"http:\/\/telleymenuiserie.ch\/wordpress\/wp-content\/uploads\/2014\/12\/Porte-int\u00e9rieure-de-communication-MDF-MASSIF-CHENE-SAPIN-sur-mesure-Moulur\u00e9e-Vit\u00e9e-plaqu\u00e9e-TELLEY-167-150x150.jpg\" alt=\"Porte-int\u00e9rieure-de-communication-MDF-MASSIF-CHENE-SAPIN-sur-mesure-Moulur\u00e9e-Vit\u00e9e-plaqu\u00e9e-TELLEY-167\" width=\"150\" height=\"150\" \/><\/a> <a href=\"http:\/\/telleymenuiserie.ch\/wordpress\/wp-content\/uploads\/2014\/12\/Porte-int\u00e9rieure-de-communication-MDF-MASSIF-CHENE-SAPIN-sur-mesure-Moulur\u00e9e-Vit\u00e9e-plaqu\u00e9e-TELLEY-166.jpg\"><img loading=\"lazy\" decoding=\"async\" class=\"alignleft size-thumbnail wp-image-893\" src=\"http:\/\/telleymenuiserie.ch\/wordpress\/wp-content\/uploads\/2014\/12\/Porte-int\u00e9rieure-de-communication-MDF-MASSIF-CHENE-SAPIN-sur-mesure-Moulur\u00e9e-Vit\u00e9e-plaqu\u00e9e-TELLEY-166-150x150.jpg\" alt=\"Porte int\u00e9rieure de communication MDF MASSIF  CHENE  SAPIN sur mesure Moulur\u00e9e Vit\u00e9e plaqu\u00e9e  TELLEY   (166)\" width=\"150\" height=\"150\" \/><\/a> <a href=\"http:\/\/telleymenuiserie.ch\/wordpress\/wp-content\/uploads\/2014\/12\/Porte-int\u00e9rieure-de-communication-MDF-MASSIF-CHENE-SAPIN-sur-mesure-Moulur\u00e9e-Vit\u00e9e-plaqu\u00e9e-TELLEY-165.jpg\"><img loading=\"lazy\" decoding=\"async\" class=\"alignleft size-thumbnail wp-image-892\" src=\"http:\/\/telleymenuiserie.ch\/wordpress\/wp-content\/uploads\/2014\/12\/Porte-int\u00e9rieure-de-communication-MDF-MASSIF-CHENE-SAPIN-sur-mesure-Moulur\u00e9e-Vit\u00e9e-plaqu\u00e9e-TELLEY-165-150x150.jpg\" alt=\"Porte int\u00e9rieure de communication MDF MASSIF  CHENE  SAPIN sur mesure Moulur\u00e9e Vit\u00e9e plaqu\u00e9e  TELLEY   (165)\" width=\"150\" height=\"150\" \/><\/a> <a href=\"http:\/\/telleymenuiserie.ch\/wordpress\/wp-content\/uploads\/2014\/12\/Porte-int\u00e9rieure-de-communication-MDF-MASSIF-CHENE-SAPIN-sur-mesure-Moulur\u00e9e-Vit\u00e9e-plaqu\u00e9e-TELLEY-164.jpg\"><img loading=\"lazy\" decoding=\"async\" class=\"alignleft size-thumbnail wp-image-891\" src=\"http:\/\/telleymenuiserie.ch\/wordpress\/wp-content\/uploads\/2014\/12\/Porte-int\u00e9rieure-de-communication-MDF-MASSIF-CHENE-SAPIN-sur-mesure-Moulur\u00e9e-Vit\u00e9e-plaqu\u00e9e-TELLEY-164-150x150.jpg\" alt=\"Porte int\u00e9rieure de communication MDF MASSIF  CHENE  SAPIN sur mesure Moulur\u00e9e Vit\u00e9e plaqu\u00e9e  TELLEY   (164)\" width=\"150\" height=\"150\" \/><\/a> <a href=\"http:\/\/telleymenuiserie.ch\/wordpress\/wp-content\/uploads\/2014\/12\/Porte-int\u00e9rieure-de-communication-MDF-MASSIF-CHENE-SAPIN-sur-mesure-Moulur\u00e9e-Vit\u00e9e-plaqu\u00e9e-TELLEY-163.jpg\"><img loading=\"lazy\" decoding=\"async\" class=\"alignleft size-thumbnail wp-image-890\" src=\"http:\/\/telleymenuiserie.ch\/wordpress\/wp-content\/uploads\/2014\/12\/Porte-int\u00e9rieure-de-communication-MDF-MASSIF-CHENE-SAPIN-sur-mesure-Moulur\u00e9e-Vit\u00e9e-plaqu\u00e9e-TELLEY-163-150x150.jpg\" alt=\"Porte int\u00e9rieure de communication MDF MASSIF  CHENE  SAPIN sur mesure Moulur\u00e9e Vit\u00e9e plaqu\u00e9e  TELLEY   (163)\" width=\"150\" height=\"150\" \/><\/a> <a href=\"http:\/\/telleymenuiserie.ch\/wordpress\/wp-content\/uploads\/2014\/12\/Porte-int\u00e9rieure-de-communication-MDF-MASSIF-CHENE-SAPIN-sur-mesure-Moulur\u00e9e-Vit\u00e9e-plaqu\u00e9e-TELLEY-162.jpg\"><img loading=\"lazy\" decoding=\"async\" class=\"alignleft size-thumbnail wp-image-889\" src=\"http:\/\/telleymenuiserie.ch\/wordpress\/wp-content\/uploads\/2014\/12\/Porte-int\u00e9rieure-de-communication-MDF-MASSIF-CHENE-SAPIN-sur-mesure-Moulur\u00e9e-Vit\u00e9e-plaqu\u00e9e-TELLEY-162-150x150.jpg\" alt=\"Porte int\u00e9rieure de communication MDF MASSIF  CHENE  SAPIN sur mesure Moulur\u00e9e Vit\u00e9e plaqu\u00e9e  TELLEY   (162)\" width=\"150\" height=\"150\" \/><\/a> <a href=\"http:\/\/telleymenuiserie.ch\/wordpress\/wp-content\/uploads\/2014\/12\/Porte-int\u00e9rieure-de-communication-MDF-MASSIF-CHENE-SAPIN-sur-mesure-Moulur\u00e9e-Vit\u00e9e-plaqu\u00e9e-TELLEY-161.jpg\"><img loading=\"lazy\" decoding=\"async\" class=\"alignleft size-thumbnail wp-image-888\" src=\"http:\/\/telleymenuiserie.ch\/wordpress\/wp-content\/uploads\/2014\/12\/Porte-int\u00e9rieure-de-communication-MDF-MASSIF-CHENE-SAPIN-sur-mesure-Moulur\u00e9e-Vit\u00e9e-plaqu\u00e9e-TELLEY-161-150x150.jpg\" alt=\"Porte int\u00e9rieure de communication MDF MASSIF  CHENE  SAPIN sur mesure Moulur\u00e9e Vit\u00e9e plaqu\u00e9e  TELLEY   (161)\" width=\"150\" height=\"150\" \/><\/a> <a href=\"http:\/\/telleymenuiserie.ch\/wordpress\/wp-content\/uploads\/2014\/12\/Porte-int\u00e9rieure-de-communication-MDF-MASSIF-CHENE-SAPIN-sur-mesure-Moulur\u00e9e-Vit\u00e9e-plaqu\u00e9e-TELLEY-160.jpg\"><img loading=\"lazy\" decoding=\"async\" class=\"alignleft size-thumbnail wp-image-887\" src=\"http:\/\/telleymenuiserie.ch\/wordpress\/wp-content\/uploads\/2014\/12\/Porte-int\u00e9rieure-de-communication-MDF-MASSIF-CHENE-SAPIN-sur-mesure-Moulur\u00e9e-Vit\u00e9e-plaqu\u00e9e-TELLEY-160-150x150.jpg\" alt=\"Porte int\u00e9rieure de communication MDF MASSIF  CHENE  SAPIN sur mesure Moulur\u00e9e Vit\u00e9e plaqu\u00e9e  TELLEY   (160)\" width=\"150\" height=\"150\" \/><\/a> <a href=\"http:\/\/telleymenuiserie.ch\/wordpress\/wp-content\/uploads\/2014\/12\/Porte-int\u00e9rieure-de-communication-MDF-MASSIF-CHENE-SAPIN-sur-mesure-Moulur\u00e9e-Vit\u00e9e-plaqu\u00e9e-TELLEY-159.jpg\"><img loading=\"lazy\" decoding=\"async\" class=\"alignleft size-thumbnail wp-image-886\" src=\"http:\/\/telleymenuiserie.ch\/wordpress\/wp-content\/uploads\/2014\/12\/Porte-int\u00e9rieure-de-communication-MDF-MASSIF-CHENE-SAPIN-sur-mesure-Moulur\u00e9e-Vit\u00e9e-plaqu\u00e9e-TELLEY-159-150x150.jpg\" alt=\"Porte int\u00e9rieure de communication MDF MASSIF  CHENE  SAPIN sur mesure Moulur\u00e9e Vit\u00e9e plaqu\u00e9e  TELLEY   (159)\" width=\"150\" height=\"150\" \/><\/a> <a href=\"http:\/\/telleymenuiserie.ch\/wordpress\/wp-content\/uploads\/2014\/12\/Porte-int\u00e9rieure-de-communication-MDF-MASSIF-CHENE-SAPIN-sur-mesure-Moulur\u00e9e-Vit\u00e9e-plaqu\u00e9e-TELLEY-158.jpg\"><img loading=\"lazy\" decoding=\"async\" class=\"alignleft size-thumbnail wp-image-885\" src=\"http:\/\/telleymenuiserie.ch\/wordpress\/wp-content\/uploads\/2014\/12\/Porte-int\u00e9rieure-de-communication-MDF-MASSIF-CHENE-SAPIN-sur-mesure-Moulur\u00e9e-Vit\u00e9e-plaqu\u00e9e-TELLEY-158-150x150.jpg\" alt=\"Porte int\u00e9rieure de communication MDF MASSIF  CHENE  SAPIN sur mesure Moulur\u00e9e Vit\u00e9e plaqu\u00e9e  TELLEY   (158)\" width=\"150\" height=\"150\" \/><\/a> <a href=\"http:\/\/telleymenuiserie.ch\/wordpress\/wp-content\/uploads\/2014\/12\/Porte-int\u00e9rieure-de-communication-MDF-MASSIF-CHENE-SAPIN-sur-mesure-Moulur\u00e9e-Vit\u00e9e-plaqu\u00e9e-TELLEY-157.jpg\"><img loading=\"lazy\" decoding=\"async\" class=\"alignleft size-thumbnail wp-image-884\" src=\"http:\/\/telleymenuiserie.ch\/wordpress\/wp-content\/uploads\/2014\/12\/Porte-int\u00e9rieure-de-communication-MDF-MASSIF-CHENE-SAPIN-sur-mesure-Moulur\u00e9e-Vit\u00e9e-plaqu\u00e9e-TELLEY-157-150x150.jpg\" alt=\"Porte int\u00e9rieure de communication MDF MASSIF  CHENE  SAPIN sur mesure Moulur\u00e9e Vit\u00e9e plaqu\u00e9e  TELLEY   (157)\" width=\"150\" height=\"150\" \/><\/a> <a href=\"http:\/\/telleymenuiserie.ch\/wordpress\/wp-content\/uploads\/2014\/12\/Porte-int\u00e9rieure-de-communication-MDF-MASSIF-CHENE-SAPIN-sur-mesure-Moulur\u00e9e-Vit\u00e9e-plaqu\u00e9e-TELLEY-156.jpg\"><img loading=\"lazy\" decoding=\"async\" class=\"alignleft size-thumbnail wp-image-883\" src=\"http:\/\/telleymenuiserie.ch\/wordpress\/wp-content\/uploads\/2014\/12\/Porte-int\u00e9rieure-de-communication-MDF-MASSIF-CHENE-SAPIN-sur-mesure-Moulur\u00e9e-Vit\u00e9e-plaqu\u00e9e-TELLEY-156-150x150.jpg\" alt=\"Porte int\u00e9rieure de communication MDF MASSIF  CHENE  SAPIN sur mesure Moulur\u00e9e Vit\u00e9e plaqu\u00e9e  TELLEY   (156)\" width=\"150\" height=\"150\" \/><\/a> <a href=\"http:\/\/telleymenuiserie.ch\/wordpress\/wp-content\/uploads\/2014\/12\/Porte-int\u00e9rieure-de-communication-MDF-MASSIF-CHENE-SAPIN-sur-mesure-Moulur\u00e9e-Vit\u00e9e-plaqu\u00e9e-TELLEY-155.jpg\"><img loading=\"lazy\" decoding=\"async\" class=\"alignleft size-thumbnail wp-image-882\" src=\"http:\/\/telleymenuiserie.ch\/wordpress\/wp-content\/uploads\/2014\/12\/Porte-int\u00e9rieure-de-communication-MDF-MASSIF-CHENE-SAPIN-sur-mesure-Moulur\u00e9e-Vit\u00e9e-plaqu\u00e9e-TELLEY-155-150x150.jpg\" alt=\"Porte int\u00e9rieure de communication MDF MASSIF  CHENE  SAPIN sur mesure Moulur\u00e9e Vit\u00e9e plaqu\u00e9e  TELLEY   (155)\" width=\"150\" height=\"150\" \/><\/a> <a href=\"http:\/\/telleymenuiserie.ch\/wordpress\/wp-content\/uploads\/2014\/12\/Porte-int\u00e9rieure-de-communication-MDF-MASSIF-CHENE-SAPIN-sur-mesure-Moulur\u00e9e-Vit\u00e9e-plaqu\u00e9e-TELLEY-154.jpg\"><img loading=\"lazy\" decoding=\"async\" class=\"alignleft size-thumbnail wp-image-881\" src=\"http:\/\/telleymenuiserie.ch\/wordpress\/wp-content\/uploads\/2014\/12\/Porte-int\u00e9rieure-de-communication-MDF-MASSIF-CHENE-SAPIN-sur-mesure-Moulur\u00e9e-Vit\u00e9e-plaqu\u00e9e-TELLEY-154-150x150.jpg\" alt=\"Porte int\u00e9rieure de communication MDF MASSIF  CHENE  SAPIN sur mesure Moulur\u00e9e Vit\u00e9e plaqu\u00e9e  TELLEY   (154)\" width=\"150\" height=\"150\" \/><\/a> <a href=\"http:\/\/telleymenuiserie.ch\/wordpress\/wp-content\/uploads\/2014\/12\/Porte-int\u00e9rieure-de-communication-MDF-MASSIF-CHENE-SAPIN-sur-mesure-Moulur\u00e9e-Vit\u00e9e-plaqu\u00e9e-TELLEY-153.jpg\"><img loading=\"lazy\" decoding=\"async\" class=\"alignleft size-thumbnail wp-image-880\" src=\"http:\/\/telleymenuiserie.ch\/wordpress\/wp-content\/uploads\/2014\/12\/Porte-int\u00e9rieure-de-communication-MDF-MASSIF-CHENE-SAPIN-sur-mesure-Moulur\u00e9e-Vit\u00e9e-plaqu\u00e9e-TELLEY-153-150x150.jpg\" alt=\"Porte int\u00e9rieure de communication MDF MASSIF  CHENE  SAPIN sur mesure Moulur\u00e9e Vit\u00e9e plaqu\u00e9e  TELLEY   (153)\" width=\"150\" height=\"150\" \/><\/a> <a href=\"http:\/\/telleymenuiserie.ch\/wordpress\/wp-content\/uploads\/2014\/12\/Porte-int\u00e9rieure-de-communication-MDF-MASSIF-CHENE-SAPIN-sur-mesure-Moulur\u00e9e-Vit\u00e9e-plaqu\u00e9e-TELLEY-152.jpg\"><img loading=\"lazy\" decoding=\"async\" class=\"alignleft size-thumbnail wp-image-879\" src=\"http:\/\/telleymenuiserie.ch\/wordpress\/wp-content\/uploads\/2014\/12\/Porte-int\u00e9rieure-de-communication-MDF-MASSIF-CHENE-SAPIN-sur-mesure-Moulur\u00e9e-Vit\u00e9e-plaqu\u00e9e-TELLEY-152-150x150.jpg\" alt=\"Porte int\u00e9rieure de communication MDF MASSIF  CHENE  SAPIN sur mesure Moulur\u00e9e Vit\u00e9e plaqu\u00e9e  TELLEY   (152)\" width=\"150\" height=\"150\" \/><\/a> <a href=\"http:\/\/telleymenuiserie.ch\/wordpress\/wp-content\/uploads\/2014\/12\/Porte-int\u00e9rieure-de-communication-MDF-MASSIF-CHENE-SAPIN-sur-mesure-Moulur\u00e9e-Vit\u00e9e-plaqu\u00e9e-TELLEY-151.jpg\"><img loading=\"lazy\" decoding=\"async\" class=\"alignleft size-thumbnail wp-image-878\" src=\"http:\/\/telleymenuiserie.ch\/wordpress\/wp-content\/uploads\/2014\/12\/Porte-int\u00e9rieure-de-communication-MDF-MASSIF-CHENE-SAPIN-sur-mesure-Moulur\u00e9e-Vit\u00e9e-plaqu\u00e9e-TELLEY-151-150x150.jpg\" alt=\"Porte int\u00e9rieure de communication MDF MASSIF  CHENE  SAPIN sur mesure Moulur\u00e9e Vit\u00e9e plaqu\u00e9e  TELLEY   (151)\" width=\"150\" height=\"150\" \/><\/a> <a href=\"http:\/\/telleymenuiserie.ch\/wordpress\/wp-content\/uploads\/2014\/12\/Porte-int\u00e9rieure-de-communication-MDF-MASSIF-CHENE-SAPIN-sur-mesure-Moulur\u00e9e-Vit\u00e9e-plaqu\u00e9e-TELLEY-150.jpg\"><img loading=\"lazy\" decoding=\"async\" class=\"alignleft size-thumbnail wp-image-877\" src=\"http:\/\/telleymenuiserie.ch\/wordpress\/wp-content\/uploads\/2014\/12\/Porte-int\u00e9rieure-de-communication-MDF-MASSIF-CHENE-SAPIN-sur-mesure-Moulur\u00e9e-Vit\u00e9e-plaqu\u00e9e-TELLEY-150-150x150.jpg\" alt=\"Porte int\u00e9rieure de communication MDF MASSIF  CHENE  SAPIN sur mesure Moulur\u00e9e Vit\u00e9e plaqu\u00e9e  TELLEY   (150)\" width=\"150\" height=\"150\" \/><\/a> <a href=\"http:\/\/telleymenuiserie.ch\/wordpress\/wp-content\/uploads\/2014\/12\/Porte-int\u00e9rieure-de-communication-MDF-MASSIF-CHENE-SAPIN-sur-mesure-Moulur\u00e9e-Vit\u00e9e-plaqu\u00e9e-TELLEY-149.jpg\"><img loading=\"lazy\" decoding=\"async\" class=\"alignleft size-thumbnail wp-image-876\" src=\"http:\/\/telleymenuiserie.ch\/wordpress\/wp-content\/uploads\/2014\/12\/Porte-int\u00e9rieure-de-communication-MDF-MASSIF-CHENE-SAPIN-sur-mesure-Moulur\u00e9e-Vit\u00e9e-plaqu\u00e9e-TELLEY-149-150x150.jpg\" alt=\"Porte int\u00e9rieure de communication MDF MASSIF  CHENE  SAPIN sur mesure Moulur\u00e9e Vit\u00e9e plaqu\u00e9e  TELLEY   (149)\" width=\"150\" height=\"150\" \/><\/a> <a href=\"http:\/\/telleymenuiserie.ch\/wordpress\/wp-content\/uploads\/2014\/12\/Porte-int\u00e9rieure-de-communication-MDF-MASSIF-CHENE-SAPIN-sur-mesure-Moulur\u00e9e-Vit\u00e9e-plaqu\u00e9e-TELLEY-148.jpg\"><img loading=\"lazy\" decoding=\"async\" class=\"alignleft size-thumbnail wp-image-875\" src=\"http:\/\/telleymenuiserie.ch\/wordpress\/wp-content\/uploads\/2014\/12\/Porte-int\u00e9rieure-de-communication-MDF-MASSIF-CHENE-SAPIN-sur-mesure-Moulur\u00e9e-Vit\u00e9e-plaqu\u00e9e-TELLEY-148-150x150.jpg\" alt=\"Porte int\u00e9rieure de communication MDF MASSIF  CHENE  SAPIN sur mesure Moulur\u00e9e Vit\u00e9e plaqu\u00e9e  TELLEY   (148)\" width=\"150\" height=\"150\" \/><\/a> <a href=\"http:\/\/telleymenuiserie.ch\/wordpress\/wp-content\/uploads\/2014\/12\/Porte-int\u00e9rieure-de-communication-MDF-MASSIF-CHENE-SAPIN-sur-mesure-Moulur\u00e9e-Vit\u00e9e-plaqu\u00e9e-TELLEY-147.jpg\"><img loading=\"lazy\" decoding=\"async\" class=\"alignleft size-thumbnail wp-image-874\" src=\"http:\/\/telleymenuiserie.ch\/wordpress\/wp-content\/uploads\/2014\/12\/Porte-int\u00e9rieure-de-communication-MDF-MASSIF-CHENE-SAPIN-sur-mesure-Moulur\u00e9e-Vit\u00e9e-plaqu\u00e9e-TELLEY-147-150x150.jpg\" alt=\"Porte int\u00e9rieure de communication MDF MASSIF  CHENE  SAPIN sur mesure Moulur\u00e9e Vit\u00e9e plaqu\u00e9e  TELLEY   (147)\" width=\"150\" height=\"150\" \/><\/a> <a href=\"http:\/\/telleymenuiserie.ch\/wordpress\/wp-content\/uploads\/2014\/12\/Porte-int\u00e9rieure-de-communication-MDF-MASSIF-CHENE-SAPIN-sur-mesure-Moulur\u00e9e-Vit\u00e9e-plaqu\u00e9e-TELLEY-146.jpg\"><img loading=\"lazy\" decoding=\"async\" class=\"alignleft size-thumbnail wp-image-873\" src=\"http:\/\/telleymenuiserie.ch\/wordpress\/wp-content\/uploads\/2014\/12\/Porte-int\u00e9rieure-de-communication-MDF-MASSIF-CHENE-SAPIN-sur-mesure-Moulur\u00e9e-Vit\u00e9e-plaqu\u00e9e-TELLEY-146-150x150.jpg\" alt=\"Porte int\u00e9rieure de communication MDF MASSIF  CHENE  SAPIN sur mesure Moulur\u00e9e Vit\u00e9e plaqu\u00e9e  TELLEY   (146)\" width=\"150\" height=\"150\" \/><\/a> <a href=\"http:\/\/telleymenuiserie.ch\/wordpress\/wp-content\/uploads\/2014\/12\/Porte-int\u00e9rieure-de-communication-MDF-MASSIF-CHENE-SAPIN-sur-mesure-Moulur\u00e9e-Vit\u00e9e-plaqu\u00e9e-TELLEY-145.jpg\"><img loading=\"lazy\" decoding=\"async\" class=\"alignleft size-thumbnail wp-image-872\" src=\"http:\/\/telleymenuiserie.ch\/wordpress\/wp-content\/uploads\/2014\/12\/Porte-int\u00e9rieure-de-communication-MDF-MASSIF-CHENE-SAPIN-sur-mesure-Moulur\u00e9e-Vit\u00e9e-plaqu\u00e9e-TELLEY-145-150x150.jpg\" alt=\"Porte int\u00e9rieure de communication MDF MASSIF  CHENE  SAPIN sur mesure Moulur\u00e9e Vit\u00e9e plaqu\u00e9e  TELLEY   (145)\" width=\"150\" height=\"150\" \/><\/a> <a href=\"http:\/\/telleymenuiserie.ch\/wordpress\/wp-content\/uploads\/2014\/12\/Porte-int\u00e9rieure-de-communication-MDF-MASSIF-CHENE-SAPIN-sur-mesure-Moulur\u00e9e-Vit\u00e9e-plaqu\u00e9e-TELLEY-144.jpg\"><img loading=\"lazy\" decoding=\"async\" class=\"alignleft size-thumbnail wp-image-871\" src=\"http:\/\/telleymenuiserie.ch\/wordpress\/wp-content\/uploads\/2014\/12\/Porte-int\u00e9rieure-de-communication-MDF-MASSIF-CHENE-SAPIN-sur-mesure-Moulur\u00e9e-Vit\u00e9e-plaqu\u00e9e-TELLEY-144-150x150.jpg\" alt=\"Porte int\u00e9rieure de communication MDF MASSIF  CHENE  SAPIN sur mesure Moulur\u00e9e Vit\u00e9e plaqu\u00e9e  TELLEY   (144)\" width=\"150\" height=\"150\" \/><\/a> <a href=\"http:\/\/telleymenuiserie.ch\/wordpress\/wp-content\/uploads\/2014\/12\/Porte-int\u00e9rieure-de-communication-MDF-MASSIF-CHENE-SAPIN-sur-mesure-Moulur\u00e9e-Vit\u00e9e-plaqu\u00e9e-TELLEY-143.jpg\"><img loading=\"lazy\" decoding=\"async\" class=\"alignleft size-thumbnail wp-image-870\" src=\"http:\/\/telleymenuiserie.ch\/wordpress\/wp-content\/uploads\/2014\/12\/Porte-int\u00e9rieure-de-communication-MDF-MASSIF-CHENE-SAPIN-sur-mesure-Moulur\u00e9e-Vit\u00e9e-plaqu\u00e9e-TELLEY-143-150x150.jpg\" alt=\"Porte int\u00e9rieure de communication MDF MASSIF  CHENE  SAPIN sur mesure Moulur\u00e9e Vit\u00e9e plaqu\u00e9e  TELLEY   (143)\" width=\"150\" height=\"150\" \/><\/a> <a href=\"http:\/\/telleymenuiserie.ch\/wordpress\/wp-content\/uploads\/2014\/12\/Porte-int\u00e9rieure-de-communication-MDF-MASSIF-CHENE-SAPIN-sur-mesure-Moulur\u00e9e-Vit\u00e9e-plaqu\u00e9e-TELLEY-142.jpg\"><img loading=\"lazy\" decoding=\"async\" class=\"alignleft size-thumbnail wp-image-869\" src=\"http:\/\/telleymenuiserie.ch\/wordpress\/wp-content\/uploads\/2014\/12\/Porte-int\u00e9rieure-de-communication-MDF-MASSIF-CHENE-SAPIN-sur-mesure-Moulur\u00e9e-Vit\u00e9e-plaqu\u00e9e-TELLEY-142-150x150.jpg\" alt=\"Porte int\u00e9rieure de communication MDF MASSIF  CHENE  SAPIN sur mesure Moulur\u00e9e Vit\u00e9e plaqu\u00e9e  TELLEY   (142)\" width=\"150\" height=\"150\" \/><\/a> <a href=\"http:\/\/telleymenuiserie.ch\/wordpress\/wp-content\/uploads\/2014\/12\/Porte-int\u00e9rieure-de-communication-MDF-MASSIF-CHENE-SAPIN-sur-mesure-Moulur\u00e9e-Vit\u00e9e-plaqu\u00e9e-TELLEY-141.jpg\"><img loading=\"lazy\" decoding=\"async\" class=\"alignleft size-thumbnail wp-image-868\" src=\"http:\/\/telleymenuiserie.ch\/wordpress\/wp-content\/uploads\/2014\/12\/Porte-int\u00e9rieure-de-communication-MDF-MASSIF-CHENE-SAPIN-sur-mesure-Moulur\u00e9e-Vit\u00e9e-plaqu\u00e9e-TELLEY-141-150x150.jpg\" alt=\"Porte int\u00e9rieure de communication MDF MASSIF  CHENE  SAPIN sur mesure Moulur\u00e9e Vit\u00e9e plaqu\u00e9e  TELLEY   (141)\" width=\"150\" height=\"150\" \/><\/a> <a href=\"http:\/\/telleymenuiserie.ch\/wordpress\/wp-content\/uploads\/2014\/12\/Porte-int\u00e9rieure-de-communication-MDF-MASSIF-CHENE-SAPIN-sur-mesure-Moulur\u00e9e-Vit\u00e9e-plaqu\u00e9e-TELLEY-140.jpg\"><img loading=\"lazy\" decoding=\"async\" class=\"alignleft size-thumbnail wp-image-867\" src=\"http:\/\/telleymenuiserie.ch\/wordpress\/wp-content\/uploads\/2014\/12\/Porte-int\u00e9rieure-de-communication-MDF-MASSIF-CHENE-SAPIN-sur-mesure-Moulur\u00e9e-Vit\u00e9e-plaqu\u00e9e-TELLEY-140-150x150.jpg\" alt=\"Porte int\u00e9rieure de communication MDF MASSIF  CHENE  SAPIN sur mesure Moulur\u00e9e Vit\u00e9e plaqu\u00e9e  TELLEY   (140)\" width=\"150\" height=\"150\" \/><\/a> <a href=\"http:\/\/telleymenuiserie.ch\/wordpress\/wp-content\/uploads\/2014\/12\/Porte-int\u00e9rieure-de-communication-MDF-MASSIF-CHENE-SAPIN-sur-mesure-Moulur\u00e9e-Vit\u00e9e-plaqu\u00e9e-TELLEY-139.jpg\"><img loading=\"lazy\" decoding=\"async\" class=\"alignleft size-thumbnail wp-image-866\" src=\"http:\/\/telleymenuiserie.ch\/wordpress\/wp-content\/uploads\/2014\/12\/Porte-int\u00e9rieure-de-communication-MDF-MASSIF-CHENE-SAPIN-sur-mesure-Moulur\u00e9e-Vit\u00e9e-plaqu\u00e9e-TELLEY-139-150x150.jpg\" alt=\"Porte int\u00e9rieure de communication MDF MASSIF  CHENE  SAPIN sur mesure Moulur\u00e9e Vit\u00e9e plaqu\u00e9e  TELLEY   (139)\" width=\"150\" height=\"150\" \/><\/a> <a href=\"http:\/\/telleymenuiserie.ch\/wordpress\/wp-content\/uploads\/2014\/12\/Porte-int\u00e9rieure-de-communication-MDF-MASSIF-CHENE-SAPIN-sur-mesure-Moulur\u00e9e-Vit\u00e9e-plaqu\u00e9e-TELLEY-138.jpg\"><img loading=\"lazy\" decoding=\"async\" class=\"alignleft size-thumbnail wp-image-865\" src=\"http:\/\/telleymenuiserie.ch\/wordpress\/wp-content\/uploads\/2014\/12\/Porte-int\u00e9rieure-de-communication-MDF-MASSIF-CHENE-SAPIN-sur-mesure-Moulur\u00e9e-Vit\u00e9e-plaqu\u00e9e-TELLEY-138-150x150.jpg\" alt=\"Porte int\u00e9rieure de communication MDF MASSIF  CHENE  SAPIN sur mesure Moulur\u00e9e Vit\u00e9e plaqu\u00e9e  TELLEY   (138)\" width=\"150\" height=\"150\" \/><\/a> <a href=\"http:\/\/telleymenuiserie.ch\/wordpress\/wp-content\/uploads\/2014\/12\/Porte-int\u00e9rieure-de-communication-MDF-MASSIF-CHENE-SAPIN-sur-mesure-Moulur\u00e9e-Vit\u00e9e-plaqu\u00e9e-TELLEY-137.jpg\"><img loading=\"lazy\" decoding=\"async\" class=\"alignleft size-thumbnail wp-image-864\" src=\"http:\/\/telleymenuiserie.ch\/wordpress\/wp-content\/uploads\/2014\/12\/Porte-int\u00e9rieure-de-communication-MDF-MASSIF-CHENE-SAPIN-sur-mesure-Moulur\u00e9e-Vit\u00e9e-plaqu\u00e9e-TELLEY-137-150x150.jpg\" alt=\"Porte int\u00e9rieure de communication MDF MASSIF  CHENE  SAPIN sur mesure Moulur\u00e9e Vit\u00e9e plaqu\u00e9e  TELLEY   (137)\" width=\"150\" height=\"150\" \/><\/a> <a href=\"http:\/\/telleymenuiserie.ch\/wordpress\/wp-content\/uploads\/2014\/12\/Porte-int\u00e9rieure-de-communication-MDF-MASSIF-CHENE-SAPIN-sur-mesure-Moulur\u00e9e-Vit\u00e9e-plaqu\u00e9e-TELLEY-136.jpg\"><img loading=\"lazy\" decoding=\"async\" class=\"alignleft size-thumbnail wp-image-863\" src=\"http:\/\/telleymenuiserie.ch\/wordpress\/wp-content\/uploads\/2014\/12\/Porte-int\u00e9rieure-de-communication-MDF-MASSIF-CHENE-SAPIN-sur-mesure-Moulur\u00e9e-Vit\u00e9e-plaqu\u00e9e-TELLEY-136-150x150.jpg\" alt=\"Porte int\u00e9rieure de communication MDF MASSIF  CHENE  SAPIN sur mesure Moulur\u00e9e Vit\u00e9e plaqu\u00e9e  TELLEY   (136)\" width=\"150\" height=\"150\" \/><\/a> <a href=\"http:\/\/telleymenuiserie.ch\/wordpress\/wp-content\/uploads\/2014\/12\/Porte-int\u00e9rieure-de-communication-MDF-MASSIF-CHENE-SAPIN-sur-mesure-Moulur\u00e9e-Vit\u00e9e-plaqu\u00e9e-TELLEY-135.jpg\"><img loading=\"lazy\" decoding=\"async\" class=\"alignleft size-thumbnail wp-image-862\" src=\"http:\/\/telleymenuiserie.ch\/wordpress\/wp-content\/uploads\/2014\/12\/Porte-int\u00e9rieure-de-communication-MDF-MASSIF-CHENE-SAPIN-sur-mesure-Moulur\u00e9e-Vit\u00e9e-plaqu\u00e9e-TELLEY-135-150x150.jpg\" alt=\"Porte int\u00e9rieure de communication MDF MASSIF  CHENE  SAPIN sur mesure Moulur\u00e9e Vit\u00e9e plaqu\u00e9e  TELLEY   (135)\" width=\"150\" height=\"150\" \/><\/a> <a href=\"http:\/\/telleymenuiserie.ch\/wordpress\/wp-content\/uploads\/2014\/12\/Porte-int\u00e9rieure-de-communication-MDF-MASSIF-CHENE-SAPIN-sur-mesure-Moulur\u00e9e-Vit\u00e9e-plaqu\u00e9e-TELLEY-134.jpg\"><img loading=\"lazy\" decoding=\"async\" class=\"alignleft size-thumbnail wp-image-861\" src=\"http:\/\/telleymenuiserie.ch\/wordpress\/wp-content\/uploads\/2014\/12\/Porte-int\u00e9rieure-de-communication-MDF-MASSIF-CHENE-SAPIN-sur-mesure-Moulur\u00e9e-Vit\u00e9e-plaqu\u00e9e-TELLEY-134-150x150.jpg\" alt=\"Porte int\u00e9rieure de communication MDF MASSIF  CHENE  SAPIN sur mesure Moulur\u00e9e Vit\u00e9e plaqu\u00e9e  TELLEY   (134)\" width=\"150\" height=\"150\" \/><\/a> <a href=\"http:\/\/telleymenuiserie.ch\/wordpress\/wp-content\/uploads\/2014\/12\/Porte-int\u00e9rieure-de-communication-MDF-MASSIF-CHENE-SAPIN-sur-mesure-Moulur\u00e9e-Vit\u00e9e-plaqu\u00e9e-TELLEY-133.jpg\"><img loading=\"lazy\" decoding=\"async\" class=\"alignleft size-thumbnail wp-image-860\" src=\"http:\/\/telleymenuiserie.ch\/wordpress\/wp-content\/uploads\/2014\/12\/Porte-int\u00e9rieure-de-communication-MDF-MASSIF-CHENE-SAPIN-sur-mesure-Moulur\u00e9e-Vit\u00e9e-plaqu\u00e9e-TELLEY-133-150x150.jpg\" alt=\"Porte int\u00e9rieure de communication MDF MASSIF  CHENE  SAPIN sur mesure Moulur\u00e9e Vit\u00e9e plaqu\u00e9e  TELLEY   (133)\" width=\"150\" height=\"150\" \/><\/a> <a href=\"http:\/\/telleymenuiserie.ch\/wordpress\/wp-content\/uploads\/2014\/12\/Porte-int\u00e9rieure-de-communication-MDF-MASSIF-CHENE-SAPIN-sur-mesure-Moulur\u00e9e-Vit\u00e9e-plaqu\u00e9e-TELLEY-132.jpg\"><img loading=\"lazy\" decoding=\"async\" class=\"alignleft size-thumbnail wp-image-859\" src=\"http:\/\/telleymenuiserie.ch\/wordpress\/wp-content\/uploads\/2014\/12\/Porte-int\u00e9rieure-de-communication-MDF-MASSIF-CHENE-SAPIN-sur-mesure-Moulur\u00e9e-Vit\u00e9e-plaqu\u00e9e-TELLEY-132-150x150.jpg\" alt=\"Porte int\u00e9rieure de communication MDF MASSIF  CHENE  SAPIN sur mesure Moulur\u00e9e Vit\u00e9e plaqu\u00e9e  TELLEY   (132)\" width=\"150\" height=\"150\" \/><\/a> <a href=\"http:\/\/telleymenuiserie.ch\/wordpress\/wp-content\/uploads\/2014\/12\/Porte-int\u00e9rieure-de-communication-MDF-MASSIF-CHENE-SAPIN-sur-mesure-Moulur\u00e9e-Vit\u00e9e-plaqu\u00e9e-TELLEY-131.jpg\"><img loading=\"lazy\" decoding=\"async\" class=\"alignleft size-thumbnail wp-image-858\" src=\"http:\/\/telleymenuiserie.ch\/wordpress\/wp-content\/uploads\/2014\/12\/Porte-int\u00e9rieure-de-communication-MDF-MASSIF-CHENE-SAPIN-sur-mesure-Moulur\u00e9e-Vit\u00e9e-plaqu\u00e9e-TELLEY-131-150x150.jpg\" alt=\"Porte int\u00e9rieure de communication MDF MASSIF  CHENE  SAPIN sur mesure Moulur\u00e9e Vit\u00e9e plaqu\u00e9e  TELLEY   (131)\" width=\"150\" height=\"150\" \/><\/a> <a href=\"http:\/\/telleymenuiserie.ch\/wordpress\/wp-content\/uploads\/2014\/12\/Porte-int\u00e9rieure-de-communication-MDF-MASSIF-CHENE-SAPIN-sur-mesure-Moulur\u00e9e-Vit\u00e9e-plaqu\u00e9e-TELLEY-130.jpg\"><img loading=\"lazy\" decoding=\"async\" class=\"alignleft size-thumbnail wp-image-857\" src=\"http:\/\/telleymenuiserie.ch\/wordpress\/wp-content\/uploads\/2014\/12\/Porte-int\u00e9rieure-de-communication-MDF-MASSIF-CHENE-SAPIN-sur-mesure-Moulur\u00e9e-Vit\u00e9e-plaqu\u00e9e-TELLEY-130-150x150.jpg\" alt=\"Porte int\u00e9rieure de communication MDF MASSIF  CHENE  SAPIN sur mesure Moulur\u00e9e Vit\u00e9e plaqu\u00e9e  TELLEY   (130)\" width=\"150\" height=\"150\" \/><\/a> <a href=\"http:\/\/telleymenuiserie.ch\/wordpress\/wp-content\/uploads\/2014\/12\/Porte-int\u00e9rieure-de-communication-MDF-MASSIF-CHENE-SAPIN-sur-mesure-Moulur\u00e9e-Vit\u00e9e-plaqu\u00e9e-TELLEY-129.jpg\"><img loading=\"lazy\" decoding=\"async\" class=\"alignleft size-thumbnail wp-image-856\" src=\"http:\/\/telleymenuiserie.ch\/wordpress\/wp-content\/uploads\/2014\/12\/Porte-int\u00e9rieure-de-communication-MDF-MASSIF-CHENE-SAPIN-sur-mesure-Moulur\u00e9e-Vit\u00e9e-plaqu\u00e9e-TELLEY-129-150x150.jpg\" alt=\"Porte int\u00e9rieure de communication MDF MASSIF  CHENE  SAPIN sur mesure Moulur\u00e9e Vit\u00e9e plaqu\u00e9e  TELLEY   (129)\" width=\"150\" height=\"150\" \/><\/a> <a href=\"http:\/\/telleymenuiserie.ch\/wordpress\/wp-content\/uploads\/2014\/12\/Porte-int\u00e9rieure-de-communication-MDF-MASSIF-CHENE-SAPIN-sur-mesure-Moulur\u00e9e-Vit\u00e9e-plaqu\u00e9e-TELLEY-128.jpg\"><img loading=\"lazy\" decoding=\"async\" class=\"alignleft size-thumbnail wp-image-855\" src=\"http:\/\/telleymenuiserie.ch\/wordpress\/wp-content\/uploads\/2014\/12\/Porte-int\u00e9rieure-de-communication-MDF-MASSIF-CHENE-SAPIN-sur-mesure-Moulur\u00e9e-Vit\u00e9e-plaqu\u00e9e-TELLEY-128-150x150.jpg\" alt=\"Porte int\u00e9rieure de communication MDF MASSIF  CHENE  SAPIN sur mesure Moulur\u00e9e Vit\u00e9e plaqu\u00e9e  TELLEY   (128)\" width=\"150\" height=\"150\" \/><\/a> <a href=\"http:\/\/telleymenuiserie.ch\/wordpress\/wp-content\/uploads\/2014\/12\/Porte-int\u00e9rieure-de-communication-MDF-MASSIF-CHENE-SAPIN-sur-mesure-Moulur\u00e9e-Vit\u00e9e-plaqu\u00e9e-TELLEY-127.jpg\"><img loading=\"lazy\" decoding=\"async\" class=\"alignleft size-thumbnail wp-image-854\" src=\"http:\/\/telleymenuiserie.ch\/wordpress\/wp-content\/uploads\/2014\/12\/Porte-int\u00e9rieure-de-communication-MDF-MASSIF-CHENE-SAPIN-sur-mesure-Moulur\u00e9e-Vit\u00e9e-plaqu\u00e9e-TELLEY-127-150x150.jpg\" alt=\"Porte int\u00e9rieure de communication MDF MASSIF  CHENE  SAPIN sur mesure Moulur\u00e9e Vit\u00e9e plaqu\u00e9e  TELLEY   (127)\" width=\"150\" height=\"150\" \/><\/a> <a href=\"http:\/\/telleymenuiserie.ch\/wordpress\/wp-content\/uploads\/2014\/12\/Porte-int\u00e9rieure-de-communication-MDF-MASSIF-CHENE-SAPIN-sur-mesure-Moulur\u00e9e-Vit\u00e9e-plaqu\u00e9e-TELLEY-126.jpg\"><img loading=\"lazy\" decoding=\"async\" class=\"alignleft size-thumbnail wp-image-853\" src=\"http:\/\/telleymenuiserie.ch\/wordpress\/wp-content\/uploads\/2014\/12\/Porte-int\u00e9rieure-de-communication-MDF-MASSIF-CHENE-SAPIN-sur-mesure-Moulur\u00e9e-Vit\u00e9e-plaqu\u00e9e-TELLEY-126-150x150.jpg\" alt=\"Porte int\u00e9rieure de communication MDF MASSIF  CHENE  SAPIN sur mesure Moulur\u00e9e Vit\u00e9e plaqu\u00e9e  TELLEY   (126)\" width=\"150\" height=\"150\" \/><\/a> <a href=\"http:\/\/telleymenuiserie.ch\/wordpress\/wp-content\/uploads\/2014\/12\/Porte-int\u00e9rieure-de-communication-MDF-MASSIF-CHENE-SAPIN-sur-mesure-Moulur\u00e9e-Vit\u00e9e-plaqu\u00e9e-TELLEY-125.jpg\"><img loading=\"lazy\" decoding=\"async\" class=\"alignleft size-thumbnail wp-image-852\" src=\"http:\/\/telleymenuiserie.ch\/wordpress\/wp-content\/uploads\/2014\/12\/Porte-int\u00e9rieure-de-communication-MDF-MASSIF-CHENE-SAPIN-sur-mesure-Moulur\u00e9e-Vit\u00e9e-plaqu\u00e9e-TELLEY-125-150x150.jpg\" alt=\"Porte int\u00e9rieure de communication MDF MASSIF  CHENE  SAPIN sur mesure Moulur\u00e9e Vit\u00e9e plaqu\u00e9e  TELLEY   (125)\" width=\"150\" height=\"150\" \/><\/a> <a href=\"http:\/\/telleymenuiserie.ch\/wordpress\/wp-content\/uploads\/2014\/12\/Porte-int\u00e9rieure-de-communication-MDF-MASSIF-CHENE-SAPIN-sur-mesure-Moulur\u00e9e-Vit\u00e9e-plaqu\u00e9e-TELLEY-124.jpg\"><img loading=\"lazy\" decoding=\"async\" class=\"alignleft size-thumbnail wp-image-851\" src=\"http:\/\/telleymenuiserie.ch\/wordpress\/wp-content\/uploads\/2014\/12\/Porte-int\u00e9rieure-de-communication-MDF-MASSIF-CHENE-SAPIN-sur-mesure-Moulur\u00e9e-Vit\u00e9e-plaqu\u00e9e-TELLEY-124-150x150.jpg\" alt=\"Porte int\u00e9rieure de communication MDF MASSIF  CHENE  SAPIN sur mesure Moulur\u00e9e Vit\u00e9e plaqu\u00e9e  TELLEY   (124)\" width=\"150\" height=\"150\" \/><\/a> <a href=\"http:\/\/telleymenuiserie.ch\/wordpress\/wp-content\/uploads\/2014\/12\/Porte-int\u00e9rieure-de-communication-MDF-MASSIF-CHENE-SAPIN-sur-mesure-Moulur\u00e9e-Vit\u00e9e-plaqu\u00e9e-TELLEY-123.jpg\"><img loading=\"lazy\" decoding=\"async\" class=\"alignleft size-thumbnail wp-image-850\" src=\"http:\/\/telleymenuiserie.ch\/wordpress\/wp-content\/uploads\/2014\/12\/Porte-int\u00e9rieure-de-communication-MDF-MASSIF-CHENE-SAPIN-sur-mesure-Moulur\u00e9e-Vit\u00e9e-plaqu\u00e9e-TELLEY-123-150x150.jpg\" alt=\"Porte int\u00e9rieure de communication MDF MASSIF  CHENE  SAPIN sur mesure Moulur\u00e9e Vit\u00e9e plaqu\u00e9e  TELLEY   (123)\" width=\"150\" height=\"150\" \/><\/a> <a href=\"http:\/\/telleymenuiserie.ch\/wordpress\/wp-content\/uploads\/2014\/12\/Porte-int\u00e9rieure-de-communication-MDF-MASSIF-CHENE-SAPIN-sur-mesure-Moulur\u00e9e-Vit\u00e9e-plaqu\u00e9e-TELLEY-122.jpg\"><img loading=\"lazy\" decoding=\"async\" class=\"alignleft size-thumbnail wp-image-849\" src=\"http:\/\/telleymenuiserie.ch\/wordpress\/wp-content\/uploads\/2014\/12\/Porte-int\u00e9rieure-de-communication-MDF-MASSIF-CHENE-SAPIN-sur-mesure-Moulur\u00e9e-Vit\u00e9e-plaqu\u00e9e-TELLEY-122-150x150.jpg\" alt=\"Porte int\u00e9rieure de communication MDF MASSIF  CHENE  SAPIN sur mesure Moulur\u00e9e Vit\u00e9e plaqu\u00e9e  TELLEY   (122)\" width=\"150\" height=\"150\" \/><\/a> <a href=\"http:\/\/telleymenuiserie.ch\/wordpress\/wp-content\/uploads\/2014\/12\/Porte-int\u00e9rieure-de-communication-MDF-MASSIF-CHENE-SAPIN-sur-mesure-Moulur\u00e9e-Vit\u00e9e-plaqu\u00e9e-TELLEY-121.jpg\"><img loading=\"lazy\" decoding=\"async\" class=\"alignleft size-thumbnail wp-image-848\" src=\"http:\/\/telleymenuiserie.ch\/wordpress\/wp-content\/uploads\/2014\/12\/Porte-int\u00e9rieure-de-communication-MDF-MASSIF-CHENE-SAPIN-sur-mesure-Moulur\u00e9e-Vit\u00e9e-plaqu\u00e9e-TELLEY-121-150x150.jpg\" alt=\"Porte int\u00e9rieure de communication MDF MASSIF  CHENE  SAPIN sur mesure Moulur\u00e9e Vit\u00e9e plaqu\u00e9e  TELLEY   (121)\" width=\"150\" height=\"150\" \/><\/a> <a href=\"http:\/\/telleymenuiserie.ch\/wordpress\/wp-content\/uploads\/2014\/12\/Porte-int\u00e9rieure-de-communication-MDF-MASSIF-CHENE-SAPIN-sur-mesure-Moulur\u00e9e-Vit\u00e9e-plaqu\u00e9e-TELLEY-120.jpg\"><img loading=\"lazy\" decoding=\"async\" class=\"alignleft size-thumbnail wp-image-847\" src=\"http:\/\/telleymenuiserie.ch\/wordpress\/wp-content\/uploads\/2014\/12\/Porte-int\u00e9rieure-de-communication-MDF-MASSIF-CHENE-SAPIN-sur-mesure-Moulur\u00e9e-Vit\u00e9e-plaqu\u00e9e-TELLEY-120-150x150.jpg\" alt=\"Porte int\u00e9rieure de communication MDF MASSIF  CHENE  SAPIN sur mesure Moulur\u00e9e Vit\u00e9e plaqu\u00e9e  TELLEY   (120)\" width=\"150\" height=\"150\" \/><\/a> <a href=\"http:\/\/telleymenuiserie.ch\/wordpress\/wp-content\/uploads\/2014\/12\/Porte-int\u00e9rieure-de-communication-MDF-MASSIF-CHENE-SAPIN-sur-mesure-Moulur\u00e9e-Vit\u00e9e-plaqu\u00e9e-TELLEY-119.jpg\"><img loading=\"lazy\" decoding=\"async\" class=\"alignleft size-thumbnail wp-image-846\" src=\"http:\/\/telleymenuiserie.ch\/wordpress\/wp-content\/uploads\/2014\/12\/Porte-int\u00e9rieure-de-communication-MDF-MASSIF-CHENE-SAPIN-sur-mesure-Moulur\u00e9e-Vit\u00e9e-plaqu\u00e9e-TELLEY-119-150x150.jpg\" alt=\"Porte int\u00e9rieure de communication MDF MASSIF  CHENE  SAPIN sur mesure Moulur\u00e9e Vit\u00e9e plaqu\u00e9e  TELLEY   (119)\" width=\"150\" height=\"150\" \/><\/a> <a href=\"http:\/\/telleymenuiserie.ch\/wordpress\/wp-content\/uploads\/2014\/12\/Porte-int\u00e9rieure-de-communication-MDF-MASSIF-CHENE-SAPIN-sur-mesure-Moulur\u00e9e-Vit\u00e9e-plaqu\u00e9e-TELLEY-118.jpg\"><img loading=\"lazy\" decoding=\"async\" class=\"alignleft size-thumbnail wp-image-845\" src=\"http:\/\/telleymenuiserie.ch\/wordpress\/wp-content\/uploads\/2014\/12\/Porte-int\u00e9rieure-de-communication-MDF-MASSIF-CHENE-SAPIN-sur-mesure-Moulur\u00e9e-Vit\u00e9e-plaqu\u00e9e-TELLEY-118-150x150.jpg\" alt=\"Porte int\u00e9rieure de communication MDF MASSIF  CHENE  SAPIN sur mesure Moulur\u00e9e Vit\u00e9e plaqu\u00e9e  TELLEY   (118)\" width=\"150\" height=\"150\" \/><\/a> <a href=\"http:\/\/telleymenuiserie.ch\/wordpress\/wp-content\/uploads\/2014\/12\/Porte-int\u00e9rieure-de-communication-MDF-MASSIF-CHENE-SAPIN-sur-mesure-Moulur\u00e9e-Vit\u00e9e-plaqu\u00e9e-TELLEY-117.jpg\"><img loading=\"lazy\" decoding=\"async\" class=\"alignleft size-thumbnail wp-image-844\" src=\"http:\/\/telleymenuiserie.ch\/wordpress\/wp-content\/uploads\/2014\/12\/Porte-int\u00e9rieure-de-communication-MDF-MASSIF-CHENE-SAPIN-sur-mesure-Moulur\u00e9e-Vit\u00e9e-plaqu\u00e9e-TELLEY-117-150x150.jpg\" alt=\"Porte int\u00e9rieure de communication MDF MASSIF  CHENE  SAPIN sur mesure Moulur\u00e9e Vit\u00e9e plaqu\u00e9e  TELLEY   (117)\" width=\"150\" height=\"150\" \/><\/a> <a href=\"http:\/\/telleymenuiserie.ch\/wordpress\/wp-content\/uploads\/2014\/12\/Porte-int\u00e9rieure-de-communication-MDF-MASSIF-CHENE-SAPIN-sur-mesure-Moulur\u00e9e-Vit\u00e9e-plaqu\u00e9e-TELLEY-116.jpg\"><img loading=\"lazy\" decoding=\"async\" class=\"alignleft size-thumbnail wp-image-843\" src=\"http:\/\/telleymenuiserie.ch\/wordpress\/wp-content\/uploads\/2014\/12\/Porte-int\u00e9rieure-de-communication-MDF-MASSIF-CHENE-SAPIN-sur-mesure-Moulur\u00e9e-Vit\u00e9e-plaqu\u00e9e-TELLEY-116-150x150.jpg\" alt=\"Porte int\u00e9rieure de communication MDF MASSIF  CHENE  SAPIN sur mesure Moulur\u00e9e Vit\u00e9e plaqu\u00e9e  TELLEY   (116)\" width=\"150\" height=\"150\" \/><\/a> <a href=\"http:\/\/telleymenuiserie.ch\/wordpress\/wp-content\/uploads\/2014\/12\/Porte-int\u00e9rieure-de-communication-MDF-MASSIF-CHENE-SAPIN-sur-mesure-Moulur\u00e9e-Vit\u00e9e-plaqu\u00e9e-TELLEY-115.jpg\"><img loading=\"lazy\" decoding=\"async\" class=\"alignleft size-thumbnail wp-image-842\" src=\"http:\/\/telleymenuiserie.ch\/wordpress\/wp-content\/uploads\/2014\/12\/Porte-int\u00e9rieure-de-communication-MDF-MASSIF-CHENE-SAPIN-sur-mesure-Moulur\u00e9e-Vit\u00e9e-plaqu\u00e9e-TELLEY-115-150x150.jpg\" alt=\"Porte int\u00e9rieure de communication MDF MASSIF  CHENE  SAPIN sur mesure Moulur\u00e9e Vit\u00e9e plaqu\u00e9e  TELLEY   (115)\" width=\"150\" height=\"150\" \/><\/a> <a href=\"http:\/\/telleymenuiserie.ch\/wordpress\/wp-content\/uploads\/2014\/12\/Porte-int\u00e9rieure-de-communication-MDF-MASSIF-CHENE-SAPIN-sur-mesure-Moulur\u00e9e-Vit\u00e9e-plaqu\u00e9e-TELLEY-114.jpg\"><img loading=\"lazy\" decoding=\"async\" class=\"alignleft size-thumbnail wp-image-841\" src=\"http:\/\/telleymenuiserie.ch\/wordpress\/wp-content\/uploads\/2014\/12\/Porte-int\u00e9rieure-de-communication-MDF-MASSIF-CHENE-SAPIN-sur-mesure-Moulur\u00e9e-Vit\u00e9e-plaqu\u00e9e-TELLEY-114-150x150.jpg\" alt=\"Porte int\u00e9rieure de communication MDF MASSIF  CHENE  SAPIN sur mesure Moulur\u00e9e Vit\u00e9e plaqu\u00e9e  TELLEY   (114)\" width=\"150\" height=\"150\" \/><\/a> <a href=\"http:\/\/telleymenuiserie.ch\/wordpress\/wp-content\/uploads\/2014\/12\/Porte-int\u00e9rieure-de-communication-MDF-MASSIF-CHENE-SAPIN-sur-mesure-Moulur\u00e9e-Vit\u00e9e-plaqu\u00e9e-TELLEY-113.jpg\"><img loading=\"lazy\" decoding=\"async\" class=\"alignleft size-thumbnail wp-image-840\" src=\"http:\/\/telleymenuiserie.ch\/wordpress\/wp-content\/uploads\/2014\/12\/Porte-int\u00e9rieure-de-communication-MDF-MASSIF-CHENE-SAPIN-sur-mesure-Moulur\u00e9e-Vit\u00e9e-plaqu\u00e9e-TELLEY-113-150x150.jpg\" alt=\"Porte int\u00e9rieure de communication MDF MASSIF  CHENE  SAPIN sur mesure Moulur\u00e9e Vit\u00e9e plaqu\u00e9e  TELLEY   (113)\" width=\"150\" height=\"150\" \/><\/a> <a href=\"http:\/\/telleymenuiserie.ch\/wordpress\/wp-content\/uploads\/2014\/12\/Porte-int\u00e9rieure-de-communication-MDF-MASSIF-CHENE-SAPIN-sur-mesure-Moulur\u00e9e-Vit\u00e9e-plaqu\u00e9e-TELLEY-112.jpg\"><img loading=\"lazy\" decoding=\"async\" class=\"alignleft size-thumbnail wp-image-839\" src=\"http:\/\/telleymenuiserie.ch\/wordpress\/wp-content\/uploads\/2014\/12\/Porte-int\u00e9rieure-de-communication-MDF-MASSIF-CHENE-SAPIN-sur-mesure-Moulur\u00e9e-Vit\u00e9e-plaqu\u00e9e-TELLEY-112-150x150.jpg\" alt=\"Porte int\u00e9rieure de communication MDF MASSIF  CHENE  SAPIN sur mesure Moulur\u00e9e Vit\u00e9e plaqu\u00e9e  TELLEY   (112)\" width=\"150\" height=\"150\" \/><\/a> <a href=\"http:\/\/telleymenuiserie.ch\/wordpress\/wp-content\/uploads\/2014\/12\/Porte-int\u00e9rieure-de-communication-MDF-MASSIF-CHENE-SAPIN-sur-mesure-Moulur\u00e9e-Vit\u00e9e-plaqu\u00e9e-TELLEY-111.jpg\"><img loading=\"lazy\" decoding=\"async\" class=\"alignleft size-thumbnail wp-image-838\" src=\"http:\/\/telleymenuiserie.ch\/wordpress\/wp-content\/uploads\/2014\/12\/Porte-int\u00e9rieure-de-communication-MDF-MASSIF-CHENE-SAPIN-sur-mesure-Moulur\u00e9e-Vit\u00e9e-plaqu\u00e9e-TELLEY-111-150x150.jpg\" alt=\"Porte int\u00e9rieure de communication MDF MASSIF  CHENE  SAPIN sur mesure Moulur\u00e9e Vit\u00e9e plaqu\u00e9e  TELLEY   (111)\" width=\"150\" height=\"150\" \/><\/a> <a href=\"http:\/\/telleymenuiserie.ch\/wordpress\/wp-content\/uploads\/2014\/12\/Porte-int\u00e9rieure-de-communication-MDF-MASSIF-CHENE-SAPIN-sur-mesure-Moulur\u00e9e-Vit\u00e9e-plaqu\u00e9e-TELLEY-110.jpg\"><img loading=\"lazy\" decoding=\"async\" class=\"alignleft size-thumbnail wp-image-837\" src=\"http:\/\/telleymenuiserie.ch\/wordpress\/wp-content\/uploads\/2014\/12\/Porte-int\u00e9rieure-de-communication-MDF-MASSIF-CHENE-SAPIN-sur-mesure-Moulur\u00e9e-Vit\u00e9e-plaqu\u00e9e-TELLEY-110-150x150.jpg\" alt=\"Porte int\u00e9rieure de communication MDF MASSIF  CHENE  SAPIN sur mesure Moulur\u00e9e Vit\u00e9e plaqu\u00e9e  TELLEY   (110)\" width=\"150\" height=\"150\" \/><\/a> <a href=\"http:\/\/telleymenuiserie.ch\/wordpress\/wp-content\/uploads\/2014\/12\/Porte-int\u00e9rieure-de-communication-MDF-MASSIF-CHENE-SAPIN-sur-mesure-Moulur\u00e9e-Vit\u00e9e-plaqu\u00e9e-TELLEY-109.jpg\"><img loading=\"lazy\" decoding=\"async\" class=\"alignleft size-thumbnail wp-image-836\" src=\"http:\/\/telleymenuiserie.ch\/wordpress\/wp-content\/uploads\/2014\/12\/Porte-int\u00e9rieure-de-communication-MDF-MASSIF-CHENE-SAPIN-sur-mesure-Moulur\u00e9e-Vit\u00e9e-plaqu\u00e9e-TELLEY-109-150x150.jpg\" alt=\"Porte int\u00e9rieure de communication MDF MASSIF  CHENE  SAPIN sur mesure Moulur\u00e9e Vit\u00e9e plaqu\u00e9e  TELLEY   (109)\" width=\"150\" height=\"150\" \/><\/a> <a href=\"http:\/\/telleymenuiserie.ch\/wordpress\/wp-content\/uploads\/2014\/12\/Porte-int\u00e9rieure-de-communication-MDF-MASSIF-CHENE-SAPIN-sur-mesure-Moulur\u00e9e-Vit\u00e9e-plaqu\u00e9e-TELLEY-108.jpg\"><img loading=\"lazy\" decoding=\"async\" class=\"alignleft size-thumbnail wp-image-835\" src=\"http:\/\/telleymenuiserie.ch\/wordpress\/wp-content\/uploads\/2014\/12\/Porte-int\u00e9rieure-de-communication-MDF-MASSIF-CHENE-SAPIN-sur-mesure-Moulur\u00e9e-Vit\u00e9e-plaqu\u00e9e-TELLEY-108-150x150.jpg\" alt=\"Porte int\u00e9rieure de communication MDF MASSIF  CHENE  SAPIN sur mesure Moulur\u00e9e Vit\u00e9e plaqu\u00e9e  TELLEY   (108)\" width=\"150\" height=\"150\" \/><\/a> <a href=\"http:\/\/telleymenuiserie.ch\/wordpress\/wp-content\/uploads\/2014\/12\/Porte-int\u00e9rieure-de-communication-MDF-MASSIF-CHENE-SAPIN-sur-mesure-Moulur\u00e9e-Vit\u00e9e-plaqu\u00e9e-TELLEY-107.jpg\"><img loading=\"lazy\" decoding=\"async\" class=\"alignleft size-thumbnail wp-image-834\" src=\"http:\/\/telleymenuiserie.ch\/wordpress\/wp-content\/uploads\/2014\/12\/Porte-int\u00e9rieure-de-communication-MDF-MASSIF-CHENE-SAPIN-sur-mesure-Moulur\u00e9e-Vit\u00e9e-plaqu\u00e9e-TELLEY-107-150x150.jpg\" alt=\"Porte int\u00e9rieure de communication MDF MASSIF  CHENE  SAPIN sur mesure Moulur\u00e9e Vit\u00e9e plaqu\u00e9e  TELLEY   (107)\" width=\"150\" height=\"150\" \/><\/a> <a href=\"http:\/\/telleymenuiserie.ch\/wordpress\/wp-content\/uploads\/2014\/12\/Porte-int\u00e9rieure-de-communication-MDF-MASSIF-CHENE-SAPIN-sur-mesure-Moulur\u00e9e-Vit\u00e9e-plaqu\u00e9e-TELLEY-106.jpg\"><img loading=\"lazy\" decoding=\"async\" class=\"alignleft size-thumbnail wp-image-833\" src=\"http:\/\/telleymenuiserie.ch\/wordpress\/wp-content\/uploads\/2014\/12\/Porte-int\u00e9rieure-de-communication-MDF-MASSIF-CHENE-SAPIN-sur-mesure-Moulur\u00e9e-Vit\u00e9e-plaqu\u00e9e-TELLEY-106-150x150.jpg\" alt=\"Porte int\u00e9rieure de communication MDF MASSIF  CHENE  SAPIN sur mesure Moulur\u00e9e Vit\u00e9e plaqu\u00e9e  TELLEY   (106)\" width=\"150\" height=\"150\" \/><\/a> <a href=\"http:\/\/telleymenuiserie.ch\/wordpress\/wp-content\/uploads\/2014\/12\/Porte-int\u00e9rieure-de-communication-MDF-MASSIF-CHENE-SAPIN-sur-mesure-Moulur\u00e9e-Vit\u00e9e-plaqu\u00e9e-TELLEY-105.jpg\"><img loading=\"lazy\" decoding=\"async\" class=\"alignleft size-thumbnail wp-image-832\" src=\"http:\/\/telleymenuiserie.ch\/wordpress\/wp-content\/uploads\/2014\/12\/Porte-int\u00e9rieure-de-communication-MDF-MASSIF-CHENE-SAPIN-sur-mesure-Moulur\u00e9e-Vit\u00e9e-plaqu\u00e9e-TELLEY-105-150x150.jpg\" alt=\"Porte int\u00e9rieure de communication MDF MASSIF  CHENE  SAPIN sur mesure Moulur\u00e9e Vit\u00e9e plaqu\u00e9e  TELLEY   (105)\" width=\"150\" height=\"150\" \/><\/a> <a href=\"http:\/\/telleymenuiserie.ch\/wordpress\/wp-content\/uploads\/2014\/12\/Porte-int\u00e9rieure-de-communication-MDF-MASSIF-CHENE-SAPIN-sur-mesure-Moulur\u00e9e-Vit\u00e9e-plaqu\u00e9e-TELLEY-104.jpg\"><img loading=\"lazy\" decoding=\"async\" class=\"alignleft size-thumbnail wp-image-831\" src=\"http:\/\/telleymenuiserie.ch\/wordpress\/wp-content\/uploads\/2014\/12\/Porte-int\u00e9rieure-de-communication-MDF-MASSIF-CHENE-SAPIN-sur-mesure-Moulur\u00e9e-Vit\u00e9e-plaqu\u00e9e-TELLEY-104-150x150.jpg\" alt=\"Porte int\u00e9rieure de communication MDF MASSIF  CHENE  SAPIN sur mesure Moulur\u00e9e Vit\u00e9e plaqu\u00e9e  TELLEY   (104)\" width=\"150\" height=\"150\" \/><\/a> <a href=\"http:\/\/telleymenuiserie.ch\/wordpress\/wp-content\/uploads\/2014\/12\/Porte-int\u00e9rieure-de-communication-MDF-MASSIF-CHENE-SAPIN-sur-mesure-Moulur\u00e9e-Vit\u00e9e-plaqu\u00e9e-TELLEY-103.jpg\"><img loading=\"lazy\" decoding=\"async\" class=\"alignleft size-thumbnail wp-image-830\" src=\"http:\/\/telleymenuiserie.ch\/wordpress\/wp-content\/uploads\/2014\/12\/Porte-int\u00e9rieure-de-communication-MDF-MASSIF-CHENE-SAPIN-sur-mesure-Moulur\u00e9e-Vit\u00e9e-plaqu\u00e9e-TELLEY-103-150x150.jpg\" alt=\"Porte int\u00e9rieure de communication MDF MASSIF  CHENE  SAPIN sur mesure Moulur\u00e9e Vit\u00e9e plaqu\u00e9e  TELLEY   (103)\" width=\"150\" height=\"150\" \/><\/a> <a href=\"http:\/\/telleymenuiserie.ch\/wordpress\/wp-content\/uploads\/2014\/12\/Porte-int\u00e9rieure-de-communication-MDF-MASSIF-CHENE-SAPIN-sur-mesure-Moulur\u00e9e-Vit\u00e9e-plaqu\u00e9e-TELLEY-102.jpg\"><img loading=\"lazy\" decoding=\"async\" class=\"alignleft size-thumbnail wp-image-829\" src=\"http:\/\/telleymenuiserie.ch\/wordpress\/wp-content\/uploads\/2014\/12\/Porte-int\u00e9rieure-de-communication-MDF-MASSIF-CHENE-SAPIN-sur-mesure-Moulur\u00e9e-Vit\u00e9e-plaqu\u00e9e-TELLEY-102-150x150.jpg\" alt=\"Porte int\u00e9rieure de communication MDF MASSIF  CHENE  SAPIN sur mesure Moulur\u00e9e Vit\u00e9e plaqu\u00e9e  TELLEY   (102)\" width=\"150\" height=\"150\" \/><\/a> <a href=\"http:\/\/telleymenuiserie.ch\/wordpress\/wp-content\/uploads\/2014\/12\/Porte-int\u00e9rieure-de-communication-MDF-MASSIF-CHENE-SAPIN-sur-mesure-Moulur\u00e9e-Vit\u00e9e-plaqu\u00e9e-TELLEY-101.jpg\"><img loading=\"lazy\" decoding=\"async\" class=\"alignleft size-thumbnail wp-image-828\" src=\"http:\/\/telleymenuiserie.ch\/wordpress\/wp-content\/uploads\/2014\/12\/Porte-int\u00e9rieure-de-communication-MDF-MASSIF-CHENE-SAPIN-sur-mesure-Moulur\u00e9e-Vit\u00e9e-plaqu\u00e9e-TELLEY-101-150x150.jpg\" alt=\"Porte int\u00e9rieure de communication MDF MASSIF  CHENE  SAPIN sur mesure Moulur\u00e9e Vit\u00e9e plaqu\u00e9e  TELLEY   (101)\" width=\"150\" height=\"150\" \/><\/a> <a href=\"http:\/\/telleymenuiserie.ch\/wordpress\/wp-content\/uploads\/2014\/12\/Porte-int\u00e9rieure-de-communication-MDF-MASSIF-CHENE-SAPIN-sur-mesure-Moulur\u00e9e-Vit\u00e9e-plaqu\u00e9e-TELLEY-100.jpg\"><img loading=\"lazy\" decoding=\"async\" class=\"alignleft size-thumbnail wp-image-827\" src=\"http:\/\/telleymenuiserie.ch\/wordpress\/wp-content\/uploads\/2014\/12\/Porte-int\u00e9rieure-de-communication-MDF-MASSIF-CHENE-SAPIN-sur-mesure-Moulur\u00e9e-Vit\u00e9e-plaqu\u00e9e-TELLEY-100-150x150.jpg\" alt=\"Porte int\u00e9rieure de communication MDF MASSIF  CHENE  SAPIN sur mesure Moulur\u00e9e Vit\u00e9e plaqu\u00e9e  TELLEY   (100)\" width=\"150\" height=\"150\" \/><\/a> <a href=\"http:\/\/telleymenuiserie.ch\/wordpress\/wp-content\/uploads\/2014\/12\/Porte-int\u00e9rieure-de-communication-MDF-MASSIF-CHENE-SAPIN-sur-mesure-Moulur\u00e9e-Vit\u00e9e-plaqu\u00e9e-TELLEY-99.jpg\"><img loading=\"lazy\" decoding=\"async\" class=\"alignleft size-thumbnail wp-image-826\" src=\"http:\/\/telleymenuiserie.ch\/wordpress\/wp-content\/uploads\/2014\/12\/Porte-int\u00e9rieure-de-communication-MDF-MASSIF-CHENE-SAPIN-sur-mesure-Moulur\u00e9e-Vit\u00e9e-plaqu\u00e9e-TELLEY-99-150x150.jpg\" alt=\"Porte int\u00e9rieure de communication MDF MASSIF  CHENE  SAPIN sur mesure Moulur\u00e9e Vit\u00e9e plaqu\u00e9e  TELLEY   (99)\" width=\"150\" height=\"150\" \/><\/a> <a href=\"http:\/\/telleymenuiserie.ch\/wordpress\/wp-content\/uploads\/2014\/12\/Porte-int\u00e9rieure-de-communication-MDF-MASSIF-CHENE-SAPIN-sur-mesure-Moulur\u00e9e-Vit\u00e9e-plaqu\u00e9e-TELLEY-98.jpg\"><img loading=\"lazy\" decoding=\"async\" class=\"alignleft size-thumbnail wp-image-825\" src=\"http:\/\/telleymenuiserie.ch\/wordpress\/wp-content\/uploads\/2014\/12\/Porte-int\u00e9rieure-de-communication-MDF-MASSIF-CHENE-SAPIN-sur-mesure-Moulur\u00e9e-Vit\u00e9e-plaqu\u00e9e-TELLEY-98-150x150.jpg\" alt=\"Porte int\u00e9rieure de communication MDF MASSIF  CHENE  SAPIN sur mesure Moulur\u00e9e Vit\u00e9e plaqu\u00e9e  TELLEY   (98)\" width=\"150\" height=\"150\" \/><\/a> <a href=\"http:\/\/telleymenuiserie.ch\/wordpress\/wp-content\/uploads\/2014\/12\/Porte-int\u00e9rieure-de-communication-MDF-MASSIF-CHENE-SAPIN-sur-mesure-Moulur\u00e9e-Vit\u00e9e-plaqu\u00e9e-TELLEY-97.jpg\"><img loading=\"lazy\" decoding=\"async\" class=\"alignleft size-thumbnail wp-image-824\" src=\"http:\/\/telleymenuiserie.ch\/wordpress\/wp-content\/uploads\/2014\/12\/Porte-int\u00e9rieure-de-communication-MDF-MASSIF-CHENE-SAPIN-sur-mesure-Moulur\u00e9e-Vit\u00e9e-plaqu\u00e9e-TELLEY-97-150x150.jpg\" alt=\"Porte int\u00e9rieure de communication MDF MASSIF  CHENE  SAPIN sur mesure Moulur\u00e9e Vit\u00e9e plaqu\u00e9e  TELLEY   (97)\" width=\"150\" height=\"150\" \/><\/a> <a href=\"http:\/\/telleymenuiserie.ch\/wordpress\/wp-content\/uploads\/2014\/12\/Porte-int\u00e9rieure-de-communication-MDF-MASSIF-CHENE-SAPIN-sur-mesure-Moulur\u00e9e-Vit\u00e9e-plaqu\u00e9e-TELLEY-96.jpg\"><img loading=\"lazy\" decoding=\"async\" class=\"alignleft size-thumbnail wp-image-823\" src=\"http:\/\/telleymenuiserie.ch\/wordpress\/wp-content\/uploads\/2014\/12\/Porte-int\u00e9rieure-de-communication-MDF-MASSIF-CHENE-SAPIN-sur-mesure-Moulur\u00e9e-Vit\u00e9e-plaqu\u00e9e-TELLEY-96-150x150.jpg\" alt=\"Porte int\u00e9rieure de communication MDF MASSIF  CHENE  SAPIN sur mesure Moulur\u00e9e Vit\u00e9e plaqu\u00e9e  TELLEY   (96)\" width=\"150\" height=\"150\" \/><\/a> <a href=\"http:\/\/telleymenuiserie.ch\/wordpress\/wp-content\/uploads\/2014\/12\/Porte-int\u00e9rieure-de-communication-MDF-MASSIF-CHENE-SAPIN-sur-mesure-Moulur\u00e9e-Vit\u00e9e-plaqu\u00e9e-TELLEY-95.jpg\"><img loading=\"lazy\" decoding=\"async\" class=\"alignleft size-thumbnail wp-image-822\" src=\"http:\/\/telleymenuiserie.ch\/wordpress\/wp-content\/uploads\/2014\/12\/Porte-int\u00e9rieure-de-communication-MDF-MASSIF-CHENE-SAPIN-sur-mesure-Moulur\u00e9e-Vit\u00e9e-plaqu\u00e9e-TELLEY-95-150x150.jpg\" alt=\"Porte int\u00e9rieure de communication MDF MASSIF  CHENE  SAPIN sur mesure Moulur\u00e9e Vit\u00e9e plaqu\u00e9e  TELLEY   (95)\" width=\"150\" height=\"150\" \/><\/a> <a href=\"http:\/\/telleymenuiserie.ch\/wordpress\/wp-content\/uploads\/2014\/12\/Porte-int\u00e9rieure-de-communication-MDF-MASSIF-CHENE-SAPIN-sur-mesure-Moulur\u00e9e-Vit\u00e9e-plaqu\u00e9e-TELLEY-94.jpg\"><img loading=\"lazy\" decoding=\"async\" class=\"alignleft size-thumbnail wp-image-821\" src=\"http:\/\/telleymenuiserie.ch\/wordpress\/wp-content\/uploads\/2014\/12\/Porte-int\u00e9rieure-de-communication-MDF-MASSIF-CHENE-SAPIN-sur-mesure-Moulur\u00e9e-Vit\u00e9e-plaqu\u00e9e-TELLEY-94-150x150.jpg\" alt=\"Porte int\u00e9rieure de communication MDF MASSIF  CHENE  SAPIN sur mesure Moulur\u00e9e Vit\u00e9e plaqu\u00e9e  TELLEY   (94)\" width=\"150\" height=\"150\" \/><\/a> <a href=\"http:\/\/telleymenuiserie.ch\/wordpress\/wp-content\/uploads\/2014\/12\/Porte-int\u00e9rieure-de-communication-MDF-MASSIF-CHENE-SAPIN-sur-mesure-Moulur\u00e9e-Vit\u00e9e-plaqu\u00e9e-TELLEY-93.jpg\"><img loading=\"lazy\" decoding=\"async\" class=\"alignleft size-thumbnail wp-image-820\" src=\"http:\/\/telleymenuiserie.ch\/wordpress\/wp-content\/uploads\/2014\/12\/Porte-int\u00e9rieure-de-communication-MDF-MASSIF-CHENE-SAPIN-sur-mesure-Moulur\u00e9e-Vit\u00e9e-plaqu\u00e9e-TELLEY-93-150x150.jpg\" alt=\"Porte int\u00e9rieure de communication MDF MASSIF  CHENE  SAPIN sur mesure Moulur\u00e9e Vit\u00e9e plaqu\u00e9e  TELLEY   (93)\" width=\"150\" height=\"150\" \/><\/a> <a href=\"http:\/\/telleymenuiserie.ch\/wordpress\/wp-content\/uploads\/2014\/12\/Porte-int\u00e9rieure-de-communication-MDF-MASSIF-CHENE-SAPIN-sur-mesure-Moulur\u00e9e-Vit\u00e9e-plaqu\u00e9e-TELLEY-92.jpg\"><img loading=\"lazy\" decoding=\"async\" class=\"alignleft size-thumbnail wp-image-819\" src=\"http:\/\/telleymenuiserie.ch\/wordpress\/wp-content\/uploads\/2014\/12\/Porte-int\u00e9rieure-de-communication-MDF-MASSIF-CHENE-SAPIN-sur-mesure-Moulur\u00e9e-Vit\u00e9e-plaqu\u00e9e-TELLEY-92-150x150.jpg\" alt=\"Porte int\u00e9rieure de communication MDF MASSIF  CHENE  SAPIN sur mesure Moulur\u00e9e Vit\u00e9e plaqu\u00e9e  TELLEY   (92)\" width=\"150\" height=\"150\" \/><\/a> <a href=\"http:\/\/telleymenuiserie.ch\/wordpress\/wp-content\/uploads\/2014\/12\/Porte-int\u00e9rieure-de-communication-MDF-MASSIF-CHENE-SAPIN-sur-mesure-Moulur\u00e9e-Vit\u00e9e-plaqu\u00e9e-TELLEY-91.jpg\"><img loading=\"lazy\" decoding=\"async\" class=\"alignleft size-thumbnail wp-image-818\" src=\"http:\/\/telleymenuiserie.ch\/wordpress\/wp-content\/uploads\/2014\/12\/Porte-int\u00e9rieure-de-communication-MDF-MASSIF-CHENE-SAPIN-sur-mesure-Moulur\u00e9e-Vit\u00e9e-plaqu\u00e9e-TELLEY-91-150x150.jpg\" alt=\"Porte int\u00e9rieure de communication MDF MASSIF  CHENE  SAPIN sur mesure Moulur\u00e9e Vit\u00e9e plaqu\u00e9e  TELLEY   (91)\" width=\"150\" height=\"150\" \/><\/a> <a href=\"http:\/\/telleymenuiserie.ch\/wordpress\/wp-content\/uploads\/2014\/12\/Porte-int\u00e9rieure-de-communication-MDF-MASSIF-CHENE-SAPIN-sur-mesure-Moulur\u00e9e-Vit\u00e9e-plaqu\u00e9e-TELLEY-90.jpg\"><img loading=\"lazy\" decoding=\"async\" class=\"alignleft size-thumbnail wp-image-817\" src=\"http:\/\/telleymenuiserie.ch\/wordpress\/wp-content\/uploads\/2014\/12\/Porte-int\u00e9rieure-de-communication-MDF-MASSIF-CHENE-SAPIN-sur-mesure-Moulur\u00e9e-Vit\u00e9e-plaqu\u00e9e-TELLEY-90-150x150.jpg\" alt=\"Porte int\u00e9rieure de communication MDF MASSIF  CHENE  SAPIN sur mesure Moulur\u00e9e Vit\u00e9e plaqu\u00e9e  TELLEY   (90)\" width=\"150\" height=\"150\" \/><\/a> <a href=\"http:\/\/telleymenuiserie.ch\/wordpress\/wp-content\/uploads\/2014\/12\/Porte-int\u00e9rieure-de-communication-MDF-MASSIF-CHENE-SAPIN-sur-mesure-Moulur\u00e9e-Vit\u00e9e-plaqu\u00e9e-TELLEY-89.jpg\"><img loading=\"lazy\" decoding=\"async\" class=\"alignleft size-thumbnail wp-image-816\" src=\"http:\/\/telleymenuiserie.ch\/wordpress\/wp-content\/uploads\/2014\/12\/Porte-int\u00e9rieure-de-communication-MDF-MASSIF-CHENE-SAPIN-sur-mesure-Moulur\u00e9e-Vit\u00e9e-plaqu\u00e9e-TELLEY-89-150x150.jpg\" alt=\"Porte int\u00e9rieure de communication MDF MASSIF  CHENE  SAPIN sur mesure Moulur\u00e9e Vit\u00e9e plaqu\u00e9e  TELLEY   (89)\" width=\"150\" height=\"150\" \/><\/a> <a href=\"http:\/\/telleymenuiserie.ch\/wordpress\/wp-content\/uploads\/2014\/12\/Porte-int\u00e9rieure-de-communication-MDF-MASSIF-CHENE-SAPIN-sur-mesure-Moulur\u00e9e-Vit\u00e9e-plaqu\u00e9e-TELLEY-88.jpg\"><img loading=\"lazy\" decoding=\"async\" class=\"alignleft size-thumbnail wp-image-815\" src=\"http:\/\/telleymenuiserie.ch\/wordpress\/wp-content\/uploads\/2014\/12\/Porte-int\u00e9rieure-de-communication-MDF-MASSIF-CHENE-SAPIN-sur-mesure-Moulur\u00e9e-Vit\u00e9e-plaqu\u00e9e-TELLEY-88-150x150.jpg\" alt=\"Porte int\u00e9rieure de communication MDF MASSIF  CHENE  SAPIN sur mesure Moulur\u00e9e Vit\u00e9e plaqu\u00e9e  TELLEY   (88)\" width=\"150\" height=\"150\" \/><\/a> <a href=\"http:\/\/telleymenuiserie.ch\/wordpress\/wp-content\/uploads\/2014\/12\/Porte-int\u00e9rieure-de-communication-MDF-MASSIF-CHENE-SAPIN-sur-mesure-Moulur\u00e9e-Vit\u00e9e-plaqu\u00e9e-TELLEY-87.jpg\"><img loading=\"lazy\" decoding=\"async\" class=\"alignleft size-thumbnail wp-image-814\" src=\"http:\/\/telleymenuiserie.ch\/wordpress\/wp-content\/uploads\/2014\/12\/Porte-int\u00e9rieure-de-communication-MDF-MASSIF-CHENE-SAPIN-sur-mesure-Moulur\u00e9e-Vit\u00e9e-plaqu\u00e9e-TELLEY-87-150x150.jpg\" alt=\"Porte int\u00e9rieure de communication MDF MASSIF  CHENE  SAPIN sur mesure Moulur\u00e9e Vit\u00e9e plaqu\u00e9e  TELLEY   (87)\" width=\"150\" height=\"150\" \/><\/a> <a href=\"http:\/\/telleymenuiserie.ch\/wordpress\/wp-content\/uploads\/2014\/12\/Porte-int\u00e9rieure-de-communication-MDF-MASSIF-CHENE-SAPIN-sur-mesure-Moulur\u00e9e-Vit\u00e9e-plaqu\u00e9e-TELLEY-86.jpg\"><img loading=\"lazy\" decoding=\"async\" class=\"alignleft size-thumbnail wp-image-813\" src=\"http:\/\/telleymenuiserie.ch\/wordpress\/wp-content\/uploads\/2014\/12\/Porte-int\u00e9rieure-de-communication-MDF-MASSIF-CHENE-SAPIN-sur-mesure-Moulur\u00e9e-Vit\u00e9e-plaqu\u00e9e-TELLEY-86-150x150.jpg\" alt=\"Porte int\u00e9rieure de communication MDF MASSIF  CHENE  SAPIN sur mesure Moulur\u00e9e Vit\u00e9e plaqu\u00e9e  TELLEY   (86)\" width=\"150\" height=\"150\" \/><\/a> <a href=\"http:\/\/telleymenuiserie.ch\/wordpress\/wp-content\/uploads\/2014\/12\/Porte-int\u00e9rieure-de-communication-MDF-MASSIF-CHENE-SAPIN-sur-mesure-Moulur\u00e9e-Vit\u00e9e-plaqu\u00e9e-TELLEY-85.jpg\"><img loading=\"lazy\" decoding=\"async\" class=\"alignleft size-thumbnail wp-image-812\" src=\"http:\/\/telleymenuiserie.ch\/wordpress\/wp-content\/uploads\/2014\/12\/Porte-int\u00e9rieure-de-communication-MDF-MASSIF-CHENE-SAPIN-sur-mesure-Moulur\u00e9e-Vit\u00e9e-plaqu\u00e9e-TELLEY-85-150x150.jpg\" alt=\"Porte int\u00e9rieure de communication MDF MASSIF  CHENE  SAPIN sur mesure Moulur\u00e9e Vit\u00e9e plaqu\u00e9e  TELLEY   (85)\" width=\"150\" height=\"150\" \/><\/a> <a href=\"http:\/\/telleymenuiserie.ch\/wordpress\/wp-content\/uploads\/2014\/12\/Porte-int\u00e9rieure-de-communication-MDF-MASSIF-CHENE-SAPIN-sur-mesure-Moulur\u00e9e-Vit\u00e9e-plaqu\u00e9e-TELLEY-84.jpg\"><img loading=\"lazy\" decoding=\"async\" class=\"alignleft size-thumbnail wp-image-811\" src=\"http:\/\/telleymenuiserie.ch\/wordpress\/wp-content\/uploads\/2014\/12\/Porte-int\u00e9rieure-de-communication-MDF-MASSIF-CHENE-SAPIN-sur-mesure-Moulur\u00e9e-Vit\u00e9e-plaqu\u00e9e-TELLEY-84-150x150.jpg\" alt=\"Porte int\u00e9rieure de communication MDF MASSIF  CHENE  SAPIN sur mesure Moulur\u00e9e Vit\u00e9e plaqu\u00e9e  TELLEY   (84)\" width=\"150\" height=\"150\" \/><\/a> <a href=\"http:\/\/telleymenuiserie.ch\/wordpress\/wp-content\/uploads\/2014\/12\/Porte-int\u00e9rieure-de-communication-MDF-MASSIF-CHENE-SAPIN-sur-mesure-Moulur\u00e9e-Vit\u00e9e-plaqu\u00e9e-TELLEY-83.jpg\"><img loading=\"lazy\" decoding=\"async\" class=\"alignleft size-thumbnail wp-image-810\" src=\"http:\/\/telleymenuiserie.ch\/wordpress\/wp-content\/uploads\/2014\/12\/Porte-int\u00e9rieure-de-communication-MDF-MASSIF-CHENE-SAPIN-sur-mesure-Moulur\u00e9e-Vit\u00e9e-plaqu\u00e9e-TELLEY-83-150x150.jpg\" alt=\"Porte int\u00e9rieure de communication MDF MASSIF  CHENE  SAPIN sur mesure Moulur\u00e9e Vit\u00e9e plaqu\u00e9e  TELLEY   (83)\" width=\"150\" height=\"150\" \/><\/a> <a href=\"http:\/\/telleymenuiserie.ch\/wordpress\/wp-content\/uploads\/2014\/12\/Porte-int\u00e9rieure-de-communication-MDF-MASSIF-CHENE-SAPIN-sur-mesure-Moulur\u00e9e-Vit\u00e9e-plaqu\u00e9e-TELLEY-82.jpg\"><img loading=\"lazy\" decoding=\"async\" class=\"alignleft size-thumbnail wp-image-809\" src=\"http:\/\/telleymenuiserie.ch\/wordpress\/wp-content\/uploads\/2014\/12\/Porte-int\u00e9rieure-de-communication-MDF-MASSIF-CHENE-SAPIN-sur-mesure-Moulur\u00e9e-Vit\u00e9e-plaqu\u00e9e-TELLEY-82-150x150.jpg\" alt=\"Porte int\u00e9rieure de communication MDF MASSIF  CHENE  SAPIN sur mesure Moulur\u00e9e Vit\u00e9e plaqu\u00e9e  TELLEY   (82)\" width=\"150\" height=\"150\" \/><\/a> <a href=\"http:\/\/telleymenuiserie.ch\/wordpress\/wp-content\/uploads\/2014\/12\/Porte-int\u00e9rieure-de-communication-MDF-MASSIF-CHENE-SAPIN-sur-mesure-Moulur\u00e9e-Vit\u00e9e-plaqu\u00e9e-TELLEY-81.jpg\"><img loading=\"lazy\" decoding=\"async\" class=\"alignleft size-thumbnail wp-image-808\" src=\"http:\/\/telleymenuiserie.ch\/wordpress\/wp-content\/uploads\/2014\/12\/Porte-int\u00e9rieure-de-communication-MDF-MASSIF-CHENE-SAPIN-sur-mesure-Moulur\u00e9e-Vit\u00e9e-plaqu\u00e9e-TELLEY-81-150x150.jpg\" alt=\"Porte int\u00e9rieure de communication MDF MASSIF  CHENE  SAPIN sur mesure Moulur\u00e9e Vit\u00e9e plaqu\u00e9e  TELLEY   (81)\" width=\"150\" height=\"150\" \/><\/a> <a href=\"http:\/\/telleymenuiserie.ch\/wordpress\/wp-content\/uploads\/2014\/12\/Porte-int\u00e9rieure-de-communication-MDF-MASSIF-CHENE-SAPIN-sur-mesure-Moulur\u00e9e-Vit\u00e9e-plaqu\u00e9e-TELLEY-80.jpg\"><img loading=\"lazy\" decoding=\"async\" class=\"alignleft size-thumbnail wp-image-807\" src=\"http:\/\/telleymenuiserie.ch\/wordpress\/wp-content\/uploads\/2014\/12\/Porte-int\u00e9rieure-de-communication-MDF-MASSIF-CHENE-SAPIN-sur-mesure-Moulur\u00e9e-Vit\u00e9e-plaqu\u00e9e-TELLEY-80-150x150.jpg\" alt=\"Porte int\u00e9rieure de communication MDF MASSIF  CHENE  SAPIN sur mesure Moulur\u00e9e Vit\u00e9e plaqu\u00e9e  TELLEY   (80)\" width=\"150\" height=\"150\" \/><\/a> <a href=\"http:\/\/telleymenuiserie.ch\/wordpress\/wp-content\/uploads\/2014\/12\/Porte-int\u00e9rieure-de-communication-MDF-MASSIF-CHENE-SAPIN-sur-mesure-Moulur\u00e9e-Vit\u00e9e-plaqu\u00e9e-TELLEY-79.jpg\"><img loading=\"lazy\" decoding=\"async\" class=\"alignleft size-thumbnail wp-image-806\" src=\"http:\/\/telleymenuiserie.ch\/wordpress\/wp-content\/uploads\/2014\/12\/Porte-int\u00e9rieure-de-communication-MDF-MASSIF-CHENE-SAPIN-sur-mesure-Moulur\u00e9e-Vit\u00e9e-plaqu\u00e9e-TELLEY-79-150x150.jpg\" alt=\"Porte int\u00e9rieure de communication MDF MASSIF  CHENE  SAPIN sur mesure Moulur\u00e9e Vit\u00e9e plaqu\u00e9e  TELLEY   (79)\" width=\"150\" height=\"150\" \/><\/a> <a href=\"http:\/\/telleymenuiserie.ch\/wordpress\/wp-content\/uploads\/2014\/12\/Porte-int\u00e9rieure-de-communication-MDF-MASSIF-CHENE-SAPIN-sur-mesure-Moulur\u00e9e-Vit\u00e9e-plaqu\u00e9e-TELLEY-78.jpg\"><img loading=\"lazy\" decoding=\"async\" class=\"alignleft size-thumbnail wp-image-805\" src=\"http:\/\/telleymenuiserie.ch\/wordpress\/wp-content\/uploads\/2014\/12\/Porte-int\u00e9rieure-de-communication-MDF-MASSIF-CHENE-SAPIN-sur-mesure-Moulur\u00e9e-Vit\u00e9e-plaqu\u00e9e-TELLEY-78-150x150.jpg\" alt=\"Porte int\u00e9rieure de communication MDF MASSIF  CHENE  SAPIN sur mesure Moulur\u00e9e Vit\u00e9e plaqu\u00e9e  TELLEY   (78)\" width=\"150\" height=\"150\" \/><\/a> <a href=\"http:\/\/telleymenuiserie.ch\/wordpress\/wp-content\/uploads\/2014\/12\/Porte-int\u00e9rieure-de-communication-MDF-MASSIF-CHENE-SAPIN-sur-mesure-Moulur\u00e9e-Vit\u00e9e-plaqu\u00e9e-TELLEY-77.jpg\"><img loading=\"lazy\" decoding=\"async\" class=\"alignleft size-thumbnail wp-image-804\" src=\"http:\/\/telleymenuiserie.ch\/wordpress\/wp-content\/uploads\/2014\/12\/Porte-int\u00e9rieure-de-communication-MDF-MASSIF-CHENE-SAPIN-sur-mesure-Moulur\u00e9e-Vit\u00e9e-plaqu\u00e9e-TELLEY-77-150x150.jpg\" alt=\"Porte int\u00e9rieure de communication MDF MASSIF  CHENE  SAPIN sur mesure Moulur\u00e9e Vit\u00e9e plaqu\u00e9e  TELLEY   (77)\" width=\"150\" height=\"150\" \/><\/a> <a href=\"http:\/\/telleymenuiserie.ch\/wordpress\/wp-content\/uploads\/2014\/12\/Porte-int\u00e9rieure-de-communication-MDF-MASSIF-CHENE-SAPIN-sur-mesure-Moulur\u00e9e-Vit\u00e9e-plaqu\u00e9e-TELLEY-76.jpg\"><img loading=\"lazy\" decoding=\"async\" class=\"alignleft size-thumbnail wp-image-803\" src=\"http:\/\/telleymenuiserie.ch\/wordpress\/wp-content\/uploads\/2014\/12\/Porte-int\u00e9rieure-de-communication-MDF-MASSIF-CHENE-SAPIN-sur-mesure-Moulur\u00e9e-Vit\u00e9e-plaqu\u00e9e-TELLEY-76-150x150.jpg\" alt=\"Porte int\u00e9rieure de communication MDF MASSIF  CHENE  SAPIN sur mesure Moulur\u00e9e Vit\u00e9e plaqu\u00e9e  TELLEY   (76)\" width=\"150\" height=\"150\" \/><\/a> <a href=\"http:\/\/telleymenuiserie.ch\/wordpress\/wp-content\/uploads\/2014\/12\/Porte-int\u00e9rieure-de-communication-MDF-MASSIF-CHENE-SAPIN-sur-mesure-Moulur\u00e9e-Vit\u00e9e-plaqu\u00e9e-TELLEY-75.jpg\"><img loading=\"lazy\" decoding=\"async\" class=\"alignleft size-thumbnail wp-image-802\" src=\"http:\/\/telleymenuiserie.ch\/wordpress\/wp-content\/uploads\/2014\/12\/Porte-int\u00e9rieure-de-communication-MDF-MASSIF-CHENE-SAPIN-sur-mesure-Moulur\u00e9e-Vit\u00e9e-plaqu\u00e9e-TELLEY-75-150x150.jpg\" alt=\"Porte int\u00e9rieure de communication MDF MASSIF  CHENE  SAPIN sur mesure Moulur\u00e9e Vit\u00e9e plaqu\u00e9e  TELLEY   (75)\" width=\"150\" height=\"150\" \/><\/a> <a href=\"http:\/\/telleymenuiserie.ch\/wordpress\/wp-content\/uploads\/2014\/12\/Porte-int\u00e9rieure-de-communication-MDF-MASSIF-CHENE-SAPIN-sur-mesure-Moulur\u00e9e-Vit\u00e9e-plaqu\u00e9e-TELLEY-74.jpg\"><img loading=\"lazy\" decoding=\"async\" class=\"alignleft size-thumbnail wp-image-801\" src=\"http:\/\/telleymenuiserie.ch\/wordpress\/wp-content\/uploads\/2014\/12\/Porte-int\u00e9rieure-de-communication-MDF-MASSIF-CHENE-SAPIN-sur-mesure-Moulur\u00e9e-Vit\u00e9e-plaqu\u00e9e-TELLEY-74-150x150.jpg\" alt=\"Porte int\u00e9rieure de communication MDF MASSIF  CHENE  SAPIN sur mesure Moulur\u00e9e Vit\u00e9e plaqu\u00e9e  TELLEY   (74)\" width=\"150\" height=\"150\" \/><\/a> <a href=\"http:\/\/telleymenuiserie.ch\/wordpress\/wp-content\/uploads\/2014\/12\/Porte-int\u00e9rieure-de-communication-MDF-MASSIF-CHENE-SAPIN-sur-mesure-Moulur\u00e9e-Vit\u00e9e-plaqu\u00e9e-TELLEY-73.jpg\"><img loading=\"lazy\" decoding=\"async\" class=\"alignleft size-thumbnail wp-image-800\" src=\"http:\/\/telleymenuiserie.ch\/wordpress\/wp-content\/uploads\/2014\/12\/Porte-int\u00e9rieure-de-communication-MDF-MASSIF-CHENE-SAPIN-sur-mesure-Moulur\u00e9e-Vit\u00e9e-plaqu\u00e9e-TELLEY-73-150x150.jpg\" alt=\"Porte int\u00e9rieure de communication MDF MASSIF  CHENE  SAPIN sur mesure Moulur\u00e9e Vit\u00e9e plaqu\u00e9e  TELLEY   (73)\" width=\"150\" height=\"150\" \/><\/a> <a href=\"http:\/\/telleymenuiserie.ch\/wordpress\/wp-content\/uploads\/2014\/12\/Porte-int\u00e9rieure-de-communication-MDF-MASSIF-CHENE-SAPIN-sur-mesure-Moulur\u00e9e-Vit\u00e9e-plaqu\u00e9e-TELLEY-72.jpg\"><img loading=\"lazy\" decoding=\"async\" class=\"alignleft size-thumbnail wp-image-799\" src=\"http:\/\/telleymenuiserie.ch\/wordpress\/wp-content\/uploads\/2014\/12\/Porte-int\u00e9rieure-de-communication-MDF-MASSIF-CHENE-SAPIN-sur-mesure-Moulur\u00e9e-Vit\u00e9e-plaqu\u00e9e-TELLEY-72-150x150.jpg\" alt=\"Porte int\u00e9rieure de communication MDF MASSIF  CHENE  SAPIN sur mesure Moulur\u00e9e Vit\u00e9e plaqu\u00e9e  TELLEY   (72)\" width=\"150\" height=\"150\" \/><\/a> <a href=\"http:\/\/telleymenuiserie.ch\/wordpress\/wp-content\/uploads\/2014\/12\/Porte-int\u00e9rieure-de-communication-MDF-MASSIF-CHENE-SAPIN-sur-mesure-Moulur\u00e9e-Vit\u00e9e-plaqu\u00e9e-TELLEY-71.jpg\"><img loading=\"lazy\" decoding=\"async\" class=\"alignleft size-thumbnail wp-image-798\" src=\"http:\/\/telleymenuiserie.ch\/wordpress\/wp-content\/uploads\/2014\/12\/Porte-int\u00e9rieure-de-communication-MDF-MASSIF-CHENE-SAPIN-sur-mesure-Moulur\u00e9e-Vit\u00e9e-plaqu\u00e9e-TELLEY-71-150x150.jpg\" alt=\"Porte int\u00e9rieure de communication MDF MASSIF  CHENE  SAPIN sur mesure Moulur\u00e9e Vit\u00e9e plaqu\u00e9e  TELLEY   (71)\" width=\"150\" height=\"150\" \/><\/a> <a href=\"http:\/\/telleymenuiserie.ch\/wordpress\/wp-content\/uploads\/2014\/12\/Porte-int\u00e9rieure-de-communication-MDF-MASSIF-CHENE-SAPIN-sur-mesure-Moulur\u00e9e-Vit\u00e9e-plaqu\u00e9e-TELLEY-70.jpg\"><img loading=\"lazy\" decoding=\"async\" class=\"alignleft size-thumbnail wp-image-797\" src=\"http:\/\/telleymenuiserie.ch\/wordpress\/wp-content\/uploads\/2014\/12\/Porte-int\u00e9rieure-de-communication-MDF-MASSIF-CHENE-SAPIN-sur-mesure-Moulur\u00e9e-Vit\u00e9e-plaqu\u00e9e-TELLEY-70-150x150.jpg\" alt=\"Porte int\u00e9rieure de communication MDF MASSIF  CHENE  SAPIN sur mesure Moulur\u00e9e Vit\u00e9e plaqu\u00e9e  TELLEY   (70)\" width=\"150\" height=\"150\" \/><\/a> <a href=\"http:\/\/telleymenuiserie.ch\/wordpress\/wp-content\/uploads\/2014\/12\/Porte-int\u00e9rieure-de-communication-MDF-MASSIF-CHENE-SAPIN-sur-mesure-Moulur\u00e9e-Vit\u00e9e-plaqu\u00e9e-TELLEY-69.jpg\"><img loading=\"lazy\" decoding=\"async\" class=\"alignleft size-thumbnail wp-image-796\" src=\"http:\/\/telleymenuiserie.ch\/wordpress\/wp-content\/uploads\/2014\/12\/Porte-int\u00e9rieure-de-communication-MDF-MASSIF-CHENE-SAPIN-sur-mesure-Moulur\u00e9e-Vit\u00e9e-plaqu\u00e9e-TELLEY-69-150x150.jpg\" alt=\"Porte int\u00e9rieure de communication MDF MASSIF  CHENE  SAPIN sur mesure Moulur\u00e9e Vit\u00e9e plaqu\u00e9e  TELLEY   (69)\" width=\"150\" height=\"150\" \/><\/a> <a href=\"http:\/\/telleymenuiserie.ch\/wordpress\/wp-content\/uploads\/2014\/12\/Porte-int\u00e9rieure-de-communication-MDF-MASSIF-CHENE-SAPIN-sur-mesure-Moulur\u00e9e-Vit\u00e9e-plaqu\u00e9e-TELLEY-68.jpg\"><img loading=\"lazy\" decoding=\"async\" class=\"alignleft size-thumbnail wp-image-795\" src=\"http:\/\/telleymenuiserie.ch\/wordpress\/wp-content\/uploads\/2014\/12\/Porte-int\u00e9rieure-de-communication-MDF-MASSIF-CHENE-SAPIN-sur-mesure-Moulur\u00e9e-Vit\u00e9e-plaqu\u00e9e-TELLEY-68-150x150.jpg\" alt=\"Porte int\u00e9rieure de communication MDF MASSIF  CHENE  SAPIN sur mesure Moulur\u00e9e Vit\u00e9e plaqu\u00e9e  TELLEY   (68)\" width=\"150\" height=\"150\" \/><\/a> <a href=\"http:\/\/telleymenuiserie.ch\/wordpress\/wp-content\/uploads\/2014\/12\/Porte-int\u00e9rieure-de-communication-MDF-MASSIF-CHENE-SAPIN-sur-mesure-Moulur\u00e9e-Vit\u00e9e-plaqu\u00e9e-TELLEY-67.jpg\"><img loading=\"lazy\" decoding=\"async\" class=\"alignleft size-thumbnail wp-image-794\" src=\"http:\/\/telleymenuiserie.ch\/wordpress\/wp-content\/uploads\/2014\/12\/Porte-int\u00e9rieure-de-communication-MDF-MASSIF-CHENE-SAPIN-sur-mesure-Moulur\u00e9e-Vit\u00e9e-plaqu\u00e9e-TELLEY-67-150x150.jpg\" alt=\"Porte int\u00e9rieure de communication MDF MASSIF  CHENE  SAPIN sur mesure Moulur\u00e9e Vit\u00e9e plaqu\u00e9e  TELLEY   (67)\" width=\"150\" height=\"150\" \/><\/a> <a href=\"http:\/\/telleymenuiserie.ch\/wordpress\/wp-content\/uploads\/2014\/12\/Porte-int\u00e9rieure-de-communication-MDF-MASSIF-CHENE-SAPIN-sur-mesure-Moulur\u00e9e-Vit\u00e9e-plaqu\u00e9e-TELLEY-66.jpg\"><img loading=\"lazy\" decoding=\"async\" class=\"alignleft size-thumbnail wp-image-793\" src=\"http:\/\/telleymenuiserie.ch\/wordpress\/wp-content\/uploads\/2014\/12\/Porte-int\u00e9rieure-de-communication-MDF-MASSIF-CHENE-SAPIN-sur-mesure-Moulur\u00e9e-Vit\u00e9e-plaqu\u00e9e-TELLEY-66-150x150.jpg\" alt=\"Porte int\u00e9rieure de communication MDF MASSIF  CHENE  SAPIN sur mesure Moulur\u00e9e Vit\u00e9e plaqu\u00e9e  TELLEY   (66)\" width=\"150\" height=\"150\" \/><\/a> <a href=\"http:\/\/telleymenuiserie.ch\/wordpress\/wp-content\/uploads\/2014\/12\/Porte-int\u00e9rieure-de-communication-MDF-MASSIF-CHENE-SAPIN-sur-mesure-Moulur\u00e9e-Vit\u00e9e-plaqu\u00e9e-TELLEY-65.jpg\"><img loading=\"lazy\" decoding=\"async\" class=\"alignleft size-thumbnail wp-image-792\" src=\"http:\/\/telleymenuiserie.ch\/wordpress\/wp-content\/uploads\/2014\/12\/Porte-int\u00e9rieure-de-communication-MDF-MASSIF-CHENE-SAPIN-sur-mesure-Moulur\u00e9e-Vit\u00e9e-plaqu\u00e9e-TELLEY-65-150x150.jpg\" alt=\"Porte int\u00e9rieure de communication MDF MASSIF  CHENE  SAPIN sur mesure Moulur\u00e9e Vit\u00e9e plaqu\u00e9e  TELLEY   (65)\" width=\"150\" height=\"150\" \/><\/a> <a href=\"http:\/\/telleymenuiserie.ch\/wordpress\/wp-content\/uploads\/2014\/12\/Porte-int\u00e9rieure-de-communication-MDF-MASSIF-CHENE-SAPIN-sur-mesure-Moulur\u00e9e-Vit\u00e9e-plaqu\u00e9e-TELLEY-64.jpg\"><img loading=\"lazy\" decoding=\"async\" class=\"alignleft size-thumbnail wp-image-791\" src=\"http:\/\/telleymenuiserie.ch\/wordpress\/wp-content\/uploads\/2014\/12\/Porte-int\u00e9rieure-de-communication-MDF-MASSIF-CHENE-SAPIN-sur-mesure-Moulur\u00e9e-Vit\u00e9e-plaqu\u00e9e-TELLEY-64-150x150.jpg\" alt=\"Porte int\u00e9rieure de communication MDF MASSIF  CHENE  SAPIN sur mesure Moulur\u00e9e Vit\u00e9e plaqu\u00e9e  TELLEY   (64)\" width=\"150\" height=\"150\" \/><\/a> <a href=\"http:\/\/telleymenuiserie.ch\/wordpress\/wp-content\/uploads\/2014\/12\/Porte-int\u00e9rieure-de-communication-MDF-MASSIF-CHENE-SAPIN-sur-mesure-Moulur\u00e9e-Vit\u00e9e-plaqu\u00e9e-TELLEY-63.jpg\"><img loading=\"lazy\" decoding=\"async\" class=\"alignleft size-thumbnail wp-image-790\" src=\"http:\/\/telleymenuiserie.ch\/wordpress\/wp-content\/uploads\/2014\/12\/Porte-int\u00e9rieure-de-communication-MDF-MASSIF-CHENE-SAPIN-sur-mesure-Moulur\u00e9e-Vit\u00e9e-plaqu\u00e9e-TELLEY-63-150x150.jpg\" alt=\"Porte int\u00e9rieure de communication MDF MASSIF  CHENE  SAPIN sur mesure Moulur\u00e9e Vit\u00e9e plaqu\u00e9e  TELLEY   (63)\" width=\"150\" height=\"150\" \/><\/a> <a href=\"http:\/\/telleymenuiserie.ch\/wordpress\/wp-content\/uploads\/2014\/12\/Porte-int\u00e9rieure-de-communication-MDF-MASSIF-CHENE-SAPIN-sur-mesure-Moulur\u00e9e-Vit\u00e9e-plaqu\u00e9e-TELLEY-62.jpg\"><img loading=\"lazy\" decoding=\"async\" class=\"alignleft size-thumbnail wp-image-789\" src=\"http:\/\/telleymenuiserie.ch\/wordpress\/wp-content\/uploads\/2014\/12\/Porte-int\u00e9rieure-de-communication-MDF-MASSIF-CHENE-SAPIN-sur-mesure-Moulur\u00e9e-Vit\u00e9e-plaqu\u00e9e-TELLEY-62-150x150.jpg\" alt=\"Porte int\u00e9rieure de communication MDF MASSIF  CHENE  SAPIN sur mesure Moulur\u00e9e Vit\u00e9e plaqu\u00e9e  TELLEY   (62)\" width=\"150\" height=\"150\" \/><\/a> <a href=\"http:\/\/telleymenuiserie.ch\/wordpress\/wp-content\/uploads\/2014\/12\/Porte-int\u00e9rieure-de-communication-MDF-MASSIF-CHENE-SAPIN-sur-mesure-Moulur\u00e9e-Vit\u00e9e-plaqu\u00e9e-TELLEY-61.jpg\"><img loading=\"lazy\" decoding=\"async\" class=\"alignleft size-thumbnail wp-image-788\" src=\"http:\/\/telleymenuiserie.ch\/wordpress\/wp-content\/uploads\/2014\/12\/Porte-int\u00e9rieure-de-communication-MDF-MASSIF-CHENE-SAPIN-sur-mesure-Moulur\u00e9e-Vit\u00e9e-plaqu\u00e9e-TELLEY-61-150x150.jpg\" alt=\"Porte int\u00e9rieure de communication MDF MASSIF  CHENE  SAPIN sur mesure Moulur\u00e9e Vit\u00e9e plaqu\u00e9e  TELLEY   (61)\" width=\"150\" height=\"150\" \/><\/a> <a href=\"http:\/\/telleymenuiserie.ch\/wordpress\/wp-content\/uploads\/2014\/12\/Porte-int\u00e9rieure-de-communication-MDF-MASSIF-CHENE-SAPIN-sur-mesure-Moulur\u00e9e-Vit\u00e9e-plaqu\u00e9e-TELLEY-60.jpg\"><img loading=\"lazy\" decoding=\"async\" class=\"alignleft size-thumbnail wp-image-787\" src=\"http:\/\/telleymenuiserie.ch\/wordpress\/wp-content\/uploads\/2014\/12\/Porte-int\u00e9rieure-de-communication-MDF-MASSIF-CHENE-SAPIN-sur-mesure-Moulur\u00e9e-Vit\u00e9e-plaqu\u00e9e-TELLEY-60-150x150.jpg\" alt=\"Porte int\u00e9rieure de communication MDF MASSIF  CHENE  SAPIN sur mesure Moulur\u00e9e Vit\u00e9e plaqu\u00e9e  TELLEY   (60)\" width=\"150\" height=\"150\" \/><\/a> <a href=\"http:\/\/telleymenuiserie.ch\/wordpress\/wp-content\/uploads\/2014\/12\/Porte-int\u00e9rieure-de-communication-MDF-MASSIF-CHENE-SAPIN-sur-mesure-Moulur\u00e9e-Vit\u00e9e-plaqu\u00e9e-TELLEY-59.jpg\"><img loading=\"lazy\" decoding=\"async\" class=\"alignleft size-thumbnail wp-image-786\" src=\"http:\/\/telleymenuiserie.ch\/wordpress\/wp-content\/uploads\/2014\/12\/Porte-int\u00e9rieure-de-communication-MDF-MASSIF-CHENE-SAPIN-sur-mesure-Moulur\u00e9e-Vit\u00e9e-plaqu\u00e9e-TELLEY-59-150x150.jpg\" alt=\"Porte int\u00e9rieure de communication MDF MASSIF  CHENE  SAPIN sur mesure Moulur\u00e9e Vit\u00e9e plaqu\u00e9e  TELLEY   (59)\" width=\"150\" height=\"150\" \/><\/a> <a href=\"http:\/\/telleymenuiserie.ch\/wordpress\/wp-content\/uploads\/2014\/12\/Porte-int\u00e9rieure-de-communication-MDF-MASSIF-CHENE-SAPIN-sur-mesure-Moulur\u00e9e-Vit\u00e9e-plaqu\u00e9e-TELLEY-58.jpg\"><img loading=\"lazy\" decoding=\"async\" class=\"alignleft size-thumbnail wp-image-785\" src=\"http:\/\/telleymenuiserie.ch\/wordpress\/wp-content\/uploads\/2014\/12\/Porte-int\u00e9rieure-de-communication-MDF-MASSIF-CHENE-SAPIN-sur-mesure-Moulur\u00e9e-Vit\u00e9e-plaqu\u00e9e-TELLEY-58-150x150.jpg\" alt=\"Porte int\u00e9rieure de communication MDF MASSIF  CHENE  SAPIN sur mesure Moulur\u00e9e Vit\u00e9e plaqu\u00e9e  TELLEY   (58)\" width=\"150\" height=\"150\" \/><\/a> <a href=\"http:\/\/telleymenuiserie.ch\/wordpress\/wp-content\/uploads\/2014\/12\/Porte-int\u00e9rieure-de-communication-MDF-MASSIF-CHENE-SAPIN-sur-mesure-Moulur\u00e9e-Vit\u00e9e-plaqu\u00e9e-TELLEY-57.jpg\"><img loading=\"lazy\" decoding=\"async\" class=\"alignleft size-thumbnail wp-image-784\" src=\"http:\/\/telleymenuiserie.ch\/wordpress\/wp-content\/uploads\/2014\/12\/Porte-int\u00e9rieure-de-communication-MDF-MASSIF-CHENE-SAPIN-sur-mesure-Moulur\u00e9e-Vit\u00e9e-plaqu\u00e9e-TELLEY-57-150x150.jpg\" alt=\"Porte int\u00e9rieure de communication MDF MASSIF  CHENE  SAPIN sur mesure Moulur\u00e9e Vit\u00e9e plaqu\u00e9e  TELLEY   (57)\" width=\"150\" height=\"150\" \/><\/a> <a href=\"http:\/\/telleymenuiserie.ch\/wordpress\/wp-content\/uploads\/2014\/12\/Porte-int\u00e9rieure-de-communication-MDF-MASSIF-CHENE-SAPIN-sur-mesure-Moulur\u00e9e-Vit\u00e9e-plaqu\u00e9e-TELLEY-56.jpg\"><img loading=\"lazy\" decoding=\"async\" class=\"alignleft size-thumbnail wp-image-783\" src=\"http:\/\/telleymenuiserie.ch\/wordpress\/wp-content\/uploads\/2014\/12\/Porte-int\u00e9rieure-de-communication-MDF-MASSIF-CHENE-SAPIN-sur-mesure-Moulur\u00e9e-Vit\u00e9e-plaqu\u00e9e-TELLEY-56-150x150.jpg\" alt=\"Porte int\u00e9rieure de communication MDF MASSIF  CHENE  SAPIN sur mesure Moulur\u00e9e Vit\u00e9e plaqu\u00e9e  TELLEY   (56)\" width=\"150\" height=\"150\" \/><\/a> <a href=\"http:\/\/telleymenuiserie.ch\/wordpress\/wp-content\/uploads\/2014\/12\/Porte-int\u00e9rieure-de-communication-MDF-MASSIF-CHENE-SAPIN-sur-mesure-Moulur\u00e9e-Vit\u00e9e-plaqu\u00e9e-TELLEY-55.jpg\"><img loading=\"lazy\" decoding=\"async\" class=\"alignleft size-thumbnail wp-image-782\" src=\"http:\/\/telleymenuiserie.ch\/wordpress\/wp-content\/uploads\/2014\/12\/Porte-int\u00e9rieure-de-communication-MDF-MASSIF-CHENE-SAPIN-sur-mesure-Moulur\u00e9e-Vit\u00e9e-plaqu\u00e9e-TELLEY-55-150x150.jpg\" alt=\"Porte int\u00e9rieure de communication MDF MASSIF  CHENE  SAPIN sur mesure Moulur\u00e9e Vit\u00e9e plaqu\u00e9e  TELLEY   (55)\" width=\"150\" height=\"150\" \/><\/a> <a href=\"http:\/\/telleymenuiserie.ch\/wordpress\/wp-content\/uploads\/2014\/12\/Porte-int\u00e9rieure-de-communication-MDF-MASSIF-CHENE-SAPIN-sur-mesure-Moulur\u00e9e-Vit\u00e9e-plaqu\u00e9e-TELLEY-54.jpg\"><img loading=\"lazy\" decoding=\"async\" class=\"alignleft size-thumbnail wp-image-781\" src=\"http:\/\/telleymenuiserie.ch\/wordpress\/wp-content\/uploads\/2014\/12\/Porte-int\u00e9rieure-de-communication-MDF-MASSIF-CHENE-SAPIN-sur-mesure-Moulur\u00e9e-Vit\u00e9e-plaqu\u00e9e-TELLEY-54-150x150.jpg\" alt=\"Porte int\u00e9rieure de communication MDF MASSIF  CHENE  SAPIN sur mesure Moulur\u00e9e Vit\u00e9e plaqu\u00e9e  TELLEY   (54)\" width=\"150\" height=\"150\" \/><\/a> <a href=\"http:\/\/telleymenuiserie.ch\/wordpress\/wp-content\/uploads\/2014\/12\/Porte-int\u00e9rieure-de-communication-MDF-MASSIF-CHENE-SAPIN-sur-mesure-Moulur\u00e9e-Vit\u00e9e-plaqu\u00e9e-TELLEY-53.jpg\"><img loading=\"lazy\" decoding=\"async\" class=\"alignleft size-thumbnail wp-image-780\" src=\"http:\/\/telleymenuiserie.ch\/wordpress\/wp-content\/uploads\/2014\/12\/Porte-int\u00e9rieure-de-communication-MDF-MASSIF-CHENE-SAPIN-sur-mesure-Moulur\u00e9e-Vit\u00e9e-plaqu\u00e9e-TELLEY-53-150x150.jpg\" alt=\"Porte int\u00e9rieure de communication MDF MASSIF  CHENE  SAPIN sur mesure Moulur\u00e9e Vit\u00e9e plaqu\u00e9e  TELLEY   (53)\" width=\"150\" height=\"150\" \/><\/a> <a href=\"http:\/\/telleymenuiserie.ch\/wordpress\/wp-content\/uploads\/2014\/12\/Porte-int\u00e9rieure-de-communication-MDF-MASSIF-CHENE-SAPIN-sur-mesure-Moulur\u00e9e-Vit\u00e9e-plaqu\u00e9e-TELLEY-52.jpg\"><img loading=\"lazy\" decoding=\"async\" class=\"alignleft size-thumbnail wp-image-779\" src=\"http:\/\/telleymenuiserie.ch\/wordpress\/wp-content\/uploads\/2014\/12\/Porte-int\u00e9rieure-de-communication-MDF-MASSIF-CHENE-SAPIN-sur-mesure-Moulur\u00e9e-Vit\u00e9e-plaqu\u00e9e-TELLEY-52-150x150.jpg\" alt=\"Porte int\u00e9rieure de communication MDF MASSIF  CHENE  SAPIN sur mesure Moulur\u00e9e Vit\u00e9e plaqu\u00e9e  TELLEY   (52)\" width=\"150\" height=\"150\" \/><\/a> <a href=\"http:\/\/telleymenuiserie.ch\/wordpress\/wp-content\/uploads\/2014\/12\/Porte-int\u00e9rieure-de-communication-MDF-MASSIF-CHENE-SAPIN-sur-mesure-Moulur\u00e9e-Vit\u00e9e-plaqu\u00e9e-TELLEY-51.jpg\"><img loading=\"lazy\" decoding=\"async\" class=\"alignleft size-thumbnail wp-image-778\" src=\"http:\/\/telleymenuiserie.ch\/wordpress\/wp-content\/uploads\/2014\/12\/Porte-int\u00e9rieure-de-communication-MDF-MASSIF-CHENE-SAPIN-sur-mesure-Moulur\u00e9e-Vit\u00e9e-plaqu\u00e9e-TELLEY-51-150x150.jpg\" alt=\"Porte int\u00e9rieure de communication MDF MASSIF  CHENE  SAPIN sur mesure Moulur\u00e9e Vit\u00e9e plaqu\u00e9e  TELLEY   (51)\" width=\"150\" height=\"150\" \/><\/a> <a href=\"http:\/\/telleymenuiserie.ch\/wordpress\/wp-content\/uploads\/2014\/12\/Porte-int\u00e9rieure-de-communication-MDF-MASSIF-CHENE-SAPIN-sur-mesure-Moulur\u00e9e-Vit\u00e9e-plaqu\u00e9e-TELLEY-50.jpg\"><img loading=\"lazy\" decoding=\"async\" class=\"alignleft size-thumbnail wp-image-777\" src=\"http:\/\/telleymenuiserie.ch\/wordpress\/wp-content\/uploads\/2014\/12\/Porte-int\u00e9rieure-de-communication-MDF-MASSIF-CHENE-SAPIN-sur-mesure-Moulur\u00e9e-Vit\u00e9e-plaqu\u00e9e-TELLEY-50-150x150.jpg\" alt=\"Porte int\u00e9rieure de communication MDF MASSIF  CHENE  SAPIN sur mesure Moulur\u00e9e Vit\u00e9e plaqu\u00e9e  TELLEY   (50)\" width=\"150\" height=\"150\" \/><\/a> <a href=\"http:\/\/telleymenuiserie.ch\/wordpress\/wp-content\/uploads\/2014\/12\/Porte-int\u00e9rieure-de-communication-MDF-MASSIF-CHENE-SAPIN-sur-mesure-Moulur\u00e9e-Vit\u00e9e-plaqu\u00e9e-TELLEY-49.jpg\"><img loading=\"lazy\" decoding=\"async\" class=\"alignleft size-thumbnail wp-image-776\" src=\"http:\/\/telleymenuiserie.ch\/wordpress\/wp-content\/uploads\/2014\/12\/Porte-int\u00e9rieure-de-communication-MDF-MASSIF-CHENE-SAPIN-sur-mesure-Moulur\u00e9e-Vit\u00e9e-plaqu\u00e9e-TELLEY-49-150x150.jpg\" alt=\"Porte int\u00e9rieure de communication MDF MASSIF  CHENE  SAPIN sur mesure Moulur\u00e9e Vit\u00e9e plaqu\u00e9e  TELLEY   (49)\" width=\"150\" height=\"150\" \/><\/a> <a href=\"http:\/\/telleymenuiserie.ch\/wordpress\/wp-content\/uploads\/2014\/12\/Porte-int\u00e9rieure-de-communication-MDF-MASSIF-CHENE-SAPIN-sur-mesure-Moulur\u00e9e-Vit\u00e9e-plaqu\u00e9e-TELLEY-48.jpg\"><img loading=\"lazy\" decoding=\"async\" class=\"alignleft size-thumbnail wp-image-775\" src=\"http:\/\/telleymenuiserie.ch\/wordpress\/wp-content\/uploads\/2014\/12\/Porte-int\u00e9rieure-de-communication-MDF-MASSIF-CHENE-SAPIN-sur-mesure-Moulur\u00e9e-Vit\u00e9e-plaqu\u00e9e-TELLEY-48-150x150.jpg\" alt=\"Porte int\u00e9rieure de communication MDF MASSIF  CHENE  SAPIN sur mesure Moulur\u00e9e Vit\u00e9e plaqu\u00e9e  TELLEY   (48)\" width=\"150\" height=\"150\" \/><\/a> <a href=\"http:\/\/telleymenuiserie.ch\/wordpress\/wp-content\/uploads\/2014\/12\/Porte-int\u00e9rieure-de-communication-MDF-MASSIF-CHENE-SAPIN-sur-mesure-Moulur\u00e9e-Vit\u00e9e-plaqu\u00e9e-TELLEY-47.jpg\"><img loading=\"lazy\" decoding=\"async\" class=\"alignleft size-thumbnail wp-image-774\" src=\"http:\/\/telleymenuiserie.ch\/wordpress\/wp-content\/uploads\/2014\/12\/Porte-int\u00e9rieure-de-communication-MDF-MASSIF-CHENE-SAPIN-sur-mesure-Moulur\u00e9e-Vit\u00e9e-plaqu\u00e9e-TELLEY-47-150x150.jpg\" alt=\"Porte int\u00e9rieure de communication MDF MASSIF  CHENE  SAPIN sur mesure Moulur\u00e9e Vit\u00e9e plaqu\u00e9e  TELLEY   (47)\" width=\"150\" height=\"150\" \/><\/a> <a href=\"http:\/\/telleymenuiserie.ch\/wordpress\/wp-content\/uploads\/2014\/12\/Porte-int\u00e9rieure-de-communication-MDF-MASSIF-CHENE-SAPIN-sur-mesure-Moulur\u00e9e-Vit\u00e9e-plaqu\u00e9e-TELLEY-46.jpg\"><img loading=\"lazy\" decoding=\"async\" class=\"alignleft size-thumbnail wp-image-773\" src=\"http:\/\/telleymenuiserie.ch\/wordpress\/wp-content\/uploads\/2014\/12\/Porte-int\u00e9rieure-de-communication-MDF-MASSIF-CHENE-SAPIN-sur-mesure-Moulur\u00e9e-Vit\u00e9e-plaqu\u00e9e-TELLEY-46-150x150.jpg\" alt=\"Porte int\u00e9rieure de communication MDF MASSIF  CHENE  SAPIN sur mesure Moulur\u00e9e Vit\u00e9e plaqu\u00e9e  TELLEY   (46)\" width=\"150\" height=\"150\" \/><\/a> <a href=\"http:\/\/telleymenuiserie.ch\/wordpress\/wp-content\/uploads\/2014\/12\/Porte-int\u00e9rieure-de-communication-MDF-MASSIF-CHENE-SAPIN-sur-mesure-Moulur\u00e9e-Vit\u00e9e-plaqu\u00e9e-TELLEY-45.jpg\"><img loading=\"lazy\" decoding=\"async\" class=\"alignleft size-thumbnail wp-image-772\" src=\"http:\/\/telleymenuiserie.ch\/wordpress\/wp-content\/uploads\/2014\/12\/Porte-int\u00e9rieure-de-communication-MDF-MASSIF-CHENE-SAPIN-sur-mesure-Moulur\u00e9e-Vit\u00e9e-plaqu\u00e9e-TELLEY-45-150x150.jpg\" alt=\"Porte int\u00e9rieure de communication MDF MASSIF  CHENE  SAPIN sur mesure Moulur\u00e9e Vit\u00e9e plaqu\u00e9e  TELLEY   (45)\" width=\"150\" height=\"150\" \/><\/a> <a href=\"http:\/\/telleymenuiserie.ch\/wordpress\/wp-content\/uploads\/2014\/12\/Porte-int\u00e9rieure-de-communication-MDF-MASSIF-CHENE-SAPIN-sur-mesure-Moulur\u00e9e-Vit\u00e9e-plaqu\u00e9e-TELLEY-44.jpg\"><img loading=\"lazy\" decoding=\"async\" class=\"alignleft size-thumbnail wp-image-771\" src=\"http:\/\/telleymenuiserie.ch\/wordpress\/wp-content\/uploads\/2014\/12\/Porte-int\u00e9rieure-de-communication-MDF-MASSIF-CHENE-SAPIN-sur-mesure-Moulur\u00e9e-Vit\u00e9e-plaqu\u00e9e-TELLEY-44-150x150.jpg\" alt=\"Porte int\u00e9rieure de communication MDF MASSIF  CHENE  SAPIN sur mesure Moulur\u00e9e Vit\u00e9e plaqu\u00e9e  TELLEY   (44)\" width=\"150\" height=\"150\" \/><\/a> <a href=\"http:\/\/telleymenuiserie.ch\/wordpress\/wp-content\/uploads\/2014\/12\/Porte-int\u00e9rieure-de-communication-MDF-MASSIF-CHENE-SAPIN-sur-mesure-Moulur\u00e9e-Vit\u00e9e-plaqu\u00e9e-TELLEY-43.jpg\"><img loading=\"lazy\" decoding=\"async\" class=\"alignleft size-thumbnail wp-image-770\" src=\"http:\/\/telleymenuiserie.ch\/wordpress\/wp-content\/uploads\/2014\/12\/Porte-int\u00e9rieure-de-communication-MDF-MASSIF-CHENE-SAPIN-sur-mesure-Moulur\u00e9e-Vit\u00e9e-plaqu\u00e9e-TELLEY-43-150x150.jpg\" alt=\"Porte int\u00e9rieure de communication MDF MASSIF  CHENE  SAPIN sur mesure Moulur\u00e9e Vit\u00e9e plaqu\u00e9e  TELLEY   (43)\" width=\"150\" height=\"150\" \/><\/a> <a href=\"http:\/\/telleymenuiserie.ch\/wordpress\/wp-content\/uploads\/2014\/12\/Porte-int\u00e9rieure-de-communication-MDF-MASSIF-CHENE-SAPIN-sur-mesure-Moulur\u00e9e-Vit\u00e9e-plaqu\u00e9e-TELLEY-42.jpg\"><img loading=\"lazy\" decoding=\"async\" class=\"alignleft size-thumbnail wp-image-769\" src=\"http:\/\/telleymenuiserie.ch\/wordpress\/wp-content\/uploads\/2014\/12\/Porte-int\u00e9rieure-de-communication-MDF-MASSIF-CHENE-SAPIN-sur-mesure-Moulur\u00e9e-Vit\u00e9e-plaqu\u00e9e-TELLEY-42-150x150.jpg\" alt=\"Porte int\u00e9rieure de communication MDF MASSIF  CHENE  SAPIN sur mesure Moulur\u00e9e Vit\u00e9e plaqu\u00e9e  TELLEY   (42)\" width=\"150\" height=\"150\" \/><\/a> <a href=\"http:\/\/telleymenuiserie.ch\/wordpress\/wp-content\/uploads\/2014\/12\/Porte-int\u00e9rieure-de-communication-MDF-MASSIF-CHENE-SAPIN-sur-mesure-Moulur\u00e9e-Vit\u00e9e-plaqu\u00e9e-TELLEY-41.jpg\"><img loading=\"lazy\" decoding=\"async\" class=\"alignleft size-thumbnail wp-image-768\" src=\"http:\/\/telleymenuiserie.ch\/wordpress\/wp-content\/uploads\/2014\/12\/Porte-int\u00e9rieure-de-communication-MDF-MASSIF-CHENE-SAPIN-sur-mesure-Moulur\u00e9e-Vit\u00e9e-plaqu\u00e9e-TELLEY-41-150x150.jpg\" alt=\"Porte int\u00e9rieure de communication MDF MASSIF  CHENE  SAPIN sur mesure Moulur\u00e9e Vit\u00e9e plaqu\u00e9e  TELLEY   (41)\" width=\"150\" height=\"150\" \/><\/a> <a href=\"http:\/\/telleymenuiserie.ch\/wordpress\/wp-content\/uploads\/2014\/12\/Porte-int\u00e9rieure-de-communication-MDF-MASSIF-CHENE-SAPIN-sur-mesure-Moulur\u00e9e-Vit\u00e9e-plaqu\u00e9e-TELLEY-40.jpg\"><img loading=\"lazy\" decoding=\"async\" class=\"alignleft size-thumbnail wp-image-767\" src=\"http:\/\/telleymenuiserie.ch\/wordpress\/wp-content\/uploads\/2014\/12\/Porte-int\u00e9rieure-de-communication-MDF-MASSIF-CHENE-SAPIN-sur-mesure-Moulur\u00e9e-Vit\u00e9e-plaqu\u00e9e-TELLEY-40-150x150.jpg\" alt=\"Porte int\u00e9rieure de communication MDF MASSIF  CHENE  SAPIN sur mesure Moulur\u00e9e Vit\u00e9e plaqu\u00e9e  TELLEY   (40)\" width=\"150\" height=\"150\" \/><\/a> <a href=\"http:\/\/telleymenuiserie.ch\/wordpress\/wp-content\/uploads\/2014\/12\/Porte-int\u00e9rieure-de-communication-MDF-MASSIF-CHENE-SAPIN-sur-mesure-Moulur\u00e9e-Vit\u00e9e-plaqu\u00e9e-TELLEY-39.jpg\"><img loading=\"lazy\" decoding=\"async\" class=\"alignleft size-thumbnail wp-image-766\" src=\"http:\/\/telleymenuiserie.ch\/wordpress\/wp-content\/uploads\/2014\/12\/Porte-int\u00e9rieure-de-communication-MDF-MASSIF-CHENE-SAPIN-sur-mesure-Moulur\u00e9e-Vit\u00e9e-plaqu\u00e9e-TELLEY-39-150x150.jpg\" alt=\"Porte int\u00e9rieure de communication MDF MASSIF  CHENE  SAPIN sur mesure Moulur\u00e9e Vit\u00e9e plaqu\u00e9e  TELLEY   (39)\" width=\"150\" height=\"150\" \/><\/a> <a href=\"http:\/\/telleymenuiserie.ch\/wordpress\/wp-content\/uploads\/2014\/12\/Porte-int\u00e9rieure-de-communication-MDF-MASSIF-CHENE-SAPIN-sur-mesure-Moulur\u00e9e-Vit\u00e9e-plaqu\u00e9e-TELLEY-38.jpg\"><img loading=\"lazy\" decoding=\"async\" class=\"alignleft size-thumbnail wp-image-765\" src=\"http:\/\/telleymenuiserie.ch\/wordpress\/wp-content\/uploads\/2014\/12\/Porte-int\u00e9rieure-de-communication-MDF-MASSIF-CHENE-SAPIN-sur-mesure-Moulur\u00e9e-Vit\u00e9e-plaqu\u00e9e-TELLEY-38-150x150.jpg\" alt=\"Porte int\u00e9rieure de communication MDF MASSIF  CHENE  SAPIN sur mesure Moulur\u00e9e Vit\u00e9e plaqu\u00e9e  TELLEY   (38)\" width=\"150\" height=\"150\" \/><\/a> <a href=\"http:\/\/telleymenuiserie.ch\/wordpress\/wp-content\/uploads\/2014\/12\/Porte-int\u00e9rieure-de-communication-MDF-MASSIF-CHENE-SAPIN-sur-mesure-Moulur\u00e9e-Vit\u00e9e-plaqu\u00e9e-TELLEY-37.jpg\"><img loading=\"lazy\" decoding=\"async\" class=\"alignleft size-thumbnail wp-image-764\" src=\"http:\/\/telleymenuiserie.ch\/wordpress\/wp-content\/uploads\/2014\/12\/Porte-int\u00e9rieure-de-communication-MDF-MASSIF-CHENE-SAPIN-sur-mesure-Moulur\u00e9e-Vit\u00e9e-plaqu\u00e9e-TELLEY-37-150x150.jpg\" alt=\"Porte int\u00e9rieure de communication MDF MASSIF  CHENE  SAPIN sur mesure Moulur\u00e9e Vit\u00e9e plaqu\u00e9e  TELLEY   (37)\" width=\"150\" height=\"150\" \/><\/a> <a href=\"http:\/\/telleymenuiserie.ch\/wordpress\/wp-content\/uploads\/2014\/12\/Porte-int\u00e9rieure-de-communication-MDF-MASSIF-CHENE-SAPIN-sur-mesure-Moulur\u00e9e-Vit\u00e9e-plaqu\u00e9e-TELLEY-36.jpg\"><img loading=\"lazy\" decoding=\"async\" class=\"alignleft size-thumbnail wp-image-763\" src=\"http:\/\/telleymenuiserie.ch\/wordpress\/wp-content\/uploads\/2014\/12\/Porte-int\u00e9rieure-de-communication-MDF-MASSIF-CHENE-SAPIN-sur-mesure-Moulur\u00e9e-Vit\u00e9e-plaqu\u00e9e-TELLEY-36-150x150.jpg\" alt=\"Porte int\u00e9rieure de communication MDF MASSIF  CHENE  SAPIN sur mesure Moulur\u00e9e Vit\u00e9e plaqu\u00e9e  TELLEY   (36)\" width=\"150\" height=\"150\" \/><\/a> <a href=\"http:\/\/telleymenuiserie.ch\/wordpress\/wp-content\/uploads\/2014\/12\/Porte-int\u00e9rieure-de-communication-MDF-MASSIF-CHENE-SAPIN-sur-mesure-Moulur\u00e9e-Vit\u00e9e-plaqu\u00e9e-TELLEY-35.jpg\"><img loading=\"lazy\" decoding=\"async\" class=\"alignleft size-thumbnail wp-image-762\" src=\"http:\/\/telleymenuiserie.ch\/wordpress\/wp-content\/uploads\/2014\/12\/Porte-int\u00e9rieure-de-communication-MDF-MASSIF-CHENE-SAPIN-sur-mesure-Moulur\u00e9e-Vit\u00e9e-plaqu\u00e9e-TELLEY-35-150x150.jpg\" alt=\"Porte int\u00e9rieure de communication MDF MASSIF  CHENE  SAPIN sur mesure Moulur\u00e9e Vit\u00e9e plaqu\u00e9e  TELLEY   (35)\" width=\"150\" height=\"150\" \/><\/a> <a href=\"http:\/\/telleymenuiserie.ch\/wordpress\/wp-content\/uploads\/2014\/12\/Porte-int\u00e9rieure-de-communication-MDF-MASSIF-CHENE-SAPIN-sur-mesure-Moulur\u00e9e-Vit\u00e9e-plaqu\u00e9e-TELLEY-34.jpg\"><img loading=\"lazy\" decoding=\"async\" class=\"alignleft size-thumbnail wp-image-761\" src=\"http:\/\/telleymenuiserie.ch\/wordpress\/wp-content\/uploads\/2014\/12\/Porte-int\u00e9rieure-de-communication-MDF-MASSIF-CHENE-SAPIN-sur-mesure-Moulur\u00e9e-Vit\u00e9e-plaqu\u00e9e-TELLEY-34-150x150.jpg\" alt=\"Porte int\u00e9rieure de communication MDF MASSIF  CHENE  SAPIN sur mesure Moulur\u00e9e Vit\u00e9e plaqu\u00e9e  TELLEY   (34)\" width=\"150\" height=\"150\" \/><\/a> <a href=\"http:\/\/telleymenuiserie.ch\/wordpress\/wp-content\/uploads\/2014\/12\/Porte-int\u00e9rieure-de-communication-MDF-MASSIF-CHENE-SAPIN-sur-mesure-Moulur\u00e9e-Vit\u00e9e-plaqu\u00e9e-TELLEY-33.jpg\"><img loading=\"lazy\" decoding=\"async\" class=\"alignleft size-thumbnail wp-image-760\" src=\"http:\/\/telleymenuiserie.ch\/wordpress\/wp-content\/uploads\/2014\/12\/Porte-int\u00e9rieure-de-communication-MDF-MASSIF-CHENE-SAPIN-sur-mesure-Moulur\u00e9e-Vit\u00e9e-plaqu\u00e9e-TELLEY-33-150x150.jpg\" alt=\"Porte int\u00e9rieure de communication MDF MASSIF  CHENE  SAPIN sur mesure Moulur\u00e9e Vit\u00e9e plaqu\u00e9e  TELLEY   (33)\" width=\"150\" height=\"150\" \/><\/a> <a href=\"http:\/\/telleymenuiserie.ch\/wordpress\/wp-content\/uploads\/2014\/12\/Porte-int\u00e9rieure-de-communication-MDF-MASSIF-CHENE-SAPIN-sur-mesure-Moulur\u00e9e-Vit\u00e9e-plaqu\u00e9e-TELLEY-32.jpg\"><img loading=\"lazy\" decoding=\"async\" class=\"alignleft size-thumbnail wp-image-759\" src=\"http:\/\/telleymenuiserie.ch\/wordpress\/wp-content\/uploads\/2014\/12\/Porte-int\u00e9rieure-de-communication-MDF-MASSIF-CHENE-SAPIN-sur-mesure-Moulur\u00e9e-Vit\u00e9e-plaqu\u00e9e-TELLEY-32-150x150.jpg\" alt=\"Porte int\u00e9rieure de communication MDF MASSIF  CHENE  SAPIN sur mesure Moulur\u00e9e Vit\u00e9e plaqu\u00e9e  TELLEY   (32)\" width=\"150\" height=\"150\" \/><\/a> <a href=\"http:\/\/telleymenuiserie.ch\/wordpress\/wp-content\/uploads\/2014\/12\/Porte-int\u00e9rieure-de-communication-MDF-MASSIF-CHENE-SAPIN-sur-mesure-Moulur\u00e9e-Vit\u00e9e-plaqu\u00e9e-TELLEY-31.jpg\"><img loading=\"lazy\" decoding=\"async\" class=\"alignleft size-thumbnail wp-image-758\" src=\"http:\/\/telleymenuiserie.ch\/wordpress\/wp-content\/uploads\/2014\/12\/Porte-int\u00e9rieure-de-communication-MDF-MASSIF-CHENE-SAPIN-sur-mesure-Moulur\u00e9e-Vit\u00e9e-plaqu\u00e9e-TELLEY-31-150x150.jpg\" alt=\"Porte int\u00e9rieure de communication MDF MASSIF  CHENE  SAPIN sur mesure Moulur\u00e9e Vit\u00e9e plaqu\u00e9e  TELLEY   (31)\" width=\"150\" height=\"150\" \/><\/a> <a href=\"http:\/\/telleymenuiserie.ch\/wordpress\/wp-content\/uploads\/2014\/12\/Porte-int\u00e9rieure-de-communication-MDF-MASSIF-CHENE-SAPIN-sur-mesure-Moulur\u00e9e-Vit\u00e9e-plaqu\u00e9e-TELLEY-30.jpg\"><img loading=\"lazy\" decoding=\"async\" class=\"alignleft size-thumbnail wp-image-757\" src=\"http:\/\/telleymenuiserie.ch\/wordpress\/wp-content\/uploads\/2014\/12\/Porte-int\u00e9rieure-de-communication-MDF-MASSIF-CHENE-SAPIN-sur-mesure-Moulur\u00e9e-Vit\u00e9e-plaqu\u00e9e-TELLEY-30-150x150.jpg\" alt=\"Porte int\u00e9rieure de communication MDF MASSIF  CHENE  SAPIN sur mesure Moulur\u00e9e Vit\u00e9e plaqu\u00e9e  TELLEY   (30)\" width=\"150\" height=\"150\" \/><\/a> <a href=\"http:\/\/telleymenuiserie.ch\/wordpress\/wp-content\/uploads\/2014\/12\/Porte-int\u00e9rieure-de-communication-MDF-MASSIF-CHENE-SAPIN-sur-mesure-Moulur\u00e9e-Vit\u00e9e-plaqu\u00e9e-TELLEY-29.jpg\"><img loading=\"lazy\" decoding=\"async\" class=\"alignleft size-thumbnail wp-image-756\" src=\"http:\/\/telleymenuiserie.ch\/wordpress\/wp-content\/uploads\/2014\/12\/Porte-int\u00e9rieure-de-communication-MDF-MASSIF-CHENE-SAPIN-sur-mesure-Moulur\u00e9e-Vit\u00e9e-plaqu\u00e9e-TELLEY-29-150x150.jpg\" alt=\"Porte int\u00e9rieure de communication MDF MASSIF  CHENE  SAPIN sur mesure Moulur\u00e9e Vit\u00e9e plaqu\u00e9e  TELLEY   (29)\" width=\"150\" height=\"150\" \/><\/a> <a href=\"http:\/\/telleymenuiserie.ch\/wordpress\/wp-content\/uploads\/2014\/12\/Porte-int\u00e9rieure-de-communication-MDF-MASSIF-CHENE-SAPIN-sur-mesure-Moulur\u00e9e-Vit\u00e9e-plaqu\u00e9e-TELLEY-28.jpg\"><img loading=\"lazy\" decoding=\"async\" class=\"alignleft size-thumbnail wp-image-755\" src=\"http:\/\/telleymenuiserie.ch\/wordpress\/wp-content\/uploads\/2014\/12\/Porte-int\u00e9rieure-de-communication-MDF-MASSIF-CHENE-SAPIN-sur-mesure-Moulur\u00e9e-Vit\u00e9e-plaqu\u00e9e-TELLEY-28-150x150.jpg\" alt=\"Porte int\u00e9rieure de communication MDF MASSIF  CHENE  SAPIN sur mesure Moulur\u00e9e Vit\u00e9e plaqu\u00e9e  TELLEY   (28)\" width=\"150\" height=\"150\" \/><\/a> <a href=\"http:\/\/telleymenuiserie.ch\/wordpress\/wp-content\/uploads\/2014\/12\/Porte-int\u00e9rieure-de-communication-MDF-MASSIF-CHENE-SAPIN-sur-mesure-Moulur\u00e9e-Vit\u00e9e-plaqu\u00e9e-TELLEY-27.jpg\"><img loading=\"lazy\" decoding=\"async\" class=\"alignleft size-thumbnail wp-image-754\" src=\"http:\/\/telleymenuiserie.ch\/wordpress\/wp-content\/uploads\/2014\/12\/Porte-int\u00e9rieure-de-communication-MDF-MASSIF-CHENE-SAPIN-sur-mesure-Moulur\u00e9e-Vit\u00e9e-plaqu\u00e9e-TELLEY-27-150x150.jpg\" alt=\"Porte int\u00e9rieure de communication MDF MASSIF  CHENE  SAPIN sur mesure Moulur\u00e9e Vit\u00e9e plaqu\u00e9e  TELLEY   (27)\" width=\"150\" height=\"150\" \/><\/a> <a href=\"http:\/\/telleymenuiserie.ch\/wordpress\/wp-content\/uploads\/2014\/12\/Porte-int\u00e9rieure-de-communication-MDF-MASSIF-CHENE-SAPIN-sur-mesure-Moulur\u00e9e-Vit\u00e9e-plaqu\u00e9e-TELLEY-26.jpg\"><img loading=\"lazy\" decoding=\"async\" class=\"alignleft size-thumbnail wp-image-753\" src=\"http:\/\/telleymenuiserie.ch\/wordpress\/wp-content\/uploads\/2014\/12\/Porte-int\u00e9rieure-de-communication-MDF-MASSIF-CHENE-SAPIN-sur-mesure-Moulur\u00e9e-Vit\u00e9e-plaqu\u00e9e-TELLEY-26-150x150.jpg\" alt=\"Porte int\u00e9rieure de communication MDF MASSIF  CHENE  SAPIN sur mesure Moulur\u00e9e Vit\u00e9e plaqu\u00e9e  TELLEY   (26)\" width=\"150\" height=\"150\" \/><\/a> <a href=\"http:\/\/telleymenuiserie.ch\/wordpress\/wp-content\/uploads\/2014\/12\/Porte-int\u00e9rieure-de-communication-MDF-MASSIF-CHENE-SAPIN-sur-mesure-Moulur\u00e9e-Vit\u00e9e-plaqu\u00e9e-TELLEY-25.jpg\"><img loading=\"lazy\" decoding=\"async\" class=\"alignleft size-thumbnail wp-image-752\" src=\"http:\/\/telleymenuiserie.ch\/wordpress\/wp-content\/uploads\/2014\/12\/Porte-int\u00e9rieure-de-communication-MDF-MASSIF-CHENE-SAPIN-sur-mesure-Moulur\u00e9e-Vit\u00e9e-plaqu\u00e9e-TELLEY-25-150x150.jpg\" alt=\"Porte int\u00e9rieure de communication MDF MASSIF  CHENE  SAPIN sur mesure Moulur\u00e9e Vit\u00e9e plaqu\u00e9e  TELLEY   (25)\" width=\"150\" height=\"150\" \/><\/a> <a href=\"http:\/\/telleymenuiserie.ch\/wordpress\/wp-content\/uploads\/2014\/12\/Porte-int\u00e9rieure-de-communication-MDF-MASSIF-CHENE-SAPIN-sur-mesure-Moulur\u00e9e-Vit\u00e9e-plaqu\u00e9e-TELLEY-24.jpg\"><img loading=\"lazy\" decoding=\"async\" class=\"alignleft size-thumbnail wp-image-751\" src=\"http:\/\/telleymenuiserie.ch\/wordpress\/wp-content\/uploads\/2014\/12\/Porte-int\u00e9rieure-de-communication-MDF-MASSIF-CHENE-SAPIN-sur-mesure-Moulur\u00e9e-Vit\u00e9e-plaqu\u00e9e-TELLEY-24-150x150.jpg\" alt=\"Porte int\u00e9rieure de communication MDF MASSIF  CHENE  SAPIN sur mesure Moulur\u00e9e Vit\u00e9e plaqu\u00e9e  TELLEY   (24)\" width=\"150\" height=\"150\" \/><\/a> <a href=\"http:\/\/telleymenuiserie.ch\/wordpress\/wp-content\/uploads\/2014\/12\/Porte-int\u00e9rieure-de-communication-MDF-MASSIF-CHENE-SAPIN-sur-mesure-Moulur\u00e9e-Vit\u00e9e-plaqu\u00e9e-TELLEY-23.jpg\"><img loading=\"lazy\" decoding=\"async\" class=\"alignleft size-thumbnail wp-image-750\" src=\"http:\/\/telleymenuiserie.ch\/wordpress\/wp-content\/uploads\/2014\/12\/Porte-int\u00e9rieure-de-communication-MDF-MASSIF-CHENE-SAPIN-sur-mesure-Moulur\u00e9e-Vit\u00e9e-plaqu\u00e9e-TELLEY-23-150x150.jpg\" alt=\"Porte int\u00e9rieure de communication MDF MASSIF  CHENE  SAPIN sur mesure Moulur\u00e9e Vit\u00e9e plaqu\u00e9e  TELLEY   (23)\" width=\"150\" height=\"150\" \/><\/a> <a href=\"http:\/\/telleymenuiserie.ch\/wordpress\/wp-content\/uploads\/2014\/12\/Porte-int\u00e9rieure-de-communication-MDF-MASSIF-CHENE-SAPIN-sur-mesure-Moulur\u00e9e-Vit\u00e9e-plaqu\u00e9e-TELLEY-22.jpg\"><img loading=\"lazy\" decoding=\"async\" class=\"alignleft size-thumbnail wp-image-749\" src=\"http:\/\/telleymenuiserie.ch\/wordpress\/wp-content\/uploads\/2014\/12\/Porte-int\u00e9rieure-de-communication-MDF-MASSIF-CHENE-SAPIN-sur-mesure-Moulur\u00e9e-Vit\u00e9e-plaqu\u00e9e-TELLEY-22-150x150.jpg\" alt=\"Porte int\u00e9rieure de communication MDF MASSIF  CHENE  SAPIN sur mesure Moulur\u00e9e Vit\u00e9e plaqu\u00e9e  TELLEY   (22)\" width=\"150\" height=\"150\" \/><\/a> <a href=\"http:\/\/telleymenuiserie.ch\/wordpress\/wp-content\/uploads\/2014\/12\/Porte-int\u00e9rieure-de-communication-MDF-MASSIF-CHENE-SAPIN-sur-mesure-Moulur\u00e9e-Vit\u00e9e-plaqu\u00e9e-TELLEY-21.jpg\"><img loading=\"lazy\" decoding=\"async\" class=\"alignleft size-thumbnail wp-image-748\" src=\"http:\/\/telleymenuiserie.ch\/wordpress\/wp-content\/uploads\/2014\/12\/Porte-int\u00e9rieure-de-communication-MDF-MASSIF-CHENE-SAPIN-sur-mesure-Moulur\u00e9e-Vit\u00e9e-plaqu\u00e9e-TELLEY-21-150x150.jpg\" alt=\"Porte int\u00e9rieure de communication MDF MASSIF  CHENE  SAPIN sur mesure Moulur\u00e9e Vit\u00e9e plaqu\u00e9e  TELLEY   (21)\" width=\"150\" height=\"150\" \/><\/a> <a href=\"http:\/\/telleymenuiserie.ch\/wordpress\/wp-content\/uploads\/2014\/12\/Porte-int\u00e9rieure-de-communication-MDF-MASSIF-CHENE-SAPIN-sur-mesure-Moulur\u00e9e-Vit\u00e9e-plaqu\u00e9e-TELLEY-20.jpg\"><img loading=\"lazy\" decoding=\"async\" class=\"alignleft size-thumbnail wp-image-747\" src=\"http:\/\/telleymenuiserie.ch\/wordpress\/wp-content\/uploads\/2014\/12\/Porte-int\u00e9rieure-de-communication-MDF-MASSIF-CHENE-SAPIN-sur-mesure-Moulur\u00e9e-Vit\u00e9e-plaqu\u00e9e-TELLEY-20-150x150.jpg\" alt=\"Porte int\u00e9rieure de communication MDF MASSIF  CHENE  SAPIN sur mesure Moulur\u00e9e Vit\u00e9e plaqu\u00e9e  TELLEY   (20)\" width=\"150\" height=\"150\" \/><\/a> <a href=\"http:\/\/telleymenuiserie.ch\/wordpress\/wp-content\/uploads\/2014\/12\/Porte-int\u00e9rieure-de-communication-MDF-MASSIF-CHENE-SAPIN-sur-mesure-Moulur\u00e9e-Vit\u00e9e-plaqu\u00e9e-TELLEY-19.jpg\"><img loading=\"lazy\" decoding=\"async\" class=\"alignleft size-thumbnail wp-image-746\" src=\"http:\/\/telleymenuiserie.ch\/wordpress\/wp-content\/uploads\/2014\/12\/Porte-int\u00e9rieure-de-communication-MDF-MASSIF-CHENE-SAPIN-sur-mesure-Moulur\u00e9e-Vit\u00e9e-plaqu\u00e9e-TELLEY-19-150x150.jpg\" alt=\"Porte int\u00e9rieure de communication MDF MASSIF  CHENE  SAPIN sur mesure Moulur\u00e9e Vit\u00e9e plaqu\u00e9e  TELLEY   (19)\" width=\"150\" height=\"150\" \/><\/a> <a href=\"http:\/\/telleymenuiserie.ch\/wordpress\/wp-content\/uploads\/2014\/12\/Porte-int\u00e9rieure-de-communication-MDF-MASSIF-CHENE-SAPIN-sur-mesure-Moulur\u00e9e-Vit\u00e9e-plaqu\u00e9e-TELLEY-18.jpg\"><img loading=\"lazy\" decoding=\"async\" class=\"alignleft size-thumbnail wp-image-745\" src=\"http:\/\/telleymenuiserie.ch\/wordpress\/wp-content\/uploads\/2014\/12\/Porte-int\u00e9rieure-de-communication-MDF-MASSIF-CHENE-SAPIN-sur-mesure-Moulur\u00e9e-Vit\u00e9e-plaqu\u00e9e-TELLEY-18-150x150.jpg\" alt=\"Porte int\u00e9rieure de communication MDF MASSIF  CHENE  SAPIN sur mesure Moulur\u00e9e Vit\u00e9e plaqu\u00e9e  TELLEY   (18)\" width=\"150\" height=\"150\" \/><\/a> <a href=\"http:\/\/telleymenuiserie.ch\/wordpress\/wp-content\/uploads\/2014\/12\/Porte-int\u00e9rieure-de-communication-MDF-MASSIF-CHENE-SAPIN-sur-mesure-Moulur\u00e9e-Vit\u00e9e-plaqu\u00e9e-TELLEY-17.jpg\"><img loading=\"lazy\" decoding=\"async\" class=\"alignleft size-thumbnail wp-image-744\" src=\"http:\/\/telleymenuiserie.ch\/wordpress\/wp-content\/uploads\/2014\/12\/Porte-int\u00e9rieure-de-communication-MDF-MASSIF-CHENE-SAPIN-sur-mesure-Moulur\u00e9e-Vit\u00e9e-plaqu\u00e9e-TELLEY-17-150x150.jpg\" alt=\"Porte int\u00e9rieure de communication MDF MASSIF  CHENE  SAPIN sur mesure Moulur\u00e9e Vit\u00e9e plaqu\u00e9e  TELLEY   (17)\" width=\"150\" height=\"150\" \/><\/a> <a href=\"http:\/\/telleymenuiserie.ch\/wordpress\/wp-content\/uploads\/2014\/12\/Porte-int\u00e9rieure-de-communication-MDF-MASSIF-CHENE-SAPIN-sur-mesure-Moulur\u00e9e-Vit\u00e9e-plaqu\u00e9e-TELLEY-16.jpg\"><img loading=\"lazy\" decoding=\"async\" class=\"alignleft size-thumbnail wp-image-743\" src=\"http:\/\/telleymenuiserie.ch\/wordpress\/wp-content\/uploads\/2014\/12\/Porte-int\u00e9rieure-de-communication-MDF-MASSIF-CHENE-SAPIN-sur-mesure-Moulur\u00e9e-Vit\u00e9e-plaqu\u00e9e-TELLEY-16-150x150.jpg\" alt=\"Porte int\u00e9rieure de communication MDF MASSIF  CHENE  SAPIN sur mesure Moulur\u00e9e Vit\u00e9e plaqu\u00e9e  TELLEY   (16)\" width=\"150\" height=\"150\" \/><\/a> <a href=\"http:\/\/telleymenuiserie.ch\/wordpress\/wp-content\/uploads\/2014\/12\/Porte-int\u00e9rieure-de-communication-MDF-MASSIF-CHENE-SAPIN-sur-mesure-Moulur\u00e9e-Vit\u00e9e-plaqu\u00e9e-TELLEY-15.jpg\"><img loading=\"lazy\" decoding=\"async\" class=\"alignleft size-thumbnail wp-image-742\" src=\"http:\/\/telleymenuiserie.ch\/wordpress\/wp-content\/uploads\/2014\/12\/Porte-int\u00e9rieure-de-communication-MDF-MASSIF-CHENE-SAPIN-sur-mesure-Moulur\u00e9e-Vit\u00e9e-plaqu\u00e9e-TELLEY-15-150x150.jpg\" alt=\"Porte int\u00e9rieure de communication MDF MASSIF  CHENE  SAPIN sur mesure Moulur\u00e9e Vit\u00e9e plaqu\u00e9e  TELLEY   (15)\" width=\"150\" height=\"150\" \/><\/a> <a href=\"http:\/\/telleymenuiserie.ch\/wordpress\/wp-content\/uploads\/2014\/12\/Porte-int\u00e9rieure-de-communication-MDF-MASSIF-CHENE-SAPIN-sur-mesure-Moulur\u00e9e-Vit\u00e9e-plaqu\u00e9e-TELLEY-14.jpg\"><img loading=\"lazy\" decoding=\"async\" class=\"alignleft size-thumbnail wp-image-741\" src=\"http:\/\/telleymenuiserie.ch\/wordpress\/wp-content\/uploads\/2014\/12\/Porte-int\u00e9rieure-de-communication-MDF-MASSIF-CHENE-SAPIN-sur-mesure-Moulur\u00e9e-Vit\u00e9e-plaqu\u00e9e-TELLEY-14-150x150.jpg\" alt=\"Porte int\u00e9rieure de communication MDF MASSIF  CHENE  SAPIN sur mesure Moulur\u00e9e Vit\u00e9e plaqu\u00e9e  TELLEY   (14)\" width=\"150\" height=\"150\" \/><\/a> <a href=\"http:\/\/telleymenuiserie.ch\/wordpress\/wp-content\/uploads\/2014\/12\/Porte-int\u00e9rieure-de-communication-MDF-MASSIF-CHENE-SAPIN-sur-mesure-Moulur\u00e9e-Vit\u00e9e-plaqu\u00e9e-TELLEY-13.jpg\"><img loading=\"lazy\" decoding=\"async\" class=\"alignleft size-thumbnail wp-image-740\" src=\"http:\/\/telleymenuiserie.ch\/wordpress\/wp-content\/uploads\/2014\/12\/Porte-int\u00e9rieure-de-communication-MDF-MASSIF-CHENE-SAPIN-sur-mesure-Moulur\u00e9e-Vit\u00e9e-plaqu\u00e9e-TELLEY-13-150x150.jpg\" alt=\"Porte int\u00e9rieure de communication MDF MASSIF  CHENE  SAPIN sur mesure Moulur\u00e9e Vit\u00e9e plaqu\u00e9e  TELLEY   (13)\" width=\"150\" height=\"150\" \/><\/a> <a href=\"http:\/\/telleymenuiserie.ch\/wordpress\/wp-content\/uploads\/2014\/12\/Porte-int\u00e9rieure-de-communication-MDF-MASSIF-CHENE-SAPIN-sur-mesure-Moulur\u00e9e-Vit\u00e9e-plaqu\u00e9e-TELLEY-12.jpg\"><img loading=\"lazy\" decoding=\"async\" class=\"alignleft size-thumbnail wp-image-739\" src=\"http:\/\/telleymenuiserie.ch\/wordpress\/wp-content\/uploads\/2014\/12\/Porte-int\u00e9rieure-de-communication-MDF-MASSIF-CHENE-SAPIN-sur-mesure-Moulur\u00e9e-Vit\u00e9e-plaqu\u00e9e-TELLEY-12-150x150.jpg\" alt=\"Porte int\u00e9rieure de communication MDF MASSIF  CHENE  SAPIN sur mesure Moulur\u00e9e Vit\u00e9e plaqu\u00e9e  TELLEY   (12)\" width=\"150\" height=\"150\" \/><\/a> <a href=\"http:\/\/telleymenuiserie.ch\/wordpress\/wp-content\/uploads\/2014\/12\/Porte-int\u00e9rieure-de-communication-MDF-MASSIF-CHENE-SAPIN-sur-mesure-Moulur\u00e9e-Vit\u00e9e-plaqu\u00e9e-TELLEY-11.jpg\"><img loading=\"lazy\" decoding=\"async\" class=\"alignleft size-thumbnail wp-image-738\" src=\"http:\/\/telleymenuiserie.ch\/wordpress\/wp-content\/uploads\/2014\/12\/Porte-int\u00e9rieure-de-communication-MDF-MASSIF-CHENE-SAPIN-sur-mesure-Moulur\u00e9e-Vit\u00e9e-plaqu\u00e9e-TELLEY-11-150x150.jpg\" alt=\"Porte int\u00e9rieure de communication MDF MASSIF  CHENE  SAPIN sur mesure Moulur\u00e9e Vit\u00e9e plaqu\u00e9e  TELLEY   (11)\" width=\"150\" height=\"150\" \/><\/a> <a href=\"http:\/\/telleymenuiserie.ch\/wordpress\/wp-content\/uploads\/2014\/12\/Porte-int\u00e9rieure-de-communication-MDF-MASSIF-CHENE-SAPIN-sur-mesure-Moulur\u00e9e-Vit\u00e9e-plaqu\u00e9e-TELLEY-10.jpg\"><img loading=\"lazy\" decoding=\"async\" class=\"alignleft size-thumbnail wp-image-737\" src=\"http:\/\/telleymenuiserie.ch\/wordpress\/wp-content\/uploads\/2014\/12\/Porte-int\u00e9rieure-de-communication-MDF-MASSIF-CHENE-SAPIN-sur-mesure-Moulur\u00e9e-Vit\u00e9e-plaqu\u00e9e-TELLEY-10-150x150.jpg\" alt=\"Porte int\u00e9rieure de communication MDF MASSIF  CHENE  SAPIN sur mesure Moulur\u00e9e Vit\u00e9e plaqu\u00e9e  TELLEY   (10)\" width=\"150\" height=\"150\" \/><\/a> <a href=\"http:\/\/telleymenuiserie.ch\/wordpress\/wp-content\/uploads\/2014\/12\/Porte-int\u00e9rieure-de-communication-MDF-MASSIF-CHENE-SAPIN-sur-mesure-Moulur\u00e9e-Vit\u00e9e-plaqu\u00e9e-TELLEY-9.jpg\"><img loading=\"lazy\" decoding=\"async\" class=\"alignleft size-thumbnail wp-image-736\" src=\"http:\/\/telleymenuiserie.ch\/wordpress\/wp-content\/uploads\/2014\/12\/Porte-int\u00e9rieure-de-communication-MDF-MASSIF-CHENE-SAPIN-sur-mesure-Moulur\u00e9e-Vit\u00e9e-plaqu\u00e9e-TELLEY-9-150x150.jpg\" alt=\"Porte int\u00e9rieure de communication MDF MASSIF  CHENE  SAPIN sur mesure Moulur\u00e9e Vit\u00e9e plaqu\u00e9e  TELLEY   (9)\" width=\"150\" height=\"150\" \/><\/a> <a href=\"http:\/\/telleymenuiserie.ch\/wordpress\/wp-content\/uploads\/2014\/12\/Porte-int\u00e9rieure-de-communication-MDF-MASSIF-CHENE-SAPIN-sur-mesure-Moulur\u00e9e-Vit\u00e9e-plaqu\u00e9e-TELLEY-8.jpg\"><img loading=\"lazy\" decoding=\"async\" class=\"alignleft size-thumbnail wp-image-735\" src=\"http:\/\/telleymenuiserie.ch\/wordpress\/wp-content\/uploads\/2014\/12\/Porte-int\u00e9rieure-de-communication-MDF-MASSIF-CHENE-SAPIN-sur-mesure-Moulur\u00e9e-Vit\u00e9e-plaqu\u00e9e-TELLEY-8-150x150.jpg\" alt=\"Porte int\u00e9rieure de communication MDF MASSIF  CHENE  SAPIN sur mesure Moulur\u00e9e Vit\u00e9e plaqu\u00e9e  TELLEY   (8)\" width=\"150\" height=\"150\" \/><\/a> <a href=\"http:\/\/telleymenuiserie.ch\/wordpress\/wp-content\/uploads\/2014\/12\/Porte-int\u00e9rieure-de-communication-MDF-MASSIF-CHENE-SAPIN-sur-mesure-Moulur\u00e9e-Vit\u00e9e-plaqu\u00e9e-TELLEY-7.jpg\"><img loading=\"lazy\" decoding=\"async\" class=\"alignleft size-thumbnail wp-image-734\" src=\"http:\/\/telleymenuiserie.ch\/wordpress\/wp-content\/uploads\/2014\/12\/Porte-int\u00e9rieure-de-communication-MDF-MASSIF-CHENE-SAPIN-sur-mesure-Moulur\u00e9e-Vit\u00e9e-plaqu\u00e9e-TELLEY-7-150x150.jpg\" alt=\"Porte int\u00e9rieure de communication MDF MASSIF  CHENE  SAPIN sur mesure Moulur\u00e9e Vit\u00e9e plaqu\u00e9e  TELLEY   (7)\" width=\"150\" height=\"150\" \/><\/a> <a href=\"http:\/\/telleymenuiserie.ch\/wordpress\/wp-content\/uploads\/2014\/12\/Porte-int\u00e9rieure-de-communication-MDF-MASSIF-CHENE-SAPIN-sur-mesure-Moulur\u00e9e-Vit\u00e9e-plaqu\u00e9e-TELLEY-6.jpg\"><img loading=\"lazy\" decoding=\"async\" class=\"alignleft size-thumbnail wp-image-733\" src=\"http:\/\/telleymenuiserie.ch\/wordpress\/wp-content\/uploads\/2014\/12\/Porte-int\u00e9rieure-de-communication-MDF-MASSIF-CHENE-SAPIN-sur-mesure-Moulur\u00e9e-Vit\u00e9e-plaqu\u00e9e-TELLEY-6-150x150.jpg\" alt=\"Porte int\u00e9rieure de communication MDF MASSIF  CHENE  SAPIN sur mesure Moulur\u00e9e Vit\u00e9e plaqu\u00e9e  TELLEY   (6)\" width=\"150\" height=\"150\" \/><\/a> <a href=\"http:\/\/telleymenuiserie.ch\/wordpress\/wp-content\/uploads\/2014\/12\/Porte-int\u00e9rieure-de-communication-MDF-MASSIF-CHENE-SAPIN-sur-mesure-Moulur\u00e9e-Vit\u00e9e-plaqu\u00e9e-TELLEY-5.jpg\"><img loading=\"lazy\" decoding=\"async\" class=\"alignleft size-thumbnail wp-image-732\" src=\"http:\/\/telleymenuiserie.ch\/wordpress\/wp-content\/uploads\/2014\/12\/Porte-int\u00e9rieure-de-communication-MDF-MASSIF-CHENE-SAPIN-sur-mesure-Moulur\u00e9e-Vit\u00e9e-plaqu\u00e9e-TELLEY-5-150x150.jpg\" alt=\"Porte int\u00e9rieure de communication MDF MASSIF  CHENE  SAPIN sur mesure Moulur\u00e9e Vit\u00e9e plaqu\u00e9e  TELLEY   (5)\" width=\"150\" height=\"150\" \/><\/a> <a href=\"http:\/\/telleymenuiserie.ch\/wordpress\/wp-content\/uploads\/2014\/12\/Porte-int\u00e9rieure-de-communication-MDF-MASSIF-CHENE-SAPIN-sur-mesure-Moulur\u00e9e-Vit\u00e9e-plaqu\u00e9e-TELLEY-4.jpg\"><img loading=\"lazy\" decoding=\"async\" class=\"alignleft size-thumbnail wp-image-731\" src=\"http:\/\/telleymenuiserie.ch\/wordpress\/wp-content\/uploads\/2014\/12\/Porte-int\u00e9rieure-de-communication-MDF-MASSIF-CHENE-SAPIN-sur-mesure-Moulur\u00e9e-Vit\u00e9e-plaqu\u00e9e-TELLEY-4-150x150.jpg\" alt=\"Porte int\u00e9rieure de communication MDF MASSIF  CHENE  SAPIN sur mesure Moulur\u00e9e Vit\u00e9e plaqu\u00e9e  TELLEY   (4)\" width=\"150\" height=\"150\" \/><\/a> <a href=\"http:\/\/telleymenuiserie.ch\/wordpress\/wp-content\/uploads\/2014\/12\/Porte-int\u00e9rieure-de-communication-MDF-MASSIF-CHENE-SAPIN-sur-mesure-Moulur\u00e9e-Vit\u00e9e-plaqu\u00e9e-TELLEY-3.jpg\"><img loading=\"lazy\" decoding=\"async\" class=\"alignleft size-thumbnail wp-image-730\" src=\"http:\/\/telleymenuiserie.ch\/wordpress\/wp-content\/uploads\/2014\/12\/Porte-int\u00e9rieure-de-communication-MDF-MASSIF-CHENE-SAPIN-sur-mesure-Moulur\u00e9e-Vit\u00e9e-plaqu\u00e9e-TELLEY-3-150x150.jpg\" alt=\"Porte int\u00e9rieure de communication MDF MASSIF  CHENE  SAPIN sur mesure Moulur\u00e9e Vit\u00e9e plaqu\u00e9e  TELLEY   (3)\" width=\"150\" height=\"150\" \/><\/a> <a href=\"http:\/\/telleymenuiserie.ch\/wordpress\/wp-content\/uploads\/2014\/12\/Porte-int\u00e9rieure-de-communication-MDF-MASSIF-CHENE-SAPIN-sur-mesure-Moulur\u00e9e-Vit\u00e9e-plaqu\u00e9e-TELLEY-2.jpg\"><img loading=\"lazy\" decoding=\"async\" class=\"alignleft size-thumbnail wp-image-729\" src=\"http:\/\/telleymenuiserie.ch\/wordpress\/wp-content\/uploads\/2014\/12\/Porte-int\u00e9rieure-de-communication-MDF-MASSIF-CHENE-SAPIN-sur-mesure-Moulur\u00e9e-Vit\u00e9e-plaqu\u00e9e-TELLEY-2-150x150.jpg\" alt=\"Porte int\u00e9rieure de communication MDF MASSIF  CHENE  SAPIN sur mesure Moulur\u00e9e Vit\u00e9e plaqu\u00e9e  TELLEY   (2)\" width=\"150\" height=\"150\" \/><\/a> <a href=\"http:\/\/telleymenuiserie.ch\/wordpress\/wp-content\/uploads\/2014\/12\/Porte-int\u00e9rieure-de-communication-MDF-MASSIF-CHENE-SAPIN-sur-mesure-Moulur\u00e9e-Vit\u00e9e-plaqu\u00e9e-TELLEY-1.jpg\"><img loading=\"lazy\" decoding=\"async\" class=\"alignleft size-thumbnail wp-image-728\" src=\"http:\/\/telleymenuiserie.ch\/wordpress\/wp-content\/uploads\/2014\/12\/Porte-int\u00e9rieure-de-communication-MDF-MASSIF-CHENE-SAPIN-sur-mesure-Moulur\u00e9e-Vit\u00e9e-plaqu\u00e9e-TELLEY-1-150x150.jpg\" alt=\"Porte int\u00e9rieure de communication MDF MASSIF  CHENE  SAPIN sur mesure Moulur\u00e9e Vit\u00e9e plaqu\u00e9e  TELLEY   (1)\" width=\"150\" height=\"150\" \/><\/a><\/p>\n","protected":false},"excerpt":{"rendered":"","protected":false},"author":1,"featured_media":0,"parent":0,"menu_order":0,"comment_status":"closed","ping_status":"closed","template":"","meta":{"_monsterinsights_skip_tracking":false,"_monsterinsights_sitenote_active":false,"_monsterinsights_sitenote_note":"","_monsterinsights_sitenote_category":0,"footnotes":""},"class_list":["post-398","page","type-page","status-publish","hentry"],"_links":{"self":[{"href":"https:\/\/telleymenuiserie.ch\/wordpress\/wp-json\/wp\/v2\/pages\/398","targetHints":{"allow":["GET"]}}],"collection":[{"href":"https:\/\/telleymenuiserie.ch\/wordpress\/wp-json\/wp\/v2\/pages"}],"about":[{"href":"https:\/\/telleymenuiserie.ch\/wordpress\/wp-json\/wp\/v2\/types\/page"}],"author":[{"embeddable":true,"href":"https:\/\/telleymenuiserie.ch\/wordpress\/wp-json\/wp\/v2\/users\/1"}],"replies":[{"embeddable":true,"href":"https:\/\/telleymenuiserie.ch\/wordpress\/wp-json\/wp\/v2\/comments?post=398"}],"version-history":[{"count":5,"href":"https:\/\/telleymenuiserie.ch\/wordpress\/wp-json\/wp\/v2\/pages\/398\/revisions"}],"predecessor-version":[{"id":2168,"href":"https:\/\/telleymenuiserie.ch\/wordpress\/wp-json\/wp\/v2\/pages\/398\/revisions\/2168"}],"wp:attachment":[{"href":"https:\/\/telleymenuiserie.ch\/wordpress\/wp-json\/wp\/v2\/media?parent=398"}],"curies":[{"name":"wp","href":"https:\/\/api.w.org\/{rel}","templated":true}]}}