{"id":454,"date":"2014-12-28T23:03:24","date_gmt":"2014-12-28T22:03:24","guid":{"rendered":"http:\/\/telleymenuiserie.ch\/wordpress\/?page_id=454"},"modified":"2014-12-30T19:20:33","modified_gmt":"2014-12-30T18:20:33","slug":"boiserie-chene","status":"publish","type":"page","link":"https:\/\/telleymenuiserie.ch\/wordpress\/boiserie-chene\/","title":{"rendered":"Boiserie ch\u00eane"},"content":{"rendered":"<p><a href=\"http:\/\/telleymenuiserie.ch\/wordpress\/wp-content\/uploads\/2014\/12\/Boiserie-en-ch\u00eane-massif-cir\u00e9e-et-c\u00e9rus\u00e9e-\u00e0-l\u2019ancienne-70.jpg\"><img loading=\"lazy\" decoding=\"async\" class=\"alignleft size-thumbnail wp-image-1432\" src=\"http:\/\/telleymenuiserie.ch\/wordpress\/wp-content\/uploads\/2014\/12\/Boiserie-en-ch\u00eane-massif-cir\u00e9e-et-c\u00e9rus\u00e9e-\u00e0-l\u2019ancienne-70-150x150.jpg\" alt=\"Boiserie en ch\u00eane massif, cir\u00e9e et c\u00e9rus\u00e9e \u00e0 l\u2019ancienne  (70)\" width=\"150\" height=\"150\" \/><\/a> <a href=\"http:\/\/telleymenuiserie.ch\/wordpress\/wp-content\/uploads\/2014\/12\/Boiserie-en-ch\u00eane-massif-cir\u00e9e-et-c\u00e9rus\u00e9e-\u00e0-l\u2019ancienne-69.jpg\"><img loading=\"lazy\" decoding=\"async\" class=\"alignleft size-thumbnail wp-image-1431\" src=\"http:\/\/telleymenuiserie.ch\/wordpress\/wp-content\/uploads\/2014\/12\/Boiserie-en-ch\u00eane-massif-cir\u00e9e-et-c\u00e9rus\u00e9e-\u00e0-l\u2019ancienne-69-150x150.jpg\" alt=\"Boiserie en ch\u00eane massif, cir\u00e9e et c\u00e9rus\u00e9e \u00e0 l\u2019ancienne  (69)\" width=\"150\" height=\"150\" \/><\/a> <a href=\"http:\/\/telleymenuiserie.ch\/wordpress\/wp-content\/uploads\/2014\/12\/Boiserie-en-ch\u00eane-massif-cir\u00e9e-et-c\u00e9rus\u00e9e-\u00e0-l\u2019ancienne-68.jpg\"><img loading=\"lazy\" decoding=\"async\" class=\"alignleft size-thumbnail wp-image-1430\" src=\"http:\/\/telleymenuiserie.ch\/wordpress\/wp-content\/uploads\/2014\/12\/Boiserie-en-ch\u00eane-massif-cir\u00e9e-et-c\u00e9rus\u00e9e-\u00e0-l\u2019ancienne-68-150x150.jpg\" alt=\"Boiserie en ch\u00eane massif, cir\u00e9e et c\u00e9rus\u00e9e \u00e0 l\u2019ancienne  (68)\" width=\"150\" height=\"150\" \/><\/a> <a href=\"http:\/\/telleymenuiserie.ch\/wordpress\/wp-content\/uploads\/2014\/12\/Boiserie-en-ch\u00eane-massif-cir\u00e9e-et-c\u00e9rus\u00e9e-\u00e0-l\u2019ancienne-67.jpg\"><img loading=\"lazy\" decoding=\"async\" class=\"alignleft size-thumbnail wp-image-1429\" src=\"http:\/\/telleymenuiserie.ch\/wordpress\/wp-content\/uploads\/2014\/12\/Boiserie-en-ch\u00eane-massif-cir\u00e9e-et-c\u00e9rus\u00e9e-\u00e0-l\u2019ancienne-67-150x150.jpg\" alt=\"Boiserie en ch\u00eane massif, cir\u00e9e et c\u00e9rus\u00e9e \u00e0 l\u2019ancienne  (67)\" width=\"150\" height=\"150\" \/><\/a> <a href=\"http:\/\/telleymenuiserie.ch\/wordpress\/wp-content\/uploads\/2014\/12\/Boiserie-en-ch\u00eane-massif-cir\u00e9e-et-c\u00e9rus\u00e9e-\u00e0-l\u2019ancienne-66.jpg\"><img loading=\"lazy\" decoding=\"async\" class=\"alignleft size-thumbnail wp-image-1428\" src=\"http:\/\/telleymenuiserie.ch\/wordpress\/wp-content\/uploads\/2014\/12\/Boiserie-en-ch\u00eane-massif-cir\u00e9e-et-c\u00e9rus\u00e9e-\u00e0-l\u2019ancienne-66-150x150.jpg\" alt=\"Boiserie en ch\u00eane massif, cir\u00e9e et c\u00e9rus\u00e9e \u00e0 l\u2019ancienne  (66)\" width=\"150\" height=\"150\" \/><\/a> <a href=\"http:\/\/telleymenuiserie.ch\/wordpress\/wp-content\/uploads\/2014\/12\/Boiserie-en-ch\u00eane-massif-cir\u00e9e-et-c\u00e9rus\u00e9e-\u00e0-l\u2019ancienne-65.jpg\"><img loading=\"lazy\" decoding=\"async\" class=\"alignleft size-thumbnail wp-image-1427\" src=\"http:\/\/telleymenuiserie.ch\/wordpress\/wp-content\/uploads\/2014\/12\/Boiserie-en-ch\u00eane-massif-cir\u00e9e-et-c\u00e9rus\u00e9e-\u00e0-l\u2019ancienne-65-150x150.jpg\" alt=\"Boiserie en ch\u00eane massif, cir\u00e9e et c\u00e9rus\u00e9e \u00e0 l\u2019ancienne  (65)\" width=\"150\" height=\"150\" \/><\/a> <a href=\"http:\/\/telleymenuiserie.ch\/wordpress\/wp-content\/uploads\/2014\/12\/Boiserie-en-ch\u00eane-massif-cir\u00e9e-et-c\u00e9rus\u00e9e-\u00e0-l\u2019ancienne-64.jpg\"><img loading=\"lazy\" decoding=\"async\" class=\"alignleft size-thumbnail wp-image-1426\" src=\"http:\/\/telleymenuiserie.ch\/wordpress\/wp-content\/uploads\/2014\/12\/Boiserie-en-ch\u00eane-massif-cir\u00e9e-et-c\u00e9rus\u00e9e-\u00e0-l\u2019ancienne-64-150x150.jpg\" alt=\"Boiserie en ch\u00eane massif, cir\u00e9e et c\u00e9rus\u00e9e \u00e0 l\u2019ancienne  (64)\" width=\"150\" height=\"150\" \/><\/a> <a href=\"http:\/\/telleymenuiserie.ch\/wordpress\/wp-content\/uploads\/2014\/12\/Boiserie-en-ch\u00eane-massif-cir\u00e9e-et-c\u00e9rus\u00e9e-\u00e0-l\u2019ancienne-63.jpg\"><img loading=\"lazy\" decoding=\"async\" class=\"alignleft size-thumbnail wp-image-1425\" src=\"http:\/\/telleymenuiserie.ch\/wordpress\/wp-content\/uploads\/2014\/12\/Boiserie-en-ch\u00eane-massif-cir\u00e9e-et-c\u00e9rus\u00e9e-\u00e0-l\u2019ancienne-63-150x150.jpg\" alt=\"Boiserie en ch\u00eane massif, cir\u00e9e et c\u00e9rus\u00e9e \u00e0 l\u2019ancienne  (63)\" width=\"150\" height=\"150\" \/><\/a> <a href=\"http:\/\/telleymenuiserie.ch\/wordpress\/wp-content\/uploads\/2014\/12\/Boiserie-en-ch\u00eane-massif-cir\u00e9e-et-c\u00e9rus\u00e9e-\u00e0-l\u2019ancienne-62.jpg\"><img loading=\"lazy\" decoding=\"async\" class=\"alignleft size-thumbnail wp-image-1424\" src=\"http:\/\/telleymenuiserie.ch\/wordpress\/wp-content\/uploads\/2014\/12\/Boiserie-en-ch\u00eane-massif-cir\u00e9e-et-c\u00e9rus\u00e9e-\u00e0-l\u2019ancienne-62-150x150.jpg\" alt=\"Boiserie en ch\u00eane massif, cir\u00e9e et c\u00e9rus\u00e9e \u00e0 l\u2019ancienne  (62)\" width=\"150\" height=\"150\" \/><\/a> <a href=\"http:\/\/telleymenuiserie.ch\/wordpress\/wp-content\/uploads\/2014\/12\/Boiserie-en-ch\u00eane-massif-cir\u00e9e-et-c\u00e9rus\u00e9e-\u00e0-l\u2019ancienne-61.jpg\"><img loading=\"lazy\" decoding=\"async\" class=\"alignleft size-thumbnail wp-image-1423\" src=\"http:\/\/telleymenuiserie.ch\/wordpress\/wp-content\/uploads\/2014\/12\/Boiserie-en-ch\u00eane-massif-cir\u00e9e-et-c\u00e9rus\u00e9e-\u00e0-l\u2019ancienne-61-150x150.jpg\" alt=\"Boiserie en ch\u00eane massif, cir\u00e9e et c\u00e9rus\u00e9e \u00e0 l\u2019ancienne  (61)\" width=\"150\" height=\"150\" \/><\/a> <a href=\"http:\/\/telleymenuiserie.ch\/wordpress\/wp-content\/uploads\/2014\/12\/Boiserie-en-ch\u00eane-massif-cir\u00e9e-et-c\u00e9rus\u00e9e-\u00e0-l\u2019ancienne-60.jpg\"><img loading=\"lazy\" decoding=\"async\" class=\"alignleft size-thumbnail wp-image-1422\" src=\"http:\/\/telleymenuiserie.ch\/wordpress\/wp-content\/uploads\/2014\/12\/Boiserie-en-ch\u00eane-massif-cir\u00e9e-et-c\u00e9rus\u00e9e-\u00e0-l\u2019ancienne-60-150x150.jpg\" alt=\"Boiserie en ch\u00eane massif, cir\u00e9e et c\u00e9rus\u00e9e \u00e0 l\u2019ancienne  (60)\" width=\"150\" height=\"150\" \/><\/a> <a href=\"http:\/\/telleymenuiserie.ch\/wordpress\/wp-content\/uploads\/2014\/12\/Boiserie-en-ch\u00eane-massif-cir\u00e9e-et-c\u00e9rus\u00e9e-\u00e0-l\u2019ancienne-59.jpg\"><img loading=\"lazy\" decoding=\"async\" class=\"alignleft size-thumbnail wp-image-1421\" src=\"http:\/\/telleymenuiserie.ch\/wordpress\/wp-content\/uploads\/2014\/12\/Boiserie-en-ch\u00eane-massif-cir\u00e9e-et-c\u00e9rus\u00e9e-\u00e0-l\u2019ancienne-59-150x150.jpg\" alt=\"Boiserie en ch\u00eane massif, cir\u00e9e et c\u00e9rus\u00e9e \u00e0 l\u2019ancienne  (59)\" width=\"150\" height=\"150\" \/><\/a> <a href=\"http:\/\/telleymenuiserie.ch\/wordpress\/wp-content\/uploads\/2014\/12\/Boiserie-en-ch\u00eane-massif-cir\u00e9e-et-c\u00e9rus\u00e9e-\u00e0-l\u2019ancienne-58.jpg\"><img loading=\"lazy\" decoding=\"async\" class=\"alignleft size-thumbnail wp-image-1420\" src=\"http:\/\/telleymenuiserie.ch\/wordpress\/wp-content\/uploads\/2014\/12\/Boiserie-en-ch\u00eane-massif-cir\u00e9e-et-c\u00e9rus\u00e9e-\u00e0-l\u2019ancienne-58-150x150.jpg\" alt=\"Boiserie en ch\u00eane massif, cir\u00e9e et c\u00e9rus\u00e9e \u00e0 l\u2019ancienne  (58)\" width=\"150\" height=\"150\" \/><\/a> <a href=\"http:\/\/telleymenuiserie.ch\/wordpress\/wp-content\/uploads\/2014\/12\/Boiserie-en-ch\u00eane-massif-cir\u00e9e-et-c\u00e9rus\u00e9e-\u00e0-l\u2019ancienne-57.jpg\"><img loading=\"lazy\" decoding=\"async\" class=\"alignleft size-thumbnail wp-image-1419\" src=\"http:\/\/telleymenuiserie.ch\/wordpress\/wp-content\/uploads\/2014\/12\/Boiserie-en-ch\u00eane-massif-cir\u00e9e-et-c\u00e9rus\u00e9e-\u00e0-l\u2019ancienne-57-150x150.jpg\" alt=\"Boiserie en ch\u00eane massif, cir\u00e9e et c\u00e9rus\u00e9e \u00e0 l\u2019ancienne  (57)\" width=\"150\" height=\"150\" \/><\/a> <a href=\"http:\/\/telleymenuiserie.ch\/wordpress\/wp-content\/uploads\/2014\/12\/Boiserie-en-ch\u00eane-massif-cir\u00e9e-et-c\u00e9rus\u00e9e-\u00e0-l\u2019ancienne-56.jpg\"><img loading=\"lazy\" decoding=\"async\" class=\"alignleft size-thumbnail wp-image-1418\" src=\"http:\/\/telleymenuiserie.ch\/wordpress\/wp-content\/uploads\/2014\/12\/Boiserie-en-ch\u00eane-massif-cir\u00e9e-et-c\u00e9rus\u00e9e-\u00e0-l\u2019ancienne-56-150x150.jpg\" alt=\"Boiserie en ch\u00eane massif, cir\u00e9e et c\u00e9rus\u00e9e \u00e0 l\u2019ancienne  (56)\" width=\"150\" height=\"150\" \/><\/a> <a href=\"http:\/\/telleymenuiserie.ch\/wordpress\/wp-content\/uploads\/2014\/12\/Boiserie-en-ch\u00eane-massif-cir\u00e9e-et-c\u00e9rus\u00e9e-\u00e0-l\u2019ancienne-55.jpg\"><img loading=\"lazy\" decoding=\"async\" class=\"alignleft size-thumbnail wp-image-1417\" src=\"http:\/\/telleymenuiserie.ch\/wordpress\/wp-content\/uploads\/2014\/12\/Boiserie-en-ch\u00eane-massif-cir\u00e9e-et-c\u00e9rus\u00e9e-\u00e0-l\u2019ancienne-55-150x150.jpg\" alt=\"Boiserie en ch\u00eane massif, cir\u00e9e et c\u00e9rus\u00e9e \u00e0 l\u2019ancienne  (55)\" width=\"150\" height=\"150\" \/><\/a> <a href=\"http:\/\/telleymenuiserie.ch\/wordpress\/wp-content\/uploads\/2014\/12\/Boiserie-en-ch\u00eane-massif-cir\u00e9e-et-c\u00e9rus\u00e9e-\u00e0-l\u2019ancienne-54.jpg\"><img loading=\"lazy\" decoding=\"async\" class=\"alignleft size-thumbnail wp-image-1416\" src=\"http:\/\/telleymenuiserie.ch\/wordpress\/wp-content\/uploads\/2014\/12\/Boiserie-en-ch\u00eane-massif-cir\u00e9e-et-c\u00e9rus\u00e9e-\u00e0-l\u2019ancienne-54-150x150.jpg\" alt=\"Boiserie en ch\u00eane massif, cir\u00e9e et c\u00e9rus\u00e9e \u00e0 l\u2019ancienne  (54)\" width=\"150\" height=\"150\" \/><\/a> <a href=\"http:\/\/telleymenuiserie.ch\/wordpress\/wp-content\/uploads\/2014\/12\/Boiserie-en-ch\u00eane-massif-cir\u00e9e-et-c\u00e9rus\u00e9e-\u00e0-l\u2019ancienne-53.jpg\"><img loading=\"lazy\" decoding=\"async\" class=\"alignleft size-thumbnail wp-image-1415\" src=\"http:\/\/telleymenuiserie.ch\/wordpress\/wp-content\/uploads\/2014\/12\/Boiserie-en-ch\u00eane-massif-cir\u00e9e-et-c\u00e9rus\u00e9e-\u00e0-l\u2019ancienne-53-150x150.jpg\" alt=\"Boiserie en ch\u00eane massif, cir\u00e9e et c\u00e9rus\u00e9e \u00e0 l\u2019ancienne  (53)\" width=\"150\" height=\"150\" \/><\/a> <a href=\"http:\/\/telleymenuiserie.ch\/wordpress\/wp-content\/uploads\/2014\/12\/Boiserie-en-ch\u00eane-massif-cir\u00e9e-et-c\u00e9rus\u00e9e-\u00e0-l\u2019ancienne-52.jpg\"><img loading=\"lazy\" decoding=\"async\" class=\"alignleft size-thumbnail wp-image-1414\" src=\"http:\/\/telleymenuiserie.ch\/wordpress\/wp-content\/uploads\/2014\/12\/Boiserie-en-ch\u00eane-massif-cir\u00e9e-et-c\u00e9rus\u00e9e-\u00e0-l\u2019ancienne-52-150x150.jpg\" alt=\"Boiserie en ch\u00eane massif, cir\u00e9e et c\u00e9rus\u00e9e \u00e0 l\u2019ancienne  (52)\" width=\"150\" height=\"150\" \/><\/a> <a href=\"http:\/\/telleymenuiserie.ch\/wordpress\/wp-content\/uploads\/2014\/12\/Boiserie-en-ch\u00eane-massif-cir\u00e9e-et-c\u00e9rus\u00e9e-\u00e0-l\u2019ancienne-51.jpg\"><img loading=\"lazy\" decoding=\"async\" class=\"alignleft size-thumbnail wp-image-1413\" src=\"http:\/\/telleymenuiserie.ch\/wordpress\/wp-content\/uploads\/2014\/12\/Boiserie-en-ch\u00eane-massif-cir\u00e9e-et-c\u00e9rus\u00e9e-\u00e0-l\u2019ancienne-51-150x150.jpg\" alt=\"Boiserie en ch\u00eane massif, cir\u00e9e et c\u00e9rus\u00e9e \u00e0 l\u2019ancienne  (51)\" width=\"150\" height=\"150\" \/><\/a> <a href=\"http:\/\/telleymenuiserie.ch\/wordpress\/wp-content\/uploads\/2014\/12\/Boiserie-en-ch\u00eane-massif-cir\u00e9e-et-c\u00e9rus\u00e9e-\u00e0-l\u2019ancienne-50.jpg\"><img loading=\"lazy\" decoding=\"async\" class=\"alignleft size-thumbnail wp-image-1412\" src=\"http:\/\/telleymenuiserie.ch\/wordpress\/wp-content\/uploads\/2014\/12\/Boiserie-en-ch\u00eane-massif-cir\u00e9e-et-c\u00e9rus\u00e9e-\u00e0-l\u2019ancienne-50-150x150.jpg\" alt=\"Boiserie en ch\u00eane massif, cir\u00e9e et c\u00e9rus\u00e9e \u00e0 l\u2019ancienne  (50)\" width=\"150\" height=\"150\" \/><\/a> <a href=\"http:\/\/telleymenuiserie.ch\/wordpress\/wp-content\/uploads\/2014\/12\/Boiserie-en-ch\u00eane-massif-cir\u00e9e-et-c\u00e9rus\u00e9e-\u00e0-l\u2019ancienne-49.jpg\"><img loading=\"lazy\" decoding=\"async\" class=\"alignleft size-thumbnail wp-image-1411\" src=\"http:\/\/telleymenuiserie.ch\/wordpress\/wp-content\/uploads\/2014\/12\/Boiserie-en-ch\u00eane-massif-cir\u00e9e-et-c\u00e9rus\u00e9e-\u00e0-l\u2019ancienne-49-150x150.jpg\" alt=\"Boiserie en ch\u00eane massif, cir\u00e9e et c\u00e9rus\u00e9e \u00e0 l\u2019ancienne  (49)\" width=\"150\" height=\"150\" \/><\/a> <a href=\"http:\/\/telleymenuiserie.ch\/wordpress\/wp-content\/uploads\/2014\/12\/Boiserie-en-ch\u00eane-massif-cir\u00e9e-et-c\u00e9rus\u00e9e-\u00e0-l\u2019ancienne-48.jpg\"><img loading=\"lazy\" decoding=\"async\" class=\"alignleft size-thumbnail wp-image-1410\" src=\"http:\/\/telleymenuiserie.ch\/wordpress\/wp-content\/uploads\/2014\/12\/Boiserie-en-ch\u00eane-massif-cir\u00e9e-et-c\u00e9rus\u00e9e-\u00e0-l\u2019ancienne-48-150x150.jpg\" alt=\"Boiserie en ch\u00eane massif, cir\u00e9e et c\u00e9rus\u00e9e \u00e0 l\u2019ancienne  (48)\" width=\"150\" height=\"150\" \/><\/a> <a href=\"http:\/\/telleymenuiserie.ch\/wordpress\/wp-content\/uploads\/2014\/12\/Boiserie-en-ch\u00eane-massif-cir\u00e9e-et-c\u00e9rus\u00e9e-\u00e0-l\u2019ancienne-47.jpg\"><img loading=\"lazy\" decoding=\"async\" class=\"alignleft size-thumbnail wp-image-1409\" src=\"http:\/\/telleymenuiserie.ch\/wordpress\/wp-content\/uploads\/2014\/12\/Boiserie-en-ch\u00eane-massif-cir\u00e9e-et-c\u00e9rus\u00e9e-\u00e0-l\u2019ancienne-47-150x150.jpg\" alt=\"Boiserie en ch\u00eane massif, cir\u00e9e et c\u00e9rus\u00e9e \u00e0 l\u2019ancienne  (47)\" width=\"150\" height=\"150\" \/><\/a> <a href=\"http:\/\/telleymenuiserie.ch\/wordpress\/wp-content\/uploads\/2014\/12\/Boiserie-en-ch\u00eane-massif-cir\u00e9e-et-c\u00e9rus\u00e9e-\u00e0-l\u2019ancienne-46.jpg\"><img loading=\"lazy\" decoding=\"async\" class=\"alignleft size-thumbnail wp-image-1408\" src=\"http:\/\/telleymenuiserie.ch\/wordpress\/wp-content\/uploads\/2014\/12\/Boiserie-en-ch\u00eane-massif-cir\u00e9e-et-c\u00e9rus\u00e9e-\u00e0-l\u2019ancienne-46-150x150.jpg\" alt=\"Boiserie en ch\u00eane massif, cir\u00e9e et c\u00e9rus\u00e9e \u00e0 l\u2019ancienne  (46)\" width=\"150\" height=\"150\" \/><\/a> <a href=\"http:\/\/telleymenuiserie.ch\/wordpress\/wp-content\/uploads\/2014\/12\/Boiserie-en-ch\u00eane-massif-cir\u00e9e-et-c\u00e9rus\u00e9e-\u00e0-l\u2019ancienne-45.jpg\"><img loading=\"lazy\" decoding=\"async\" class=\"alignleft size-thumbnail wp-image-1407\" src=\"http:\/\/telleymenuiserie.ch\/wordpress\/wp-content\/uploads\/2014\/12\/Boiserie-en-ch\u00eane-massif-cir\u00e9e-et-c\u00e9rus\u00e9e-\u00e0-l\u2019ancienne-45-150x150.jpg\" alt=\"Boiserie en ch\u00eane massif, cir\u00e9e et c\u00e9rus\u00e9e \u00e0 l\u2019ancienne  (45)\" width=\"150\" height=\"150\" \/><\/a> <a href=\"http:\/\/telleymenuiserie.ch\/wordpress\/wp-content\/uploads\/2014\/12\/Boiserie-en-ch\u00eane-massif-cir\u00e9e-et-c\u00e9rus\u00e9e-\u00e0-l\u2019ancienne-44.jpg\"><img loading=\"lazy\" decoding=\"async\" class=\"alignleft size-thumbnail wp-image-1406\" src=\"http:\/\/telleymenuiserie.ch\/wordpress\/wp-content\/uploads\/2014\/12\/Boiserie-en-ch\u00eane-massif-cir\u00e9e-et-c\u00e9rus\u00e9e-\u00e0-l\u2019ancienne-44-150x150.jpg\" alt=\"Boiserie en ch\u00eane massif, cir\u00e9e et c\u00e9rus\u00e9e \u00e0 l\u2019ancienne  (44)\" width=\"150\" height=\"150\" \/><\/a> <a href=\"http:\/\/telleymenuiserie.ch\/wordpress\/wp-content\/uploads\/2014\/12\/Boiserie-en-ch\u00eane-massif-cir\u00e9e-et-c\u00e9rus\u00e9e-\u00e0-l\u2019ancienne-43.jpg\"><img loading=\"lazy\" decoding=\"async\" class=\"alignleft size-thumbnail wp-image-1405\" src=\"http:\/\/telleymenuiserie.ch\/wordpress\/wp-content\/uploads\/2014\/12\/Boiserie-en-ch\u00eane-massif-cir\u00e9e-et-c\u00e9rus\u00e9e-\u00e0-l\u2019ancienne-43-150x150.jpg\" alt=\"Boiserie en ch\u00eane massif, cir\u00e9e et c\u00e9rus\u00e9e \u00e0 l\u2019ancienne  (43)\" width=\"150\" height=\"150\" \/><\/a> <a href=\"http:\/\/telleymenuiserie.ch\/wordpress\/wp-content\/uploads\/2014\/12\/Boiserie-en-ch\u00eane-massif-cir\u00e9e-et-c\u00e9rus\u00e9e-\u00e0-l\u2019ancienne-42.jpg\"><img loading=\"lazy\" decoding=\"async\" class=\"alignleft size-thumbnail wp-image-1404\" src=\"http:\/\/telleymenuiserie.ch\/wordpress\/wp-content\/uploads\/2014\/12\/Boiserie-en-ch\u00eane-massif-cir\u00e9e-et-c\u00e9rus\u00e9e-\u00e0-l\u2019ancienne-42-150x150.jpg\" alt=\"Boiserie en ch\u00eane massif, cir\u00e9e et c\u00e9rus\u00e9e \u00e0 l\u2019ancienne  (42)\" width=\"150\" height=\"150\" \/><\/a> <a href=\"http:\/\/telleymenuiserie.ch\/wordpress\/wp-content\/uploads\/2014\/12\/Boiserie-en-ch\u00eane-massif-cir\u00e9e-et-c\u00e9rus\u00e9e-\u00e0-l\u2019ancienne-41.jpg\"><img loading=\"lazy\" decoding=\"async\" class=\"alignleft size-thumbnail wp-image-1403\" src=\"http:\/\/telleymenuiserie.ch\/wordpress\/wp-content\/uploads\/2014\/12\/Boiserie-en-ch\u00eane-massif-cir\u00e9e-et-c\u00e9rus\u00e9e-\u00e0-l\u2019ancienne-41-150x150.jpg\" alt=\"Boiserie en ch\u00eane massif, cir\u00e9e et c\u00e9rus\u00e9e \u00e0 l\u2019ancienne  (41)\" width=\"150\" height=\"150\" \/><\/a> <a href=\"http:\/\/telleymenuiserie.ch\/wordpress\/wp-content\/uploads\/2014\/12\/Boiserie-en-ch\u00eane-massif-cir\u00e9e-et-c\u00e9rus\u00e9e-\u00e0-l\u2019ancienne-40.jpg\"><img loading=\"lazy\" decoding=\"async\" class=\"alignleft size-thumbnail wp-image-1402\" src=\"http:\/\/telleymenuiserie.ch\/wordpress\/wp-content\/uploads\/2014\/12\/Boiserie-en-ch\u00eane-massif-cir\u00e9e-et-c\u00e9rus\u00e9e-\u00e0-l\u2019ancienne-40-150x150.jpg\" alt=\"Boiserie en ch\u00eane massif, cir\u00e9e et c\u00e9rus\u00e9e \u00e0 l\u2019ancienne  (40)\" width=\"150\" height=\"150\" \/><\/a> <a href=\"http:\/\/telleymenuiserie.ch\/wordpress\/wp-content\/uploads\/2014\/12\/Boiserie-en-ch\u00eane-massif-cir\u00e9e-et-c\u00e9rus\u00e9e-\u00e0-l\u2019ancienne-39.jpg\"><img loading=\"lazy\" decoding=\"async\" class=\"alignleft size-thumbnail wp-image-1401\" src=\"http:\/\/telleymenuiserie.ch\/wordpress\/wp-content\/uploads\/2014\/12\/Boiserie-en-ch\u00eane-massif-cir\u00e9e-et-c\u00e9rus\u00e9e-\u00e0-l\u2019ancienne-39-150x150.jpg\" alt=\"Boiserie en ch\u00eane massif, cir\u00e9e et c\u00e9rus\u00e9e \u00e0 l\u2019ancienne  (39)\" width=\"150\" height=\"150\" \/><\/a> <a href=\"http:\/\/telleymenuiserie.ch\/wordpress\/wp-content\/uploads\/2014\/12\/Boiserie-en-ch\u00eane-massif-cir\u00e9e-et-c\u00e9rus\u00e9e-\u00e0-l\u2019ancienne-38.jpg\"><img loading=\"lazy\" decoding=\"async\" class=\"alignleft size-thumbnail wp-image-1400\" src=\"http:\/\/telleymenuiserie.ch\/wordpress\/wp-content\/uploads\/2014\/12\/Boiserie-en-ch\u00eane-massif-cir\u00e9e-et-c\u00e9rus\u00e9e-\u00e0-l\u2019ancienne-38-150x150.jpg\" alt=\"Boiserie en ch\u00eane massif, cir\u00e9e et c\u00e9rus\u00e9e \u00e0 l\u2019ancienne  (38)\" width=\"150\" height=\"150\" \/><\/a> <a href=\"http:\/\/telleymenuiserie.ch\/wordpress\/wp-content\/uploads\/2014\/12\/Boiserie-en-ch\u00eane-massif-cir\u00e9e-et-c\u00e9rus\u00e9e-\u00e0-l\u2019ancienne-37.jpg\"><img loading=\"lazy\" decoding=\"async\" class=\"alignleft size-thumbnail wp-image-1399\" src=\"http:\/\/telleymenuiserie.ch\/wordpress\/wp-content\/uploads\/2014\/12\/Boiserie-en-ch\u00eane-massif-cir\u00e9e-et-c\u00e9rus\u00e9e-\u00e0-l\u2019ancienne-37-150x150.jpg\" alt=\"Boiserie en ch\u00eane massif, cir\u00e9e et c\u00e9rus\u00e9e \u00e0 l\u2019ancienne  (37)\" width=\"150\" height=\"150\" \/><\/a> <a href=\"http:\/\/telleymenuiserie.ch\/wordpress\/wp-content\/uploads\/2014\/12\/Boiserie-en-ch\u00eane-massif-cir\u00e9e-et-c\u00e9rus\u00e9e-\u00e0-l\u2019ancienne-36.jpg\"><img loading=\"lazy\" decoding=\"async\" class=\"alignleft size-thumbnail wp-image-1398\" src=\"http:\/\/telleymenuiserie.ch\/wordpress\/wp-content\/uploads\/2014\/12\/Boiserie-en-ch\u00eane-massif-cir\u00e9e-et-c\u00e9rus\u00e9e-\u00e0-l\u2019ancienne-36-150x150.jpg\" alt=\"Boiserie en ch\u00eane massif, cir\u00e9e et c\u00e9rus\u00e9e \u00e0 l\u2019ancienne  (36)\" width=\"150\" height=\"150\" \/><\/a> <a href=\"http:\/\/telleymenuiserie.ch\/wordpress\/wp-content\/uploads\/2014\/12\/Boiserie-en-ch\u00eane-massif-cir\u00e9e-et-c\u00e9rus\u00e9e-\u00e0-l\u2019ancienne-35.jpg\"><img loading=\"lazy\" decoding=\"async\" class=\"alignleft size-thumbnail wp-image-1397\" src=\"http:\/\/telleymenuiserie.ch\/wordpress\/wp-content\/uploads\/2014\/12\/Boiserie-en-ch\u00eane-massif-cir\u00e9e-et-c\u00e9rus\u00e9e-\u00e0-l\u2019ancienne-35-150x150.jpg\" alt=\"Boiserie en ch\u00eane massif, cir\u00e9e et c\u00e9rus\u00e9e \u00e0 l\u2019ancienne  (35)\" width=\"150\" height=\"150\" \/><\/a> <a href=\"http:\/\/telleymenuiserie.ch\/wordpress\/wp-content\/uploads\/2014\/12\/Boiserie-en-ch\u00eane-massif-cir\u00e9e-et-c\u00e9rus\u00e9e-\u00e0-l\u2019ancienne-34.jpg\"><img loading=\"lazy\" decoding=\"async\" class=\"alignleft size-thumbnail wp-image-1396\" src=\"http:\/\/telleymenuiserie.ch\/wordpress\/wp-content\/uploads\/2014\/12\/Boiserie-en-ch\u00eane-massif-cir\u00e9e-et-c\u00e9rus\u00e9e-\u00e0-l\u2019ancienne-34-150x150.jpg\" alt=\"Boiserie en ch\u00eane massif, cir\u00e9e et c\u00e9rus\u00e9e \u00e0 l\u2019ancienne  (34)\" width=\"150\" height=\"150\" \/><\/a> <a href=\"http:\/\/telleymenuiserie.ch\/wordpress\/wp-content\/uploads\/2014\/12\/Boiserie-en-ch\u00eane-massif-cir\u00e9e-et-c\u00e9rus\u00e9e-\u00e0-l\u2019ancienne-33.jpg\"><img loading=\"lazy\" decoding=\"async\" class=\"alignleft size-thumbnail wp-image-1395\" src=\"http:\/\/telleymenuiserie.ch\/wordpress\/wp-content\/uploads\/2014\/12\/Boiserie-en-ch\u00eane-massif-cir\u00e9e-et-c\u00e9rus\u00e9e-\u00e0-l\u2019ancienne-33-150x150.jpg\" alt=\"Boiserie en ch\u00eane massif, cir\u00e9e et c\u00e9rus\u00e9e \u00e0 l\u2019ancienne  (33)\" width=\"150\" height=\"150\" \/><\/a> <a href=\"http:\/\/telleymenuiserie.ch\/wordpress\/wp-content\/uploads\/2014\/12\/Boiserie-en-ch\u00eane-massif-cir\u00e9e-et-c\u00e9rus\u00e9e-\u00e0-l\u2019ancienne-32.jpg\"><img loading=\"lazy\" decoding=\"async\" class=\"alignleft size-thumbnail wp-image-1394\" src=\"http:\/\/telleymenuiserie.ch\/wordpress\/wp-content\/uploads\/2014\/12\/Boiserie-en-ch\u00eane-massif-cir\u00e9e-et-c\u00e9rus\u00e9e-\u00e0-l\u2019ancienne-32-150x150.jpg\" alt=\"Boiserie en ch\u00eane massif, cir\u00e9e et c\u00e9rus\u00e9e \u00e0 l\u2019ancienne  (32)\" width=\"150\" height=\"150\" \/><\/a> <a href=\"http:\/\/telleymenuiserie.ch\/wordpress\/wp-content\/uploads\/2014\/12\/Boiserie-en-ch\u00eane-massif-cir\u00e9e-et-c\u00e9rus\u00e9e-\u00e0-l\u2019ancienne-31.jpg\"><img loading=\"lazy\" decoding=\"async\" class=\"alignleft size-thumbnail wp-image-1393\" src=\"http:\/\/telleymenuiserie.ch\/wordpress\/wp-content\/uploads\/2014\/12\/Boiserie-en-ch\u00eane-massif-cir\u00e9e-et-c\u00e9rus\u00e9e-\u00e0-l\u2019ancienne-31-150x150.jpg\" alt=\"Boiserie en ch\u00eane massif, cir\u00e9e et c\u00e9rus\u00e9e \u00e0 l\u2019ancienne  (31)\" width=\"150\" height=\"150\" \/><\/a> <a href=\"http:\/\/telleymenuiserie.ch\/wordpress\/wp-content\/uploads\/2014\/12\/Boiserie-en-ch\u00eane-massif-cir\u00e9e-et-c\u00e9rus\u00e9e-\u00e0-l\u2019ancienne-30.jpg\"><img loading=\"lazy\" decoding=\"async\" class=\"alignleft size-thumbnail wp-image-1392\" src=\"http:\/\/telleymenuiserie.ch\/wordpress\/wp-content\/uploads\/2014\/12\/Boiserie-en-ch\u00eane-massif-cir\u00e9e-et-c\u00e9rus\u00e9e-\u00e0-l\u2019ancienne-30-150x150.jpg\" alt=\"Boiserie en ch\u00eane massif, cir\u00e9e et c\u00e9rus\u00e9e \u00e0 l\u2019ancienne  (30)\" width=\"150\" height=\"150\" \/><\/a> <a href=\"http:\/\/telleymenuiserie.ch\/wordpress\/wp-content\/uploads\/2014\/12\/Boiserie-en-ch\u00eane-massif-cir\u00e9e-et-c\u00e9rus\u00e9e-\u00e0-l\u2019ancienne-29.jpg\"><img loading=\"lazy\" decoding=\"async\" class=\"alignleft size-thumbnail wp-image-1391\" src=\"http:\/\/telleymenuiserie.ch\/wordpress\/wp-content\/uploads\/2014\/12\/Boiserie-en-ch\u00eane-massif-cir\u00e9e-et-c\u00e9rus\u00e9e-\u00e0-l\u2019ancienne-29-150x150.jpg\" alt=\"Boiserie en ch\u00eane massif, cir\u00e9e et c\u00e9rus\u00e9e \u00e0 l\u2019ancienne  (29)\" width=\"150\" height=\"150\" \/><\/a> <a href=\"http:\/\/telleymenuiserie.ch\/wordpress\/wp-content\/uploads\/2014\/12\/Boiserie-en-ch\u00eane-massif-cir\u00e9e-et-c\u00e9rus\u00e9e-\u00e0-l\u2019ancienne-28.jpg\"><img loading=\"lazy\" decoding=\"async\" class=\"alignleft size-thumbnail wp-image-1390\" src=\"http:\/\/telleymenuiserie.ch\/wordpress\/wp-content\/uploads\/2014\/12\/Boiserie-en-ch\u00eane-massif-cir\u00e9e-et-c\u00e9rus\u00e9e-\u00e0-l\u2019ancienne-28-150x150.jpg\" alt=\"Boiserie en ch\u00eane massif, cir\u00e9e et c\u00e9rus\u00e9e \u00e0 l\u2019ancienne  (28)\" width=\"150\" height=\"150\" \/><\/a> <a href=\"http:\/\/telleymenuiserie.ch\/wordpress\/wp-content\/uploads\/2014\/12\/Boiserie-en-ch\u00eane-massif-cir\u00e9e-et-c\u00e9rus\u00e9e-\u00e0-l\u2019ancienne-27.jpg\"><img loading=\"lazy\" decoding=\"async\" class=\"alignleft size-thumbnail wp-image-1389\" src=\"http:\/\/telleymenuiserie.ch\/wordpress\/wp-content\/uploads\/2014\/12\/Boiserie-en-ch\u00eane-massif-cir\u00e9e-et-c\u00e9rus\u00e9e-\u00e0-l\u2019ancienne-27-150x150.jpg\" alt=\"Boiserie en ch\u00eane massif, cir\u00e9e et c\u00e9rus\u00e9e \u00e0 l\u2019ancienne  (27)\" width=\"150\" height=\"150\" \/><\/a> <a href=\"http:\/\/telleymenuiserie.ch\/wordpress\/wp-content\/uploads\/2014\/12\/Boiserie-en-ch\u00eane-massif-cir\u00e9e-et-c\u00e9rus\u00e9e-\u00e0-l\u2019ancienne-26.jpg\"><img loading=\"lazy\" decoding=\"async\" class=\"alignleft size-thumbnail wp-image-1388\" src=\"http:\/\/telleymenuiserie.ch\/wordpress\/wp-content\/uploads\/2014\/12\/Boiserie-en-ch\u00eane-massif-cir\u00e9e-et-c\u00e9rus\u00e9e-\u00e0-l\u2019ancienne-26-150x150.jpg\" alt=\"Boiserie en ch\u00eane massif, cir\u00e9e et c\u00e9rus\u00e9e \u00e0 l\u2019ancienne  (26)\" width=\"150\" height=\"150\" \/><\/a> <a href=\"http:\/\/telleymenuiserie.ch\/wordpress\/wp-content\/uploads\/2014\/12\/Boiserie-en-ch\u00eane-massif-cir\u00e9e-et-c\u00e9rus\u00e9e-\u00e0-l\u2019ancienne-25.jpg\"><img loading=\"lazy\" decoding=\"async\" class=\"alignleft size-thumbnail wp-image-1387\" src=\"http:\/\/telleymenuiserie.ch\/wordpress\/wp-content\/uploads\/2014\/12\/Boiserie-en-ch\u00eane-massif-cir\u00e9e-et-c\u00e9rus\u00e9e-\u00e0-l\u2019ancienne-25-150x150.jpg\" alt=\"Boiserie en ch\u00eane massif, cir\u00e9e et c\u00e9rus\u00e9e \u00e0 l\u2019ancienne  (25)\" width=\"150\" height=\"150\" \/><\/a> <a href=\"http:\/\/telleymenuiserie.ch\/wordpress\/wp-content\/uploads\/2014\/12\/Boiserie-en-ch\u00eane-massif-cir\u00e9e-et-c\u00e9rus\u00e9e-\u00e0-l\u2019ancienne-24.jpg\"><img loading=\"lazy\" decoding=\"async\" class=\"alignleft size-thumbnail wp-image-1386\" src=\"http:\/\/telleymenuiserie.ch\/wordpress\/wp-content\/uploads\/2014\/12\/Boiserie-en-ch\u00eane-massif-cir\u00e9e-et-c\u00e9rus\u00e9e-\u00e0-l\u2019ancienne-24-150x150.jpg\" alt=\"Boiserie en ch\u00eane massif, cir\u00e9e et c\u00e9rus\u00e9e \u00e0 l\u2019ancienne  (24)\" width=\"150\" height=\"150\" \/><\/a> <a href=\"http:\/\/telleymenuiserie.ch\/wordpress\/wp-content\/uploads\/2014\/12\/Boiserie-en-ch\u00eane-massif-cir\u00e9e-et-c\u00e9rus\u00e9e-\u00e0-l\u2019ancienne-23.jpg\"><img loading=\"lazy\" decoding=\"async\" class=\"alignleft size-thumbnail wp-image-1385\" src=\"http:\/\/telleymenuiserie.ch\/wordpress\/wp-content\/uploads\/2014\/12\/Boiserie-en-ch\u00eane-massif-cir\u00e9e-et-c\u00e9rus\u00e9e-\u00e0-l\u2019ancienne-23-150x150.jpg\" alt=\"Boiserie en ch\u00eane massif, cir\u00e9e et c\u00e9rus\u00e9e \u00e0 l\u2019ancienne  (23)\" width=\"150\" height=\"150\" \/><\/a> <a href=\"http:\/\/telleymenuiserie.ch\/wordpress\/wp-content\/uploads\/2014\/12\/Boiserie-en-ch\u00eane-massif-cir\u00e9e-et-c\u00e9rus\u00e9e-\u00e0-l\u2019ancienne-22.jpg\"><img loading=\"lazy\" decoding=\"async\" class=\"alignleft size-thumbnail wp-image-1384\" src=\"http:\/\/telleymenuiserie.ch\/wordpress\/wp-content\/uploads\/2014\/12\/Boiserie-en-ch\u00eane-massif-cir\u00e9e-et-c\u00e9rus\u00e9e-\u00e0-l\u2019ancienne-22-150x150.jpg\" alt=\"Boiserie en ch\u00eane massif, cir\u00e9e et c\u00e9rus\u00e9e \u00e0 l\u2019ancienne  (22)\" width=\"150\" height=\"150\" \/><\/a> <a href=\"http:\/\/telleymenuiserie.ch\/wordpress\/wp-content\/uploads\/2014\/12\/Boiserie-en-ch\u00eane-massif-cir\u00e9e-et-c\u00e9rus\u00e9e-\u00e0-l\u2019ancienne-21.jpg\"><img loading=\"lazy\" decoding=\"async\" class=\"alignleft size-thumbnail wp-image-1383\" src=\"http:\/\/telleymenuiserie.ch\/wordpress\/wp-content\/uploads\/2014\/12\/Boiserie-en-ch\u00eane-massif-cir\u00e9e-et-c\u00e9rus\u00e9e-\u00e0-l\u2019ancienne-21-150x150.jpg\" alt=\"Boiserie en ch\u00eane massif, cir\u00e9e et c\u00e9rus\u00e9e \u00e0 l\u2019ancienne  (21)\" width=\"150\" height=\"150\" \/><\/a> <a href=\"http:\/\/telleymenuiserie.ch\/wordpress\/wp-content\/uploads\/2014\/12\/Boiserie-en-ch\u00eane-massif-cir\u00e9e-et-c\u00e9rus\u00e9e-\u00e0-l\u2019ancienne-20.jpg\"><img loading=\"lazy\" decoding=\"async\" class=\"alignleft size-thumbnail wp-image-1382\" src=\"http:\/\/telleymenuiserie.ch\/wordpress\/wp-content\/uploads\/2014\/12\/Boiserie-en-ch\u00eane-massif-cir\u00e9e-et-c\u00e9rus\u00e9e-\u00e0-l\u2019ancienne-20-150x150.jpg\" alt=\"Boiserie en ch\u00eane massif, cir\u00e9e et c\u00e9rus\u00e9e \u00e0 l\u2019ancienne  (20)\" width=\"150\" height=\"150\" \/><\/a> <a href=\"http:\/\/telleymenuiserie.ch\/wordpress\/wp-content\/uploads\/2014\/12\/Boiserie-en-ch\u00eane-massif-cir\u00e9e-et-c\u00e9rus\u00e9e-\u00e0-l\u2019ancienne-19.jpg\"><img loading=\"lazy\" decoding=\"async\" class=\"alignleft size-thumbnail wp-image-1381\" src=\"http:\/\/telleymenuiserie.ch\/wordpress\/wp-content\/uploads\/2014\/12\/Boiserie-en-ch\u00eane-massif-cir\u00e9e-et-c\u00e9rus\u00e9e-\u00e0-l\u2019ancienne-19-150x150.jpg\" alt=\"Boiserie en ch\u00eane massif, cir\u00e9e et c\u00e9rus\u00e9e \u00e0 l\u2019ancienne  (19)\" width=\"150\" height=\"150\" \/><\/a> <a href=\"http:\/\/telleymenuiserie.ch\/wordpress\/wp-content\/uploads\/2014\/12\/Boiserie-en-ch\u00eane-massif-cir\u00e9e-et-c\u00e9rus\u00e9e-\u00e0-l\u2019ancienne-18.jpg\"><img loading=\"lazy\" decoding=\"async\" class=\"alignleft size-thumbnail wp-image-1380\" src=\"http:\/\/telleymenuiserie.ch\/wordpress\/wp-content\/uploads\/2014\/12\/Boiserie-en-ch\u00eane-massif-cir\u00e9e-et-c\u00e9rus\u00e9e-\u00e0-l\u2019ancienne-18-150x150.jpg\" alt=\"Boiserie en ch\u00eane massif, cir\u00e9e et c\u00e9rus\u00e9e \u00e0 l\u2019ancienne  (18)\" width=\"150\" height=\"150\" \/><\/a> <a href=\"http:\/\/telleymenuiserie.ch\/wordpress\/wp-content\/uploads\/2014\/12\/Boiserie-en-ch\u00eane-massif-cir\u00e9e-et-c\u00e9rus\u00e9e-\u00e0-l\u2019ancienne-17.jpg\"><img loading=\"lazy\" decoding=\"async\" class=\"alignleft size-thumbnail wp-image-1379\" src=\"http:\/\/telleymenuiserie.ch\/wordpress\/wp-content\/uploads\/2014\/12\/Boiserie-en-ch\u00eane-massif-cir\u00e9e-et-c\u00e9rus\u00e9e-\u00e0-l\u2019ancienne-17-150x150.jpg\" alt=\"Boiserie en ch\u00eane massif, cir\u00e9e et c\u00e9rus\u00e9e \u00e0 l\u2019ancienne  (17)\" width=\"150\" height=\"150\" \/><\/a> <a href=\"http:\/\/telleymenuiserie.ch\/wordpress\/wp-content\/uploads\/2014\/12\/Boiserie-en-ch\u00eane-massif-cir\u00e9e-et-c\u00e9rus\u00e9e-\u00e0-l\u2019ancienne-16.jpg\"><img loading=\"lazy\" decoding=\"async\" class=\"alignleft size-thumbnail wp-image-1378\" src=\"http:\/\/telleymenuiserie.ch\/wordpress\/wp-content\/uploads\/2014\/12\/Boiserie-en-ch\u00eane-massif-cir\u00e9e-et-c\u00e9rus\u00e9e-\u00e0-l\u2019ancienne-16-150x150.jpg\" alt=\"Boiserie en ch\u00eane massif, cir\u00e9e et c\u00e9rus\u00e9e \u00e0 l\u2019ancienne  (16)\" width=\"150\" height=\"150\" \/><\/a> <a href=\"http:\/\/telleymenuiserie.ch\/wordpress\/wp-content\/uploads\/2014\/12\/Boiserie-en-ch\u00eane-massif-cir\u00e9e-et-c\u00e9rus\u00e9e-\u00e0-l\u2019ancienne-15.jpg\"><img loading=\"lazy\" decoding=\"async\" class=\"alignleft size-thumbnail wp-image-1377\" src=\"http:\/\/telleymenuiserie.ch\/wordpress\/wp-content\/uploads\/2014\/12\/Boiserie-en-ch\u00eane-massif-cir\u00e9e-et-c\u00e9rus\u00e9e-\u00e0-l\u2019ancienne-15-150x150.jpg\" alt=\"Boiserie en ch\u00eane massif, cir\u00e9e et c\u00e9rus\u00e9e \u00e0 l\u2019ancienne  (15)\" width=\"150\" height=\"150\" \/><\/a> <a href=\"http:\/\/telleymenuiserie.ch\/wordpress\/wp-content\/uploads\/2014\/12\/Boiserie-en-ch\u00eane-massif-cir\u00e9e-et-c\u00e9rus\u00e9e-\u00e0-l\u2019ancienne-14.jpg\"><img loading=\"lazy\" decoding=\"async\" class=\"alignleft size-thumbnail wp-image-1376\" src=\"http:\/\/telleymenuiserie.ch\/wordpress\/wp-content\/uploads\/2014\/12\/Boiserie-en-ch\u00eane-massif-cir\u00e9e-et-c\u00e9rus\u00e9e-\u00e0-l\u2019ancienne-14-150x150.jpg\" alt=\"Boiserie en ch\u00eane massif, cir\u00e9e et c\u00e9rus\u00e9e \u00e0 l\u2019ancienne  (14)\" width=\"150\" height=\"150\" \/><\/a> <a href=\"http:\/\/telleymenuiserie.ch\/wordpress\/wp-content\/uploads\/2014\/12\/Boiserie-en-ch\u00eane-massif-cir\u00e9e-et-c\u00e9rus\u00e9e-\u00e0-l\u2019ancienne-13.jpg\"><img loading=\"lazy\" decoding=\"async\" class=\"alignleft size-thumbnail wp-image-1375\" src=\"http:\/\/telleymenuiserie.ch\/wordpress\/wp-content\/uploads\/2014\/12\/Boiserie-en-ch\u00eane-massif-cir\u00e9e-et-c\u00e9rus\u00e9e-\u00e0-l\u2019ancienne-13-150x150.jpg\" alt=\"Boiserie en ch\u00eane massif, cir\u00e9e et c\u00e9rus\u00e9e \u00e0 l\u2019ancienne  (13)\" width=\"150\" height=\"150\" \/><\/a> <a href=\"http:\/\/telleymenuiserie.ch\/wordpress\/wp-content\/uploads\/2014\/12\/Boiserie-en-ch\u00eane-massif-cir\u00e9e-et-c\u00e9rus\u00e9e-\u00e0-l\u2019ancienne-12.jpg\"><img loading=\"lazy\" decoding=\"async\" class=\"alignleft size-thumbnail wp-image-1374\" src=\"http:\/\/telleymenuiserie.ch\/wordpress\/wp-content\/uploads\/2014\/12\/Boiserie-en-ch\u00eane-massif-cir\u00e9e-et-c\u00e9rus\u00e9e-\u00e0-l\u2019ancienne-12-150x150.jpg\" alt=\"Boiserie en ch\u00eane massif, cir\u00e9e et c\u00e9rus\u00e9e \u00e0 l\u2019ancienne  (12)\" width=\"150\" height=\"150\" \/><\/a> <a href=\"http:\/\/telleymenuiserie.ch\/wordpress\/wp-content\/uploads\/2014\/12\/Boiserie-en-ch\u00eane-massif-cir\u00e9e-et-c\u00e9rus\u00e9e-\u00e0-l\u2019ancienne-11.jpg\"><img loading=\"lazy\" decoding=\"async\" class=\"alignleft size-thumbnail wp-image-1373\" src=\"http:\/\/telleymenuiserie.ch\/wordpress\/wp-content\/uploads\/2014\/12\/Boiserie-en-ch\u00eane-massif-cir\u00e9e-et-c\u00e9rus\u00e9e-\u00e0-l\u2019ancienne-11-150x150.jpg\" alt=\"Boiserie en ch\u00eane massif, cir\u00e9e et c\u00e9rus\u00e9e \u00e0 l\u2019ancienne  (11)\" width=\"150\" height=\"150\" \/><\/a> <a href=\"http:\/\/telleymenuiserie.ch\/wordpress\/wp-content\/uploads\/2014\/12\/Boiserie-en-ch\u00eane-massif-cir\u00e9e-et-c\u00e9rus\u00e9e-\u00e0-l\u2019ancienne-10.jpg\"><img loading=\"lazy\" decoding=\"async\" class=\"alignleft size-thumbnail wp-image-1372\" src=\"http:\/\/telleymenuiserie.ch\/wordpress\/wp-content\/uploads\/2014\/12\/Boiserie-en-ch\u00eane-massif-cir\u00e9e-et-c\u00e9rus\u00e9e-\u00e0-l\u2019ancienne-10-150x150.jpg\" alt=\"Boiserie en ch\u00eane massif, cir\u00e9e et c\u00e9rus\u00e9e \u00e0 l\u2019ancienne  (10)\" width=\"150\" height=\"150\" \/><\/a> <a href=\"http:\/\/telleymenuiserie.ch\/wordpress\/wp-content\/uploads\/2014\/12\/Boiserie-en-ch\u00eane-massif-cir\u00e9e-et-c\u00e9rus\u00e9e-\u00e0-l\u2019ancienne-9.jpg\"><img loading=\"lazy\" decoding=\"async\" class=\"alignleft size-thumbnail wp-image-1371\" src=\"http:\/\/telleymenuiserie.ch\/wordpress\/wp-content\/uploads\/2014\/12\/Boiserie-en-ch\u00eane-massif-cir\u00e9e-et-c\u00e9rus\u00e9e-\u00e0-l\u2019ancienne-9-150x150.jpg\" alt=\"Boiserie en ch\u00eane massif, cir\u00e9e et c\u00e9rus\u00e9e \u00e0 l\u2019ancienne  (9)\" width=\"150\" height=\"150\" \/><\/a> <a href=\"http:\/\/telleymenuiserie.ch\/wordpress\/wp-content\/uploads\/2014\/12\/Boiserie-en-ch\u00eane-massif-cir\u00e9e-et-c\u00e9rus\u00e9e-\u00e0-l\u2019ancienne-8.jpg\"><img loading=\"lazy\" decoding=\"async\" class=\"alignleft size-thumbnail wp-image-1370\" src=\"http:\/\/telleymenuiserie.ch\/wordpress\/wp-content\/uploads\/2014\/12\/Boiserie-en-ch\u00eane-massif-cir\u00e9e-et-c\u00e9rus\u00e9e-\u00e0-l\u2019ancienne-8-150x150.jpg\" alt=\"Boiserie en ch\u00eane massif, cir\u00e9e et c\u00e9rus\u00e9e \u00e0 l\u2019ancienne  (8)\" width=\"150\" height=\"150\" \/><\/a> <a href=\"http:\/\/telleymenuiserie.ch\/wordpress\/wp-content\/uploads\/2014\/12\/Boiserie-en-ch\u00eane-massif-cir\u00e9e-et-c\u00e9rus\u00e9e-\u00e0-l\u2019ancienne-7.jpg\"><img loading=\"lazy\" decoding=\"async\" class=\"alignleft size-thumbnail wp-image-1369\" src=\"http:\/\/telleymenuiserie.ch\/wordpress\/wp-content\/uploads\/2014\/12\/Boiserie-en-ch\u00eane-massif-cir\u00e9e-et-c\u00e9rus\u00e9e-\u00e0-l\u2019ancienne-7-150x150.jpg\" alt=\"Boiserie en ch\u00eane massif, cir\u00e9e et c\u00e9rus\u00e9e \u00e0 l\u2019ancienne  (7)\" width=\"150\" height=\"150\" \/><\/a> <a href=\"http:\/\/telleymenuiserie.ch\/wordpress\/wp-content\/uploads\/2014\/12\/Boiserie-en-ch\u00eane-massif-cir\u00e9e-et-c\u00e9rus\u00e9e-\u00e0-l\u2019ancienne-6.jpg\"><img loading=\"lazy\" decoding=\"async\" class=\"alignleft size-thumbnail wp-image-1368\" src=\"http:\/\/telleymenuiserie.ch\/wordpress\/wp-content\/uploads\/2014\/12\/Boiserie-en-ch\u00eane-massif-cir\u00e9e-et-c\u00e9rus\u00e9e-\u00e0-l\u2019ancienne-6-150x150.jpg\" alt=\"Boiserie en ch\u00eane massif, cir\u00e9e et c\u00e9rus\u00e9e \u00e0 l\u2019ancienne  (6)\" width=\"150\" height=\"150\" \/><\/a> <a href=\"http:\/\/telleymenuiserie.ch\/wordpress\/wp-content\/uploads\/2014\/12\/Boiserie-en-ch\u00eane-massif-cir\u00e9e-et-c\u00e9rus\u00e9e-\u00e0-l\u2019ancienne-5.jpg\"><img loading=\"lazy\" decoding=\"async\" class=\"alignleft size-thumbnail wp-image-1367\" src=\"http:\/\/telleymenuiserie.ch\/wordpress\/wp-content\/uploads\/2014\/12\/Boiserie-en-ch\u00eane-massif-cir\u00e9e-et-c\u00e9rus\u00e9e-\u00e0-l\u2019ancienne-5-150x150.jpg\" alt=\"Boiserie en ch\u00eane massif, cir\u00e9e et c\u00e9rus\u00e9e \u00e0 l\u2019ancienne  (5)\" width=\"150\" height=\"150\" \/><\/a> <a href=\"http:\/\/telleymenuiserie.ch\/wordpress\/wp-content\/uploads\/2014\/12\/Boiserie-en-ch\u00eane-massif-cir\u00e9e-et-c\u00e9rus\u00e9e-\u00e0-l\u2019ancienne-4.jpg\"><img loading=\"lazy\" decoding=\"async\" class=\"alignleft size-thumbnail wp-image-1366\" src=\"http:\/\/telleymenuiserie.ch\/wordpress\/wp-content\/uploads\/2014\/12\/Boiserie-en-ch\u00eane-massif-cir\u00e9e-et-c\u00e9rus\u00e9e-\u00e0-l\u2019ancienne-4-150x150.jpg\" alt=\"Boiserie en ch\u00eane massif, cir\u00e9e et c\u00e9rus\u00e9e \u00e0 l\u2019ancienne  (4)\" width=\"150\" height=\"150\" \/><\/a> <a href=\"http:\/\/telleymenuiserie.ch\/wordpress\/wp-content\/uploads\/2014\/12\/Boiserie-en-ch\u00eane-massif-cir\u00e9e-et-c\u00e9rus\u00e9e-\u00e0-l\u2019ancienne-3.jpg\"><img loading=\"lazy\" decoding=\"async\" class=\"alignleft size-thumbnail wp-image-1365\" src=\"http:\/\/telleymenuiserie.ch\/wordpress\/wp-content\/uploads\/2014\/12\/Boiserie-en-ch\u00eane-massif-cir\u00e9e-et-c\u00e9rus\u00e9e-\u00e0-l\u2019ancienne-3-150x150.jpg\" alt=\"Boiserie en ch\u00eane massif, cir\u00e9e et c\u00e9rus\u00e9e \u00e0 l\u2019ancienne  (3)\" width=\"150\" height=\"150\" \/><\/a> <a href=\"http:\/\/telleymenuiserie.ch\/wordpress\/wp-content\/uploads\/2014\/12\/Boiserie-en-ch\u00eane-massif-cir\u00e9e-et-c\u00e9rus\u00e9e-\u00e0-l\u2019ancienne-2.jpg\"><img loading=\"lazy\" decoding=\"async\" class=\"alignleft size-thumbnail wp-image-1364\" src=\"http:\/\/telleymenuiserie.ch\/wordpress\/wp-content\/uploads\/2014\/12\/Boiserie-en-ch\u00eane-massif-cir\u00e9e-et-c\u00e9rus\u00e9e-\u00e0-l\u2019ancienne-2-150x150.jpg\" alt=\"Boiserie en ch\u00eane massif, cir\u00e9e et c\u00e9rus\u00e9e \u00e0 l\u2019ancienne  (2)\" width=\"150\" height=\"150\" \/><\/a> <a href=\"http:\/\/telleymenuiserie.ch\/wordpress\/wp-content\/uploads\/2014\/12\/Boiserie-en-ch\u00eane-massif-cir\u00e9e-et-c\u00e9rus\u00e9e-\u00e0-l\u2019ancienne-1.jpg\"><img loading=\"lazy\" decoding=\"async\" class=\"alignleft size-thumbnail wp-image-1363\" src=\"http:\/\/telleymenuiserie.ch\/wordpress\/wp-content\/uploads\/2014\/12\/Boiserie-en-ch\u00eane-massif-cir\u00e9e-et-c\u00e9rus\u00e9e-\u00e0-l\u2019ancienne-1-150x150.jpg\" alt=\"Boiserie en ch\u00eane massif, cir\u00e9e et c\u00e9rus\u00e9e \u00e0 l\u2019ancienne  (1)\" width=\"150\" height=\"150\" \/><\/a><\/p>\n","protected":false},"excerpt":{"rendered":"","protected":false},"author":1,"featured_media":0,"parent":0,"menu_order":0,"comment_status":"closed","ping_status":"closed","template":"","meta":{"_monsterinsights_skip_tracking":false,"_monsterinsights_sitenote_active":false,"_monsterinsights_sitenote_note":"","_monsterinsights_sitenote_category":0,"footnotes":""},"class_list":["post-454","page","type-page","status-publish","hentry"],"_links":{"self":[{"href":"https:\/\/telleymenuiserie.ch\/wordpress\/wp-json\/wp\/v2\/pages\/454","targetHints":{"allow":["GET"]}}],"collection":[{"href":"https:\/\/telleymenuiserie.ch\/wordpress\/wp-json\/wp\/v2\/pages"}],"about":[{"href":"https:\/\/telleymenuiserie.ch\/wordpress\/wp-json\/wp\/v2\/types\/page"}],"author":[{"embeddable":true,"href":"https:\/\/telleymenuiserie.ch\/wordpress\/wp-json\/wp\/v2\/users\/1"}],"replies":[{"embeddable":true,"href":"https:\/\/telleymenuiserie.ch\/wordpress\/wp-json\/wp\/v2\/comments?post=454"}],"version-history":[{"count":2,"href":"https:\/\/telleymenuiserie.ch\/wordpress\/wp-json\/wp\/v2\/pages\/454\/revisions"}],"predecessor-version":[{"id":2171,"href":"https:\/\/telleymenuiserie.ch\/wordpress\/wp-json\/wp\/v2\/pages\/454\/revisions\/2171"}],"wp:attachment":[{"href":"https:\/\/telleymenuiserie.ch\/wordpress\/wp-json\/wp\/v2\/media?parent=454"}],"curies":[{"name":"wp","href":"https:\/\/api.w.org\/{rel}","templated":true}]}}