{"id":67,"date":"2014-12-26T17:05:22","date_gmt":"2014-12-26T15:05:22","guid":{"rendered":"http:\/\/telleymenuiserie.ch\/wordpress\/?page_id=67"},"modified":"2014-12-30T23:45:21","modified_gmt":"2014-12-30T22:45:21","slug":"portes-2","status":"publish","type":"page","link":"https:\/\/telleymenuiserie.ch\/wordpress\/portes-2\/","title":{"rendered":"Portes"},"content":{"rendered":"<p style=\"text-align: left;\">Nous vous proposons diff\u00e9rents types de portes et restons \u00e0 votre disposition pour toute information compl\u00e9mentaire. N\u2019h\u00e9sitez pas \u00e0 consulter notre galerie ci-dessous. Nous nous ferons un plaisir de vous renseigner.<\/p>\n<hr \/>\n<p>Cliquez sur les photos ci-dessous pour en voir d\u2019avantage.<\/p>\n<figure id=\"attachment_625\" aria-describedby=\"caption-attachment-625\" style=\"width: 150px\" class=\"wp-caption alignleft\"><a href=\"http:\/\/telleymenuiserie.ch\/?page_id=193\"><img loading=\"lazy\" decoding=\"async\" class=\"wp-image-625 size-thumbnail\" src=\"http:\/\/telleymenuiserie.ch\/wordpress\/wp-content\/uploads\/2014\/12\/PORTE-ENTREE-EN-CHENE-SUR-MESURE-TELLEY-82-150x150.jpg\" alt=\"PORTE ENTREE EN CHENE SUR MESURE TELLEY  (82)\" width=\"150\" height=\"150\" \/><\/a><figcaption id=\"caption-attachment-625\" class=\"wp-caption-text\">Portes d&rsquo;entr\u00e9e<\/figcaption><\/figure>\n<figure id=\"attachment_1041\" aria-describedby=\"caption-attachment-1041\" style=\"width: 150px\" class=\"wp-caption alignleft\"><a href=\"http:\/\/telleymenuiserie.ch\/?page_id=286\"><img loading=\"lazy\" decoding=\"async\" class=\"wp-image-1041 size-thumbnail\" src=\"http:\/\/telleymenuiserie.ch\/wordpress\/wp-content\/uploads\/2014\/12\/PORTE-PALLIERE-EI30-COUPE-FEU-SUR-MESURE-TELLEY-37-150x150.jpg\" alt=\"PORTE PALLIERE EI30 COUPE FEU SUR MESURE TELLEY  (37)\" width=\"150\" height=\"150\" \/><\/a><figcaption id=\"caption-attachment-1041\" class=\"wp-caption-text\">Portes pali\u00e8re (Ei:30)<\/figcaption><\/figure>\n<figure id=\"attachment_915\" aria-describedby=\"caption-attachment-915\" style=\"width: 150px\" class=\"wp-caption alignleft\"><a href=\"http:\/\/telleymenuiserie.ch\/?page_id=398\"><img loading=\"lazy\" decoding=\"async\" class=\"wp-image-915 size-thumbnail\" src=\"http:\/\/telleymenuiserie.ch\/wordpress\/wp-content\/uploads\/2014\/12\/Porte-int\u00e9rieure-de-communication-MDF-MASSIF-CHENE-SAPIN-sur-mesure-Moulur\u00e9e-Vit\u00e9e-plaqu\u00e9e-TELLEY-188-150x150.jpg\" alt=\"Porte-int\u00e9rieure-de-communication-MDF-MASSIF-CHENE-SAPIN-sur-mesure-Moulur\u00e9e-Vit\u00e9e-plaqu\u00e9e-TELLEY-188\" width=\"150\" height=\"150\" \/><\/a><figcaption id=\"caption-attachment-915\" class=\"wp-caption-text\">Portes int\u00e9rieur<\/figcaption><\/figure>\n<figure id=\"attachment_992\" aria-describedby=\"caption-attachment-992\" style=\"width: 150px\" class=\"wp-caption alignleft\"><a href=\"http:\/\/telleymenuiserie.ch\/?page_id=402\"><img loading=\"lazy\" decoding=\"async\" class=\"wp-image-992 size-thumbnail\" src=\"http:\/\/telleymenuiserie.ch\/wordpress\/wp-content\/uploads\/2014\/12\/Porte-coulissante-Vitre-MDR-MASSIF-CHENE-sur-mesure-TELLEY-18-150x150.jpg\" alt=\"Porte coulissante Vitre MDR MASSIF CHENE sur mesure TELLEY  (18)\" width=\"150\" height=\"150\" \/><\/a><figcaption id=\"caption-attachment-992\" class=\"wp-caption-text\">Portes coulissantes<\/figcaption><\/figure>\n<figure id=\"attachment_658\" aria-describedby=\"caption-attachment-658\" style=\"width: 150px\" class=\"wp-caption alignleft\"><a href=\"http:\/\/telleymenuiserie.ch\/?page_id=406\"><img loading=\"lazy\" decoding=\"async\" class=\"wp-image-658 size-thumbnail\" src=\"http:\/\/telleymenuiserie.ch\/wordpress\/wp-content\/uploads\/2014\/12\/PORTE-FENETRE-EN-CHENE-SUR-MESURE-TELLEY-32-150x150.jpg\" alt=\"PORTE-FENETRE-EN-CHENE-SUR-MESURE-TELLEY-32\" width=\"150\" height=\"150\" \/><\/a><figcaption id=\"caption-attachment-658\" class=\"wp-caption-text\">Portes-fen\u00eatres<\/figcaption><\/figure>\n<figure id=\"attachment_662\" aria-describedby=\"caption-attachment-662\" style=\"width: 150px\" class=\"wp-caption alignleft\"><a href=\"http:\/\/telleymenuiserie.ch\/?page_id=410\"><img loading=\"lazy\" decoding=\"async\" class=\"wp-image-662 size-thumbnail\" src=\"http:\/\/telleymenuiserie.ch\/wordpress\/wp-content\/uploads\/2014\/12\/Porte-Fen\u00eatre-coulissante-en-ch\u00eane-sur-mesure-TELLEY-1-150x150.jpg\" alt=\"Porte Fen\u00eatre coulissante en ch\u00eane sur mesure TELLEY  (1)\" width=\"150\" height=\"150\" \/><\/a><figcaption id=\"caption-attachment-662\" class=\"wp-caption-text\">Portes-fen\u00eatres coulissantes<\/figcaption><\/figure>\n<figure id=\"attachment_520\" aria-describedby=\"caption-attachment-520\" style=\"width: 150px\" class=\"wp-caption alignleft\"><a href=\"http:\/\/telleymenuiserie.ch\/?page_id=414\"><img loading=\"lazy\" decoding=\"async\" class=\"wp-image-520 size-thumbnail\" src=\"http:\/\/telleymenuiserie.ch\/wordpress\/wp-content\/uploads\/2014\/12\/Porte-COUPE-FEU-EI30-Sur-Mesure-TELLEY-24-150x150.jpg\" alt=\"Porte-COUPE-FEU-EI30-Sur-Mesure-TELLEY-23.jpg\" width=\"150\" height=\"150\" \/><\/a><figcaption id=\"caption-attachment-520\" class=\"wp-caption-text\">Portes coupe feu Ei:30<\/figcaption><\/figure>\n<figure id=\"attachment_725\" aria-describedby=\"caption-attachment-725\" style=\"width: 150px\" class=\"wp-caption alignleft\"><a href=\"http:\/\/telleymenuiserie.ch\/?page_id=418\"><img loading=\"lazy\" decoding=\"async\" class=\"wp-image-725 size-thumbnail\" src=\"http:\/\/telleymenuiserie.ch\/wordpress\/wp-content\/uploads\/2014\/12\/Porte-Vitr\u00e9e-Croissillons-CHENE-MASSIF-sur-mesure-TELLEY-54-150x150.jpg\" alt=\"Porte Vitr\u00e9e Croissillons CHENE MASSIF sur mesure   TELLEY  (54)\" width=\"150\" height=\"150\" \/><\/a><figcaption id=\"caption-attachment-725\" class=\"wp-caption-text\">Portes vitr\u00e9es \/ en verre<\/figcaption><\/figure>\n<figure id=\"attachment_682\" aria-describedby=\"caption-attachment-682\" style=\"width: 150px\" class=\"wp-caption alignleft\"><a href=\"http:\/\/telleymenuiserie.ch\/?page_id=423\"><img loading=\"lazy\" decoding=\"async\" class=\"wp-image-682 size-thumbnail\" src=\"http:\/\/telleymenuiserie.ch\/wordpress\/wp-content\/uploads\/2014\/12\/Porte-Vitr\u00e9e-Croissillons-CHENE-MASSIF-sur-mesure-TELLEY-11-150x150.jpg\" alt=\"Porte Vitr\u00e9e Croissillons CHENE MASSIF sur mesure   TELLEY  (11)\" width=\"150\" height=\"150\" \/><\/a><figcaption id=\"caption-attachment-682\" class=\"wp-caption-text\">Portes vout\u00e9es<\/figcaption><\/figure>\n<p>&nbsp;<\/p>\n<p>&nbsp;<\/p>\n<p>&nbsp;<\/p>\n<p>&nbsp;<\/p>\n<p>&nbsp;<\/p>\n<p>&nbsp;<\/p>\n<p>&nbsp;<\/p>\n<p>&nbsp;<\/p>\n<p>&nbsp;<\/p>\n<p>&nbsp;<\/p>\n<p>&nbsp;<\/p>\n<p>&nbsp;<\/p>\n<p>&nbsp;<\/p>\n<p>&nbsp;<\/p>\n<p>&nbsp;<\/p>\n<p>&nbsp;<\/p>\n<p>&nbsp;<\/p>\n<p>&nbsp;<\/p>\n<p>&nbsp;<\/p>\n<p>&nbsp;<\/p>\n<p>&nbsp;<\/p>\n<p>&nbsp;<\/p>\n<hr \/>\n","protected":false},"excerpt":{"rendered":"<p>Nous vous proposons diff\u00e9rents types de portes et restons \u00e0 votre disposition pour toute information compl\u00e9mentaire. N\u2019h\u00e9sitez pas \u00e0 consulter notre galerie ci-dessous. Nous nous<span class=\"more-button\"><a href=\"https:\/\/telleymenuiserie.ch\/wordpress\/portes-2\/\" class=\"more-link\">Continue reading<span class=\"screen-reader-text\">Portes<\/span><\/a><\/span><\/p>\n","protected":false},"author":1,"featured_media":0,"parent":0,"menu_order":0,"comment_status":"closed","ping_status":"closed","template":"","meta":{"_monsterinsights_skip_tracking":false,"_monsterinsights_sitenote_active":false,"_monsterinsights_sitenote_note":"","_monsterinsights_sitenote_category":0,"footnotes":""},"class_list":["post-67","page","type-page","status-publish","hentry"],"_links":{"self":[{"href":"https:\/\/telleymenuiserie.ch\/wordpress\/wp-json\/wp\/v2\/pages\/67","targetHints":{"allow":["GET"]}}],"collection":[{"href":"https:\/\/telleymenuiserie.ch\/wordpress\/wp-json\/wp\/v2\/pages"}],"about":[{"href":"https:\/\/telleymenuiserie.ch\/wordpress\/wp-json\/wp\/v2\/types\/page"}],"author":[{"embeddable":true,"href":"https:\/\/telleymenuiserie.ch\/wordpress\/wp-json\/wp\/v2\/users\/1"}],"replies":[{"embeddable":true,"href":"https:\/\/telleymenuiserie.ch\/wordpress\/wp-json\/wp\/v2\/comments?post=67"}],"version-history":[{"count":43,"href":"https:\/\/telleymenuiserie.ch\/wordpress\/wp-json\/wp\/v2\/pages\/67\/revisions"}],"predecessor-version":[{"id":2607,"href":"https:\/\/telleymenuiserie.ch\/wordpress\/wp-json\/wp\/v2\/pages\/67\/revisions\/2607"}],"wp:attachment":[{"href":"https:\/\/telleymenuiserie.ch\/wordpress\/wp-json\/wp\/v2\/media?parent=67"}],"curies":[{"name":"wp","href":"https:\/\/api.w.org\/{rel}","templated":true}]}}